  {"id":828,"date":"2021-02-19T13:42:30","date_gmt":"2021-02-19T18:42:30","guid":{"rendered":"https:\/\/www.yorku.ca\/abr\/framework-2\/objectives\/"},"modified":"2021-02-23T14:29:05","modified_gmt":"2021-02-23T19:29:05","slug":"objectives","status":"publish","type":"page","link":"https:\/\/www.yorku.ca\/abr\/framework\/objectives\/?lang=fr","title":{"rendered":"Objectifs"},"content":{"rendered":"\n<div class=\"wp-block-group text-right\"><div class=\"wp-block-group__inner-container is-layout-flow wp-block-group-is-layout-flow\">\n<div role=\"navigation\" aria-label=\"Language Switcher\" class=\"wpml-ls-statics-shortcode_actions wpml-ls wpml-ls-legacy-list-horizontal\">\n\t<ul><li class=\"wpml-ls-slot-shortcode_actions wpml-ls-item wpml-ls-item-fr wpml-ls-first-item wpml-ls-last-item wpml-ls-item-legacy-list-horizontal\">\n\t\t\t\t<a href=\"https:\/\/www.yorku.ca\/abr\/?lang=fr\" hreflang=\"fr\" lang=\"fr\" class=\"wpml-ls-link\" aria-label=\"Switch to Fran\u00e7ais\" title=\"Switch to Fran\u00e7ais\">\n\t\t\t\t\t<span class=\"wpml-ls-native\">Fran\u00e7ais<\/span><\/a>\n\t\t\t<\/li><\/ul>\n<\/div>\n\n<\/div><\/div>\n\n\n\n<p>Dans l\u2019espoir d\u2019\u00e9tablir des relations respectueuses et inclusives avec les membres noirs du corps professoral, du corps enseignant, du personnel et du corps \u00e9tudiants et pour transformer ses propres modes de connaissances et de fonctionnement, l\u2019Universit\u00e9 York s\u2019engage \u00e0 atteindre les objectifs prioritaires expos\u00e9s ci-dessous. Chacun de ces objectifs est important pour aborder le racisme anti-Noirs dans une perspective holistique. Un plan d\u2019action suivra le pr\u00e9sent cadre pour garantir que l\u2019approche de l\u2019Universit\u00e9 pour lutter contre le racisme anti-Noirs ne sera pas fragmentaire ou sporadique, ou n\u2019interviendra pas qu\u2019en temps de crise. L\u2019approche de York sera holistique et sa m\u00e9thodologie sera globale \u2014 en gardant \u00e0 l\u2019esprit la n\u00e9cessit\u00e9 de faire \u00e9voluer la culture dans tous les domaines et \u00e0 tous les niveaux de l\u2019Universit\u00e9.<\/p>\n\n\n\n<div style=\"height:20px\" aria-hidden=\"true\" class=\"wp-block-spacer\"><\/div>\n\n\n<style>.kt-accordion-id_adaeba-48 .kt-accordion-inner-wrap{column-gap:var(--global-kb-gap-md, 2rem);row-gap:8px;}.kt-accordion-id_adaeba-48 .kt-accordion-panel-inner{padding-top:var(--global-kb-spacing-sm, 1.5rem);padding-right:var(--global-kb-spacing-sm, 1.5rem);padding-bottom:var(--global-kb-spacing-sm, 1.5rem);padding-left:var(--global-kb-spacing-sm, 1.5rem);}.kt-accordion-id_adaeba-48 > .kt-accordion-inner-wrap > .wp-block-kadence-pane > .kt-accordion-header-wrap > .kt-blocks-accordion-header{padding-top:var(--global-kb-spacing-xxs, 0.5rem);padding-right:var(--global-kb-spacing-xs, 1rem);padding-bottom:var(--global-kb-spacing-xxs, 0.5rem);padding-left:var(--global-kb-spacing-xs, 1rem);}@media all and (max-width: 767px){.kt-accordion-id_adaeba-48 .kt-accordion-inner-wrap{display:block;}.kt-accordion-id_adaeba-48 .kt-accordion-inner-wrap .kt-accordion-pane:not(:first-child){margin-top:8px;}}<\/style>\n<div class=\"wp-block-kadence-accordion alignnone\"><div class=\"kt-accordion-wrap kt-accordion-wrap kt-accordion-id_adaeba-48 kt-accordion-has-12-panes kt-active-pane-0 kt-accordion-block kt-pane-header-alignment-left kt-accodion-icon-style-arrow kt-accodion-icon-side-right\" style=\"max-width:none\"><div class=\"kt-accordion-inner-wrap\" data-allow-multiple-open=\"false\" data-start-open=\"none\">\n<div class=\"wp-block-kadence-pane kt-accordion-pane kt-accordion-pane-12 kt-pane_72e0f9-7e\"><div class=\"kt-accordion-header-wrap\"><button class=\"kt-blocks-accordion-header kt-acccordion-button-label-show\"><span class=\"kt-blocks-accordion-title-wrap\"><span class=\"kt-blocks-accordion-title\">REPR\u00c9SENTATION<\/span><\/span><span class=\"kt-blocks-accordion-icon-trigger\"><\/span><\/button><\/div><div class=\"kt-accordion-panel kt-accordion-panel-hidden\"><div class=\"kt-accordion-panel-inner\">\n<div class=\"wp-block-group\"><div class=\"wp-block-group__inner-container is-layout-flow wp-block-group-is-layout-flow\">\n<p><i class=\"fas fa-chevron-right\"><\/i> <em><strong>Veiller \u00e0 ce que la communaut\u00e9 noire, dans toute sa diversit\u00e9, soit repr\u00e9sent\u00e9e dans toutes les sph\u00e8res de l\u2019Universit\u00e9 \u2014 conseil d\u2019administration, haute direction, personnel d\u2019encadrement, professeurs titulaires, enseignants, corps \u00e9tudiant du premier cycle et du cycle sup\u00e9rieur, dipl\u00f4m\u00e9s.<\/strong><\/em><\/p>\n<\/div><\/div>\n\n\n\n<div class=\"wp-block-group\"><div class=\"wp-block-group__inner-container is-layout-flow wp-block-group-is-layout-flow\">\n<p><i class=\"fas fa-chevron-right\"><\/i> <strong><em>Examiner les pratiques de l\u2019Universit\u00e9 en mati\u00e8re de recrutement et d\u2019admission, d\u2019embauche, de fid\u00e9lisation et de promotion, dans une perspective de lutte contre le racisme anti-Noirs, d\u2019\u00e9quit\u00e9 et d\u2019inclusion afin de supprimer les obstacles \u00e0 l\u2019acc\u00e8s et \u00e0 l\u2019inclusion.<\/em><\/strong><\/p>\n\n\n\n<p>L\u2019Universit\u00e9 s\u2019engage \u00e0 augmenter le nombre de membres noirs du corps professoral et du personnel dans toutes les facult\u00e9s et tous les d\u00e9partements et \u00e0 tous les niveaux de l\u2019Universit\u00e9, y compris au niveau de la haute direction. Cet engagement consiste notamment \u00e0 veiller \u00e0 la cr\u00e9ation de possibilit\u00e9s de promotion.<br><br>L\u2019Universit\u00e9 est \u00e9galement consciente de la n\u00e9cessit\u00e9 de lutter contre les obstacles rencontr\u00e9s par les personnes noires dans le cadre des pratiques d\u2019embauche et d\u2019admission de l\u2019Universit\u00e9, en reconnaissant notamment la charge \u00e9motionnelle suppl\u00e9mentaire souvent impos\u00e9e aux personnes sous-repr\u00e9sent\u00e9es. L\u2019Universit\u00e9 doit \u00e9galement s\u2019efforcer de fid\u00e9liser les membres du corps professoral, du corps enseignant, du corps \u00e9tudiant et du personnel une fois qu\u2019ils ont int\u00e9gr\u00e9 la communaut\u00e9 de York. Le mentorat est reconnu comme essentiel \u00e0 la r\u00e9ussite des membres noirs du corps professoral, du corps enseignant, du personnel et du corps \u00e9tudiant.<br><br>La repr\u00e9sentation est un point cl\u00e9 \u00e0 prendre en compte pour favoriser l\u2019inclusion \u00e0 l\u2019Universit\u00e9. Les membres noirs du corps professoral, du corps enseignant, du corps \u00e9tudiant et du personnel ont constamment affirm\u00e9 que l\u2019Universit\u00e9 doit mieux veiller \u00e0 ce que sa population repr\u00e9sente les communaut\u00e9s noires \u2014 notamment la diversit\u00e9 au sein de ces communaut\u00e9s, fond\u00e9e sur les intersections avec l\u2019identit\u00e9 sexuelle, l\u2019expression du genre, l\u2019ethnicit\u00e9, la langue, le handicap, les croyances, l\u2019orientation sexuelle, la situation familiale, et d\u2019autres aspects de l\u2019identit\u00e9.<\/p>\n<\/div><\/div>\n<\/div><\/div><\/div>\n\n\n\n<div class=\"wp-block-kadence-pane kt-accordion-pane kt-accordion-pane-4 kt-pane_baa0ea-55\"><div class=\"kt-accordion-header-wrap\"><button class=\"kt-blocks-accordion-header kt-acccordion-button-label-show\"><span class=\"kt-blocks-accordion-title-wrap\"><span class=\"kt-blocks-accordion-title\">S\u00c9CURIT\u00c9<\/span><\/span><span class=\"kt-blocks-accordion-icon-trigger\"><\/span><\/button><\/div><div class=\"kt-accordion-panel kt-accordion-panel-hidden\"><div class=\"kt-accordion-panel-inner\">\n<div class=\"wp-block-group\"><div class=\"wp-block-group__inner-container is-layout-flow wp-block-group-is-layout-flow\">\n<p><i class=\"fas fa-chevron-right\"><\/i> <em><strong>Cr\u00e9er un environnement dans lequel les personnes noires se sentent physiquement, psychologiquement et \u00e9motionnellement plus en s\u00e9curit\u00e9.<\/strong><\/em><\/p>\n<\/div><\/div>\n\n\n\n<div class=\"wp-block-group\"><div class=\"wp-block-group__inner-container is-layout-flow wp-block-group-is-layout-flow\">\n<p><i class=\"fas fa-chevron-right\"><\/i> <em><strong>Mettre en place de nouveaux m\u00e9canismes (offerts en fran\u00e7ais et en anglais) adapt\u00e9s aux r\u00e9alit\u00e9s culturelles pour les plaintes de discrimination et de harc\u00e8lement fond\u00e9s sur la race<\/strong><\/em>.<\/p>\n<\/div><\/div>\n\n\n\n<p>Les membres noirs du corps professoral, du corps enseignant, du corps \u00e9tudiant et du personnel ont indiqu\u00e9 qu\u2019ils ne se sentent pas en s\u00e9curit\u00e9 sur les campus. Ils ont v\u00e9cu des situations allant des microagressions au profilage racial. L\u2019Universit\u00e9 doit prendre en compte le respect, la dignit\u00e9 et la s\u00e9curit\u00e9 des personnes noires, y compris des visiteurs sur nos campus, lorsqu\u2019elle \u00e9tablit et promulgue des politiques, des proc\u00e9dures et des programmes de s\u00e9curit\u00e9 communautaire. En outre, les membres noirs du corps professoral, du corps enseignant, du corps \u00e9tudiant et du personnel doivent disposer d\u2019espaces physiques s\u00fbrs, dans lesquels leurs savoirs et leurs exp\u00e9riences sont compris et consid\u00e9r\u00e9s comme centraux. <br><br>Les membres noirs du corps professoral, du corps enseignant, du corps \u00e9tudiant et du personnel ont indiqu\u00e9 que l\u2019Universit\u00e9 doit faire davantage pour diffuser un message clair et cr\u00e9er un environnement dans lequel le racisme anti-Noirs n\u2019est pas tol\u00e9r\u00e9 et o\u00f9 les incidents de racisme anti-Noirs sont r\u00e9solus rapidement et efficacement.<\/p>\n<\/div><\/div><\/div>\n\n\n\n<div class=\"wp-block-kadence-pane kt-accordion-pane kt-accordion-pane-5 kt-pane_4dab03-e0\"><div class=\"kt-accordion-header-wrap\"><button class=\"kt-blocks-accordion-header kt-acccordion-button-label-show\"><span class=\"kt-blocks-accordion-title-wrap\"><span class=\"kt-blocks-accordion-title\">CR\u00c9ATION DE SAVOIRS<\/span><\/span><span class=\"kt-blocks-accordion-icon-trigger\"><\/span><\/button><\/div><div class=\"kt-accordion-panel kt-accordion-panel-hidden\"><div class=\"kt-accordion-panel-inner\">\n<div class=\"wp-block-group\"><div class=\"wp-block-group__inner-container is-layout-flow wp-block-group-is-layout-flow\">\n<p><i class=\"fas fa-chevron-right\"><\/i> <strong><em>Reconna\u00eetre le r\u00f4le de l\u2019Universit\u00e9 York dans la production de travaux de recherche et la diffusion d\u2019id\u00e9es qui ont renforc\u00e9 le racisme anti-Noirs.<\/em><\/strong><\/p>\n<\/div><\/div>\n\n\n\n<div class=\"wp-block-group\"><div class=\"wp-block-group__inner-container is-layout-flow wp-block-group-is-layout-flow\">\n<p><i class=\"fas fa-chevron-right\"><\/i> <em><strong>Veiller \u00e0 ce que le rayonnement universitaire des personnes noires soit repr\u00e9sent\u00e9, pour toutes les disciplines, dans les programmes d\u2019\u00e9tudes et de recherche, les sources d\u2019information et les collections.<\/strong><\/em><\/p>\n<\/div><\/div>\n\n\n\n<div class=\"wp-block-group\"><div class=\"wp-block-group__inner-container is-layout-flow wp-block-group-is-layout-flow\">\n<p><i class=\"fas fa-chevron-right\"><\/i> <strong><em>Veiller \u00e0 ce que l\u2019excellence des personnes noires en mati\u00e8re de recherche soit reconnue lors de l\u2019attribution de prix et de chaires de recherche.<\/em><\/strong><\/p>\n<\/div><\/div>\n\n\n\n<div class=\"wp-block-group\"><div class=\"wp-block-group__inner-container is-layout-flow wp-block-group-is-layout-flow\">\n<p><i class=\"fas fa-chevron-right\"><\/i> <strong><em>Appuyer des initiatives sp\u00e9cifiques, notamment celles qui renforcent les capacit\u00e9s et la recherche en mati\u00e8re de lutte contre le racisme anti-Noirs au sein des facult\u00e9s et des unit\u00e9s de recherche organis\u00e9es (ORE).<\/em><\/strong><\/p>\n<\/div><\/div>\n\n\n\n<div class=\"wp-block-group\"><div class=\"wp-block-group__inner-container is-layout-flow wp-block-group-is-layout-flow\">\n<p><i class=\"fas fa-chevron-right\"><\/i> <em><strong>Augmenter le financement de bourses d\u2019\u00e9tudes et d\u2019autres formes de soutien financier en faveur de la population \u00e9tudiante noire.<\/strong><\/em><\/p>\n<\/div><\/div>\n\n\n\n<p>L\u2019Universit\u00e9 s\u2019efforcera de reconna\u00eetre et d\u2019appuyer le rayonnement universitaire des personnes noires, notamment la diversit\u00e9 de leurs approches de recherche, en veillant \u00e0 ce que les savoirs produits par les universitaires noirs soient inclus dans les programmes d\u2019\u00e9tudes.<\/p>\n\n\n\nL\u2019invisibilit\u00e9 des travaux des universitaires noirs dans les programmes d\u2019\u00e9tudes et de recherche, les sources d\u2019information et les collections a contribu\u00e9 \u00e0 placer l\u2019identit\u00e9 blanche \u00e0 un niveau sup\u00e9rieur et \u00e0 d\u00e9nigrer les id\u00e9es et la pens\u00e9e noires. Comme l\u2019\u00e9crit la professeure Audrey Kobayashi, \u00ab En tant que d\u00e9nigrement, la blanchit\u00e9 est la forme dominante de racialisation \u00e0 l\u2019universit\u00e9. Elle d\u00e9nigre les travaux des universitaires de couleur non pas directement, mais en valorisant l\u2019eurocentrisme. \u00bb<sup>6<\/sup>\n<br><br>\nLes programmes d\u2019\u00e9tudes et de recherche, les sources d\u2019information et les collections de l\u2019Universit\u00e9 York doivent rendre compte des voix et des exp\u00e9riences des personnes noires. Comme le fait remarquer le professeur Carl James, \u00ab \u2026 il doit y avoir un programme d\u2019\u00e9tudes et des ressources qui s\u2019adressent \u00e0 chaque \u00e9tudiant pr\u00e9sent dans la classe. M\u00eame en math\u00e9matiques ou en sciences, une \u00e9cole inclusive aurait un programme dans lequel chaque \u00e9l\u00e8ve peut voir se refl\u00e9ter quelque chose de lui-m\u00eame ou de ses exp\u00e9riences. \u00bb<sup>7<\/sup>\n<br><br>\nLes travaux des universitaires noirs enrichissent l\u2019enseignement, la recherche, l\u2019innovation, les sources d\u2019information, les collections et l\u2019environnement global d\u2019apprentissage de nos \u00e9tudiants. Les travaux des universitaires noirs doivent \u00eatre pris en compte et pr\u00e9sent\u00e9s dans les programmes d\u2019\u00e9tudes, les programmes de recherche, les sources d\u2019information et les collections, et ce dans toutes les disciplines propos\u00e9es \u00e0 l\u2019Universit\u00e9 \u2014 des sciences humaines aux sciences et \u00e0 l\u2019ing\u00e9nierie. Les savoirs produits par les universitaires noirs renforceront l\u2019apprentissage de nos \u00e9tudiants et les pr\u00e9pareront mieux \u00e0 s\u2019\u00e9panouir dans une soci\u00e9t\u00e9 diversifi\u00e9e.\n<br><br>\nLes membres noirs du corps \u00e9tudiant et du corps professoral ont d\u00e9termin\u00e9 comment le racisme anti-Noirs a limit\u00e9 l\u2019acc\u00e8s des personnes noires aux ressources universitaires, notamment en mati\u00e8re de subventions, de bourses de recherche et de bourses d\u2019\u00e9tudes. Pour appuyer la production des savoirs par les personnes noires, et leur diffusion, il faut disposer de fonds suffisants pour promouvoir la recherche \u2014 en particulier pour les unit\u00e9s et programmes de recherche de l\u2019Universit\u00e9 consacr\u00e9s \u00e0 l\u2019\u00e9tude de l\u2019Afrique et de ses diasporas. Dans une perspective de p\u00e9rennit\u00e9, cela n\u00e9cessite de soutenir les chercheurs pour leurs demandes de subventions et de promouvoir le recrutement pour ces programmes. Il faut \u00e9galement r\u00e9duire les obstacles financiers rencontr\u00e9s par la population \u00e9tudiante noire.\n<\/div><\/div><\/div>\n\n\n\n<div class=\"wp-block-kadence-pane kt-accordion-pane kt-accordion-pane-6 kt-pane_162d43-a8\"><div class=\"kt-accordion-header-wrap\"><button class=\"kt-blocks-accordion-header kt-acccordion-button-label-show\"><span class=\"kt-blocks-accordion-title-wrap\"><span class=\"kt-blocks-accordion-title\">RESSOURCES DE SANT\u00c9 MENTALE<\/span><\/span><span class=\"kt-blocks-accordion-icon-trigger\"><\/span><\/button><\/div><div class=\"kt-accordion-panel kt-accordion-panel-hidden\"><div class=\"kt-accordion-panel-inner\">\n<div class=\"wp-block-group\"><div class=\"wp-block-group__inner-container is-layout-flow wp-block-group-is-layout-flow\">\n<p><i class=\"fas fa-chevron-right\"><\/i> <em><strong>Fournir des ressources bilingues et adapt\u00e9es aux r\u00e9alit\u00e9s culturelles pour faire face au d\u00e9sastre du racisme anti-Noirs, notamment en identifiant des ressources communautaires accessibles et ajust\u00e9es.<\/strong><\/em><\/p>\n<\/div><\/div>\n\n\n\nConsciente que le racisme anti-Noirs a des r\u00e9percussions significatives sur l\u2019\u00e9quilibre mental des personnes, l\u2019Universit\u00e9 veillera \u00e0 ce que des ressources adapt\u00e9es aux r\u00e9alit\u00e9s culturelles soient offertes pour appuyer la sant\u00e9 mentale et le bien-\u00eatre des membres noirs du corps professoral, du corps enseignant, du corps \u00e9tudiant et du personnel.\n<br><br>\nLes membres noirs du corps professoral, du corps enseignant, du corps \u00e9tudiant et du personnel ont r\u00e9guli\u00e8rement \u00e9voqu\u00e9 les pr\u00e9judices quotidiens subis \u00e0 l\u2019Universit\u00e9. Les membres noirs de la communaut\u00e9 de York vivent une d\u00e9tresse \u00e9motionnelle, psychologique, intellectuelle et spirituelle de niveau d\u00e9mesur\u00e9 lorsqu\u2019ils rencontrent des personnes et sont confront\u00e9s \u00e0 des id\u00e9es qui d\u00e9valorisent constamment leurs savoirs et leur existence. La Ville de Toronto fait ainsi remarquer que :\n<br><br>\nCe n\u2019est pas seulement le racisme manifeste qui nuit au bien-\u00eatre mental et physique des personnes noires. Le racisme anti-Noirs est polymorphe. Les Torontois noirs sont souvent l\u2019objet d\u2019une m\u00e9fiance et d\u2019une surveillance excessives au quotidien, sur leur lieu de travail, dans les \u00e9coles, dans les espaces publics ou lors de leurs interactions avec les institutions publiques. Les exp\u00e9riences couramment v\u00e9cues sont des microagressions, une difficult\u00e9 \u00e0 acc\u00e9der \u00e0 des soins et \u00e0 un soutien appropri\u00e9s, et m\u00eame une incr\u00e9dulit\u00e9 des prestataires de soins lorsque des personnes noires expriment leur d\u00e9tresse ou d\u00e9crivent leur traumatisme.<sup>8<\/sup>\n<\/div><\/div><\/div>\n\n\n\n<div class=\"wp-block-kadence-pane kt-accordion-pane kt-accordion-pane-7 kt-pane_5bca64-4d\"><div class=\"kt-accordion-header-wrap\"><button class=\"kt-blocks-accordion-header kt-acccordion-button-label-show\"><span class=\"kt-blocks-accordion-title-wrap\"><span class=\"kt-blocks-accordion-title\">ENGAGEMENT COMMUNAUTAIRE<\/span><\/span><span class=\"kt-blocks-accordion-icon-trigger\"><\/span><\/button><\/div><div class=\"kt-accordion-panel kt-accordion-panel-hidden\"><div class=\"kt-accordion-panel-inner\">\n<p><i class=\"fas fa-chevron-right\"><\/i> <em><strong>Cr\u00e9er pour la communaut\u00e9 de York d\u2019autres possibilit\u00e9s de tisser des liens avec les communaut\u00e9s noires en dehors de l\u2019Universit\u00e9, en reconnaissant la diversit\u00e9 au sein de la communaut\u00e9 noire.<\/strong><\/em><\/p>\n\n\n\n<p><i class=\"fas fa-chevron-right\"><\/i> <strong><em>Appuyer les entreprises appartenant \u00e0 des personnes noires en veillant \u00e0 ce que les vendeurs et fournisseurs locaux soient inform\u00e9s des possibilit\u00e9s de contrats.<\/em><\/strong><\/p>\n\n\n\nL\u2019Universit\u00e9 York est situ\u00e9e dans l\u2019un des quartiers les plus h\u00e9t\u00e9rog\u00e8nes de Toronto. Les \u00ab minorit\u00e9s visibles \u00bb repr\u00e9sentent 69 % de la population, alors que la proportion moyenne de ces minorit\u00e9s est de 51 % dans la ville de Toronto, les personnes noires constituant le groupe racialis\u00e9 le plus important de la zone.<sup>9<\/sup> L\u2019Universit\u00e9 est en mesure d\u2019\u00e9tablir de nouvelles relations et d\u2019approfondir les relations existantes avec les communaut\u00e9s noires environnantes en s\u2019appuyant sur des initiatives telles que le Centre d\u2019engagement communautaire de York en partenariat avec le Groupe financier TD. Le d\u00e9veloppement des relations et de la confiance avec les personnes noires consiste en partie \u00e0 soutenir et \u00e0 renforcer leurs communaut\u00e9s. \n<br><br>\nL\u2019Universit\u00e9 York devrait \u00e9galement continuer \u00e0 s\u2019associer et \u00e0 collaborer avec des organismes externes qui ciblent la lutte contre le racisme anti-Noirs et la r\u00e9duction des obstacles aux possibilit\u00e9s d\u2019\u00e9ducation rencontr\u00e9s par les personnes noires.\n<\/div><\/div><\/div>\n\n\n\n<div class=\"wp-block-kadence-pane kt-accordion-pane kt-accordion-pane-8 kt-pane_cbef90-8e\"><div class=\"kt-accordion-header-wrap\"><button class=\"kt-blocks-accordion-header kt-acccordion-button-label-show\"><span class=\"kt-blocks-accordion-title-wrap\"><span class=\"kt-blocks-accordion-title\">COLLECTE DE DONN\u00c9ES<\/span><\/span><span class=\"kt-blocks-accordion-icon-trigger\"><\/span><\/button><\/div><div class=\"kt-accordion-panel kt-accordion-panel-hidden\"><div class=\"kt-accordion-panel-inner\">\n<p><i class=\"fas fa-chevron-right\"><\/i> <strong><em>Recueillir des donn\u00e9es d\u00e9sagr\u00e9g\u00e9es relatives \u00e0 la race aupr\u00e8s des \u00e9tudiants, des membres du personnel, du corps enseignant, du corps professoral et des dipl\u00f4m\u00e9s, et analyser ces donn\u00e9es.<\/em><\/strong><\/p>\n\n\n\n<p><i class=\"fas fa-chevron-right\"><\/i> <strong><em>Colliger des donn\u00e9es sur les incidents et les plaintes en mati\u00e8re de racisme anti-Noirs.<\/em><\/strong><\/p>\n\n\n\n<p><i class=\"fas fa-chevron-right\"><\/i> <strong><em>Les donn\u00e9es recueillies seront utilis\u00e9es pour d\u00e9terminer les lacunes et les tendances qui font appara\u00eetre des disparit\u00e9s raciales syst\u00e9miques, afin de pouvoir prendre des mesures appropri\u00e9es.<\/em><\/strong><\/p>\n\n\n\n<p>Au niveau du corps professoral, l\u2019Universit\u00e9 recueille des donn\u00e9es sur la repr\u00e9sentation des quatre groupes d\u00e9sign\u00e9s dans la Loi sur l\u2019\u00e9quit\u00e9 en mati\u00e8re d\u2019emploi, qui incluent les minorit\u00e9s visibles. Ces donn\u00e9es sont d\u00e9sormais d\u00e9sagr\u00e9g\u00e9es par groupes racialis\u00e9s sp\u00e9cifiques, ce qui nous permet d\u2019en savoir plus sur la repr\u00e9sentation du corps professoral noir au sein de l\u2019Universit\u00e9. L\u2019Universit\u00e9 ne recueille pas de donn\u00e9es d\u2019auto-identification dans la population \u00e9tudiante; cependant, York pr\u00e9pare actuellement un recensement du corps \u00e9tudiant. Les m\u00eames processus de collecte de donn\u00e9es devraient \u00eatre mis en \u0153uvre pour le personnel, le corps enseignant et la population \u00e9tudiante. En outre, les donn\u00e9es quantitatives devraient \u00eatre compl\u00e9t\u00e9es par des donn\u00e9es qualitatives qui contribueront \u00e0 l\u2019interpr\u00e9tation des r\u00e9sultats.<\/p>\n\n\n\nLa collecte et l\u2019analyse de donn\u00e9es raciales d\u00e9sagr\u00e9g\u00e9es, recueillies dans le respect de la vie priv\u00e9e et de la confidentialit\u00e9, contribueront \u00e0 faire progresser l\u2019\u00e9quit\u00e9 raciale pour les membres noirs du corps professoral, du corps enseignant, du corps \u00e9tudiant et du personnel. De m\u00eame, la collecte et l\u2019analyse des donn\u00e9es sur les incidents et les plaintes en mati\u00e8re de racisme anti-Noirs sur nos campus mettront en lumi\u00e8re tout probl\u00e8me syst\u00e9mique existant \u00e0 l\u2019Universit\u00e9. Comme l\u2019explique le gouvernement de l\u2019Ontario, \u00ab En d\u00e9terminant et en surveillant les disparit\u00e9s raciales syst\u00e9miques, les organismes du secteur public seront mieux \u00e0 m\u00eame de combler les lacunes, d\u2019\u00e9liminer les obstacles et de faire progresser un traitement \u00e9quitable pour tous \u00bb.<sup>10<\/sup> \n<br><br>\nLes donn\u00e9es d\u2019auto-identification et les donn\u00e9es relatives aux plaintes peuvent aussi servir \u00e0 \u00e9valuer l\u2019efficacit\u00e9 des initiatives mises en place par l\u2019Universit\u00e9 pour lutter contre le racisme anti-Noirs. L\u2019Universit\u00e9 s\u2019efforcera de recruter des personnes ayant une expertise en lutte contre le racisme pour l\u2019\u00e9quipe responsable de la collecte et de l\u2019analyse des donn\u00e9es.\n<\/div><\/div><\/div>\n\n\n\n<div class=\"wp-block-kadence-pane kt-accordion-pane kt-accordion-pane-9 kt-pane_a82667-2e\"><div class=\"kt-accordion-header-wrap\"><button class=\"kt-blocks-accordion-header kt-acccordion-button-label-show\"><span class=\"kt-blocks-accordion-title-wrap\"><span class=\"kt-blocks-accordion-title\">INFORMATION<\/span><\/span><span class=\"kt-blocks-accordion-icon-trigger\"><\/span><\/button><\/div><div class=\"kt-accordion-panel kt-accordion-panel-hidden\"><div class=\"kt-accordion-panel-inner\">\n<p><i class=\"fas fa-chevron-right\"><\/i> <strong><em>Veiller \u00e0 ce que tous les membres du corps \u00e9tudiant, du corps enseignant, du corps professoral et du personnel re\u00e7oivent de la formation continue pour comprendre et combattre le racisme anti-Noirs, en commen\u00e7ant par la haute direction de l\u2019Universit\u00e9.<\/em><\/strong><\/p>\n\n\n\nPour \u00e9liminer le racisme anti-Noirs de nos campus, il est imp\u00e9ratif que tous les membres de la communaut\u00e9 de York comprennent les racines de la discrimination anti-Noirs, notamment son intersectionnalit\u00e9, et acqui\u00e8rent les connaissances et les comp\u00e9tences n\u00e9cessaires pour la combattre. Les dirigeants, les membres du corps professoral, du corps enseignant, du personnel et du corps \u00e9tudiant devraient en savoir plus sur la supr\u00e9matie des Blancs et le colonialisme, et leurs r\u00e9percussions sur l\u2019Universit\u00e9 York et sur les personnes noires, et s\u2019efforcer d\u2019\u00e9valuer leurs propres valeurs.<sup>11<\/sup> Il est particuli\u00e8rement important que les dirigeants de l\u2019Universit\u00e9 s\u2019engagent dans un processus d\u2019information, d\u2019autor\u00e9flexion et d\u2019autoexamen.\n<br><br>\nL\u2019Universit\u00e9 reconna\u00eet que l\u2019enseignement est \u00ab\u2026 utile, efficace et r\u00e9ussi lorsqu\u2019il est opportun, planifi\u00e9, li\u00e9 \u00e0 l\u2019am\u00e9lioration des performances et de l\u2019environnement organisationnel, et inscrit dans un processus de changement syst\u00e9matique et continu. \u00bb<sup>12<\/sup>\n<\/div><\/div><\/div>\n\n\n\n<div class=\"wp-block-kadence-pane kt-accordion-pane kt-accordion-pane-10 kt-pane_8559d4-58\"><div class=\"kt-accordion-header-wrap\"><button class=\"kt-blocks-accordion-header kt-acccordion-button-label-show\"><span class=\"kt-blocks-accordion-title-wrap\"><span class=\"kt-blocks-accordion-title\">PRISE DE D\u00c9CISIONS<\/span><\/span><span class=\"kt-blocks-accordion-icon-trigger\"><\/span><\/button><\/div><div class=\"kt-accordion-panel kt-accordion-panel-hidden\"><div class=\"kt-accordion-panel-inner\">\n<p><i class=\"fas fa-chevron-right\"><\/i> <strong><em>Prendre en compte les r\u00e9percussions sur les communaut\u00e9s noires des d\u00e9cisions relatives aux politiques et aux programmes.<\/em><\/strong><\/p>\n\n\n\n<p><i class=\"fas fa-chevron-right\"><\/i> <strong><em>Inclure les membres noirs de la communaut\u00e9 universitaire dans les processus d\u00e9cisionnels.<\/em><\/strong><\/p>\n\n\n\n<p>Toutes les d\u00e9cisions politiques et programmatiques de l\u2019Universit\u00e9 doivent \u00eatre envisag\u00e9es dans la perspective du racisme anti-Noirs, qui prend en compte les besoins, les exp\u00e9riences et l\u2019histoire des peuples noirs. Un exemple d\u2019outil d\u2019\u00e9valuation des r\u00e9percussions du racisme anti-Noirs est l\u2019\u00ab Outil d\u2019analyse du racisme anti-Noirs pour une r\u00e9ponse fondamentalement \u00e9quitable \u00e0 la COVID-19 \u00bb de l\u2019Unit\u00e9 de lutte contre le racisme anti-Noirs de la ville de Toronto. Le document expose avec clart\u00e9 des questions et des principes op\u00e9rationnels, notant que :<\/p>\n\n\n\n\u00ab Gr\u00e2ce \u00e0 des ann\u00e9es de recherche, de plaidoyer et d\u2019organisation, les communaut\u00e9s noires de Toronto ont mis en \u00e9vidence les r\u00e9percussions du racisme anti-Noirs direct et syst\u00e9mique sur les Torontois noirs et ont appel\u00e9 les d\u00e9cideurs politiques et les groupes communautaires \u00e0 entreprendre une analyse du racisme anti-Noirs lors de l\u2019\u00e9laboration et de la mise en \u0153uvre des politiques, des programmes et des pratiques visant \u00e0 r\u00e9pondre aux besoins des communaut\u00e9s noires et \u00e0 r\u00e9aliser un changement transformationnel. \u00bb<sup>13<\/sup>\n<br><br>\nLes personnes noires doivent \u00e9galement si\u00e9ger \u00e0 des tables de prises de d\u00e9cisions en tant que participants actifs et comp\u00e9tents. La diversit\u00e9 des r\u00e9flexions et des perspectives fond\u00e9es sur les exp\u00e9riences v\u00e9cues par les personnes noires ne pourra que contribuer \u00e0 am\u00e9liorer la prise de d\u00e9cisions et \u00e0 garantir que la perspective du racisme anti-Noirs est prise en compte de mani\u00e8re appropri\u00e9e.\n<\/div><\/div><\/div>\n\n\n\n<div class=\"wp-block-kadence-pane kt-accordion-pane kt-accordion-pane-11 kt-pane_1c40a0-95\"><div class=\"kt-accordion-header-wrap\"><button class=\"kt-blocks-accordion-header kt-acccordion-button-label-show\"><span class=\"kt-blocks-accordion-title-wrap\"><span class=\"kt-blocks-accordion-title\">RESPONSABILISATION<\/span><\/span><span class=\"kt-blocks-accordion-icon-trigger\"><\/span><\/button><\/div><div class=\"kt-accordion-panel kt-accordion-panel-hidden\"><div class=\"kt-accordion-panel-inner\">\n<p><i class=\"fas fa-chevron-right\"><\/i> <strong><em>Cr\u00e9er un Conseil consultatif contre le racisme anti-Noirs au sein de la Division de l\u2019\u00e9quit\u00e9, des personnes et de la culture qui soit repr\u00e9sentatif de la diversit\u00e9 au sein de la communaut\u00e9 noire<\/em>.<\/strong><\/p>\n\n\n\n<p><i class=\"fas fa-chevron-right\"><\/i> <strong><em>Proc\u00e9der \u00e0 des mises \u00e0 jour et \u00e0 une \u00e9valuation r\u00e9guli\u00e8re de la mise en \u0153uvre du pr\u00e9sent cadre.<\/em><\/strong><\/p>\n\n\n\n<p>L\u2019Universit\u00e9 York s\u2019engage \u00e0 mettre en \u0153uvre ce cadre en veillant \u00e0 ce que les voix des membres noirs du corps professoral, du corps enseignant, du corps \u00e9tudiant et du personnel soient entendues et prises en compte tout au long du processus de mise en \u0153uvre. L\u2019Universit\u00e9 va cr\u00e9er un Conseil consultatif de lutte contre le racisme anti-Noirs, \u00e9tant entendu que les identit\u00e9s diverses et crois\u00e9es des membres noirs du corps professoral, du corps enseignant, du corps \u00e9tudiant, du personnel et des dipl\u00f4m\u00e9s doivent \u00eatre repr\u00e9sent\u00e9es et qu\u2019un tel conseil comprendra \u00e9galement des sympathisants de l\u2019int\u00e9rieur m\u00eame de l\u2019Universit\u00e9.<\/p>\n<\/div><\/div><\/div>\n<\/div><\/div><\/div>\n\n\n\n<div style=\"height:40px\" aria-hidden=\"true\" class=\"wp-block-spacer\"><\/div>\n\n\n\n<div class=\"wp-block-group border-lg border-primary p-4\"><div class=\"wp-block-group__inner-container is-layout-flow wp-block-group-is-layout-flow\">\n<p>L\u2019Universit\u00e9 proc\u00e9dera \u00e9galement \u00e0 une \u00e9valuation annuelle de la progression de la mise en \u0153uvre de ce cadre.<\/p>\n<\/div><\/div>\n\n\n\n<div style=\"height:40px\" aria-hidden=\"true\" class=\"wp-block-spacer\"><\/div>\n\n\n\n<div class=\"wp-block-group has-very-light-gray-background-color has-background grey-bg-block\"><div class=\"wp-block-group__inner-container is-layout-flow wp-block-group-is-layout-flow\">\n<div class=\"wp-block-group\"><div class=\"wp-block-group__inner-container is-layout-flow wp-block-group-is-layout-flow\">\n<hr class=\"wp-block-separator\"\/>\n\n\n\n<sup>6<\/sup>A. Kobayashi, \u201cNow You See Them, How You See Them: Women of Colour in Canadian Academia\u201d, Racism in the Canada University: Demanding Social Justice, Inclusion &amp; Equity<br> \n<sup>7<\/sup> <a href=\"https:\/\/thelearningexchange.ca\/wp-content\/uploads\/2018\/05\/spring2018-en.pdf\">https:\/\/thelearningexchange.ca\/wp-content\/uploads\/2018\/05\/spring2018-en.pdf<\/a><br>\n<sup>8<\/sup> <a href=\"https:\/\/www.toronto.ca\/community-people\/get-involved\/community\/toronto-for-all\/anti-black-racism-mental-health\/\">https:\/\/www.toronto.ca\/community-people\/get-involved\/community\/toronto-for-all\/anti-black-racism-mental-health\/<\/a><br>\n<sup>9<\/sup> <a href=\"https:\/\/www.toronto.ca\/ext\/sdfa\/Neighbourhood%20Profiles\/pdf\/2016\/pdf1\/cpa27.pdf\">https:\/\/www.toronto.ca\/ext\/sdfa\/Neighbourhood%20Profiles\/pdf\/2016\/pdf1\/cpa27.pdf<\/a><br>\n<sup>10<\/sup> <a href=\"https:\/\/www.ontario.ca\/document\/data-standards-identification-and-monitoring-systemic-racism\/introduction\">https:\/\/www.ontario.ca\/document\/data-standards-identification-and-monitoring-systemic-racism\/introduction<\/a><br>\n<sup>11<\/sup> Anti-Racism in Higher Education \u2013 A model for change <a href=\"https:\/\/soundideas.pugetsound.edu\/cgi\/viewcontent.cgi?article=1071&amp;context=rpj\">https:\/\/soundideas.pugetsound.edu\/cgi\/viewcontent.cgi?article=1071&amp;context=rpj<\/a><br>\n<sup>12<\/sup> <a href=\"https:\/\/www.racialequitytools.org\/resourcefiles\/james3.pdf\">https:\/\/www.racialequitytools.org\/resourcefiles\/james3.pdf<\/a><br>\n<sup>13<\/sup> <a href=\"https:\/\/settlementatwork.org\/sites\/settlementatwork.org\/files\/ABR%20COVID-19%20Analysis%20Toolkit_Final.pdf\">https:\/\/settlementatwork.org\/sites\/settlementatwork.org\/files\/ABR%20COVID-19%20Analysis%20Toolkit_Final.pdf<\/a>\n\n\n\n<div style=\"height:50px\" aria-hidden=\"true\" class=\"wp-block-spacer\"><\/div>\n<\/div><\/div>\n<\/div><\/div>\n\n\n\n<div class=\"wp-block-cover full-width\" style=\"background-image:url(https:\/\/www.yorku.ca\/abr\/framework\/wp-content\/uploads\/sites\/306\/2021\/02\/20168_Footer1536x430_6.png)\"><div class=\"wp-block-cover__inner-container is-layout-flow wp-block-cover-is-layout-flow\">\n<p class=\"has-text-align-center has-large-font-size\"><\/p>\n<\/div><\/div>\n\n\n\n<div class=\"wp-block-group\"><div class=\"wp-block-group__inner-container is-layout-flow wp-block-group-is-layout-flow\">\n<div class=\"wp-block-columns social-bar-block is-layout-flex wp-container-core-columns-is-layout-9d6595d7 wp-block-columns-is-layout-flex\">\n<div class=\"wp-block-column is-layout-flow wp-block-column-is-layout-flow\">\n<h2 class=\"h6 text-white text-center wp-block-heading\">Connect with ¿ì²¥ÊÓÆµ<\/h2>\n<\/div>\n\n\n\n<div class=\"wp-block-column is-layout-flow wp-block-column-is-layout-flow\">\n<ul class=\"wp-block-social-links aligncenter my-2 is-style-default is-layout-flex wp-block-social-links-is-layout-flex\"><li class=\"wp-social-link wp-social-link-facebook  wp-block-social-link\"><a href=\"https:\/\/www.facebook.com\/yorkuniversity\/\" class=\"wp-block-social-link-anchor\"><svg width=\"24\" height=\"24\" viewBox=\"0 0 24 24\" version=\"1.1\" xmlns=\"http:\/\/www.w3.org\/2000\/svg\" aria-hidden=\"true\" focusable=\"false\"><path d=\"M12 2C6.5 2 2 6.5 2 12c0 5 3.7 9.1 8.4 9.9v-7H7.9V12h2.5V9.8c0-2.5 1.5-3.9 3.8-3.9 1.1 0 2.2.2 2.2.2v2.5h-1.3c-1.2 0-1.6.8-1.6 1.6V12h2.8l-.4 2.9h-2.3v7C18.3 21.1 22 17 22 12c0-5.5-4.5-10-10-10z\"><\/path><\/svg><span class=\"wp-block-social-link-label screen-reader-text\">Facebook<\/span><\/a><\/li>\n\n<li class=\"wp-social-link wp-social-link-twitter  wp-block-social-link\"><a href=\"https:\/\/twitter.com\/yorkuniversity\/\" class=\"wp-block-social-link-anchor\"><svg width=\"24\" height=\"24\" viewBox=\"0 0 24 24\" version=\"1.1\" xmlns=\"http:\/\/www.w3.org\/2000\/svg\" aria-hidden=\"true\" focusable=\"false\"><path d=\"M22.23,5.924c-0.736,0.326-1.527,0.547-2.357,0.646c0.847-0.508,1.498-1.312,1.804-2.27 c-0.793,0.47-1.671,0.812-2.606,0.996C18.324,4.498,17.257,4,16.077,4c-2.266,0-4.103,1.837-4.103,4.103 c0,0.322,0.036,0.635,0.106,0.935C8.67,8.867,5.647,7.234,3.623,4.751C3.27,5.357,3.067,6.062,3.067,6.814 c0,1.424,0.724,2.679,1.825,3.415c-0.673-0.021-1.305-0.206-1.859-0.513c0,0.017,0,0.034,0,0.052c0,1.988,1.414,3.647,3.292,4.023 c-0.344,0.094-0.707,0.144-1.081,0.144c-0.264,0-0.521-0.026-0.772-0.074c0.522,1.63,2.038,2.816,3.833,2.85 c-1.404,1.1-3.174,1.756-5.096,1.756c-0.331,0-0.658-0.019-0.979-0.057c1.816,1.164,3.973,1.843,6.29,1.843 c7.547,0,11.675-6.252,11.675-11.675c0-0.178-0.004-0.355-0.012-0.531C20.985,7.47,21.68,6.747,22.23,5.924z\"><\/path><\/svg><span class=\"wp-block-social-link-label screen-reader-text\">Twitter<\/span><\/a><\/li>\n\n<li class=\"wp-social-link wp-social-link-instagram  wp-block-social-link\"><a href=\"https:\/\/www.instagram.com\/yorkuniversity\/\" class=\"wp-block-social-link-anchor\"><svg width=\"24\" height=\"24\" viewBox=\"0 0 24 24\" version=\"1.1\" xmlns=\"http:\/\/www.w3.org\/2000\/svg\" aria-hidden=\"true\" focusable=\"false\"><path d=\"M12,4.622c2.403,0,2.688,0.009,3.637,0.052c0.877,0.04,1.354,0.187,1.671,0.31c0.42,0.163,0.72,0.358,1.035,0.673 c0.315,0.315,0.51,0.615,0.673,1.035c0.123,0.317,0.27,0.794,0.31,1.671c0.043,0.949,0.052,1.234,0.052,3.637 s-0.009,2.688-0.052,3.637c-0.04,0.877-0.187,1.354-0.31,1.671c-0.163,0.42-0.358,0.72-0.673,1.035 c-0.315,0.315-0.615,0.51-1.035,0.673c-0.317,0.123-0.794,0.27-1.671,0.31c-0.949,0.043-1.233,0.052-3.637,0.052 s-2.688-0.009-3.637-0.052c-0.877-0.04-1.354-0.187-1.671-0.31c-0.42-0.163-0.72-0.358-1.035-0.673 c-0.315-0.315-0.51-0.615-0.673-1.035c-0.123-0.317-0.27-0.794-0.31-1.671C4.631,14.688,4.622,14.403,4.622,12 s0.009-2.688,0.052-3.637c0.04-0.877,0.187-1.354,0.31-1.671c0.163-0.42,0.358-0.72,0.673-1.035 c0.315-0.315,0.615-0.51,1.035-0.673c0.317-0.123,0.794-0.27,1.671-0.31C9.312,4.631,9.597,4.622,12,4.622 M12,3 C9.556,3,9.249,3.01,8.289,3.054C7.331,3.098,6.677,3.25,6.105,3.472C5.513,3.702,5.011,4.01,4.511,4.511 c-0.5,0.5-0.808,1.002-1.038,1.594C3.25,6.677,3.098,7.331,3.054,8.289C3.01,9.249,3,9.556,3,12c0,2.444,0.01,2.751,0.054,3.711 c0.044,0.958,0.196,1.612,0.418,2.185c0.23,0.592,0.538,1.094,1.038,1.594c0.5,0.5,1.002,0.808,1.594,1.038 c0.572,0.222,1.227,0.375,2.185,0.418C9.249,20.99,9.556,21,12,21s2.751-0.01,3.711-0.054c0.958-0.044,1.612-0.196,2.185-0.418 c0.592-0.23,1.094-0.538,1.594-1.038c0.5-0.5,0.808-1.002,1.038-1.594c0.222-0.572,0.375-1.227,0.418-2.185 C20.99,14.751,21,14.444,21,12s-0.01-2.751-0.054-3.711c-0.044-0.958-0.196-1.612-0.418-2.185c-0.23-0.592-0.538-1.094-1.038-1.594 c-0.5-0.5-1.002-0.808-1.594-1.038c-0.572-0.222-1.227-0.375-2.185-0.418C14.751,3.01,14.444,3,12,3L12,3z M12,7.378 c-2.552,0-4.622,2.069-4.622,4.622S9.448,16.622,12,16.622s4.622-2.069,4.622-4.622S14.552,7.378,12,7.378z M12,15 c-1.657,0-3-1.343-3-3s1.343-3,3-3s3,1.343,3,3S13.657,15,12,15z M16.804,6.116c-0.596,0-1.08,0.484-1.08,1.08 s0.484,1.08,1.08,1.08c0.596,0,1.08-0.484,1.08-1.08S17.401,6.116,16.804,6.116z\"><\/path><\/svg><span class=\"wp-block-social-link-label screen-reader-text\">Instagram<\/span><\/a><\/li>\n\n<li class=\"wp-social-link wp-social-link-linkedin  wp-block-social-link\"><a href=\"https:\/\/www.linkedin.com\/school\/167012\/\" class=\"wp-block-social-link-anchor\"><svg width=\"24\" height=\"24\" viewBox=\"0 0 24 24\" version=\"1.1\" xmlns=\"http:\/\/www.w3.org\/2000\/svg\" aria-hidden=\"true\" focusable=\"false\"><path d=\"M19.7,3H4.3C3.582,3,3,3.582,3,4.3v15.4C3,20.418,3.582,21,4.3,21h15.4c0.718,0,1.3-0.582,1.3-1.3V4.3 C21,3.582,20.418,3,19.7,3z M8.339,18.338H5.667v-8.59h2.672V18.338z M7.004,8.574c-0.857,0-1.549-0.694-1.549-1.548 c0-0.855,0.691-1.548,1.549-1.548c0.854,0,1.547,0.694,1.547,1.548C8.551,7.881,7.858,8.574,7.004,8.574z M18.339,18.338h-2.669 v-4.177c0-0.996-0.017-2.278-1.387-2.278c-1.389,0-1.601,1.086-1.601,2.206v4.249h-2.667v-8.59h2.559v1.174h0.037 c0.356-0.675,1.227-1.387,2.526-1.387c2.703,0,3.203,1.779,3.203,4.092V18.338z\"><\/path><\/svg><span class=\"wp-block-social-link-label screen-reader-text\">LinkedIn<\/span><\/a><\/li>\n\n<li class=\"wp-social-link wp-social-link-youtube  wp-block-social-link\"><a href=\"https:\/\/www.youtube.com\/user\/YorkUniversity\/\" class=\"wp-block-social-link-anchor\"><svg width=\"24\" height=\"24\" viewBox=\"0 0 24 24\" version=\"1.1\" xmlns=\"http:\/\/www.w3.org\/2000\/svg\" aria-hidden=\"true\" focusable=\"false\"><path d=\"M21.8,8.001c0,0-0.195-1.378-0.795-1.985c-0.76-0.797-1.613-0.801-2.004-0.847c-2.799-0.202-6.997-0.202-6.997-0.202 h-0.009c0,0-4.198,0-6.997,0.202C4.608,5.216,3.756,5.22,2.995,6.016C2.395,6.623,2.2,8.001,2.2,8.001S2,9.62,2,11.238v1.517 c0,1.618,0.2,3.237,0.2,3.237s0.195,1.378,0.795,1.985c0.761,0.797,1.76,0.771,2.205,0.855c1.6,0.153,6.8,0.201,6.8,0.201 s4.203-0.006,7.001-0.209c0.391-0.047,1.243-0.051,2.004-0.847c0.6-0.607,0.795-1.985,0.795-1.985s0.2-1.618,0.2-3.237v-1.517 C22,9.62,21.8,8.001,21.8,8.001z M9.935,14.594l-0.001-5.62l5.404,2.82L9.935,14.594z\"><\/path><\/svg><span class=\"wp-block-social-link-label screen-reader-text\">YouTube<\/span><\/a><\/li><\/ul>\n<\/div>\n<\/div>\n<\/div><\/div>\n","protected":false},"excerpt":{"rendered":"<p>Dans l\u2019espoir d\u2019\u00e9tablir des relations respectueuses et inclusives avec les membres noirs du corps professoral, du corps enseignant, du personnel et du corps \u00e9tudiants et pour transformer ses propres modes de connaissances et de fonctionnement, l\u2019Universit\u00e9 York s\u2019engage \u00e0 atteindre les objectifs prioritaires expos\u00e9s ci-dessous. Chacun de ces objectifs est important pour aborder le racisme [&hellip;]<\/p>\n","protected":false},"author":7,"featured_media":0,"parent":818,"menu_order":0,"comment_status":"closed","ping_status":"closed","template":"","meta":{"_acf_changed":false,"_kad_blocks_custom_css":"","_kad_blocks_head_custom_js":"","_kad_blocks_body_custom_js":"","_kad_blocks_footer_custom_js":"","footnotes":""},"tags":[],"class_list":["post-828","page","type-page","status-publish","hentry"],"acf":[],"taxonomy_info":[],"featured_image_src_large":false,"author_info":{"display_name":"akolade","author_link":"https:\/\/www.yorku.ca\/abr\/author\/akolade\/"},"comment_info":"","_links":{"self":[{"href":"https:\/\/www.yorku.ca\/abr\/wp-json\/wp\/v2\/pages\/828","targetHints":{"allow":["GET"]}}],"collection":[{"href":"https:\/\/www.yorku.ca\/abr\/wp-json\/wp\/v2\/pages"}],"about":[{"href":"https:\/\/www.yorku.ca\/abr\/wp-json\/wp\/v2\/types\/page"}],"author":[{"embeddable":true,"href":"https:\/\/www.yorku.ca\/abr\/wp-json\/wp\/v2\/users\/7"}],"replies":[{"embeddable":true,"href":"https:\/\/www.yorku.ca\/abr\/wp-json\/wp\/v2\/comments?post=828"}],"version-history":[{"count":2,"href":"https:\/\/www.yorku.ca\/abr\/wp-json\/wp\/v2\/pages\/828\/revisions"}],"predecessor-version":[{"id":848,"href":"https:\/\/www.yorku.ca\/abr\/wp-json\/wp\/v2\/pages\/828\/revisions\/848"}],"up":[{"embeddable":true,"href":"https:\/\/www.yorku.ca\/abr\/wp-json\/wp\/v2\/pages\/818"}],"wp:attachment":[{"href":"https:\/\/www.yorku.ca\/abr\/wp-json\/wp\/v2\/media?parent=828"}],"wp:term":[{"taxonomy":"post_tag","embeddable":true,"href":"https:\/\/www.yorku.ca\/abr\/wp-json\/wp\/v2\/tags?post=828"}],"curies":[{"name":"wp","href":"https:\/\/api.w.org\/{rel}","templated":true}]}}