  {"id":3767,"date":"2018-10-04T13:02:05","date_gmt":"2018-10-04T17:02:05","guid":{"rendered":"http:\/\/cerlac.info.yorku.ca\/?page_id=3767"},"modified":"2022-06-20T15:28:52","modified_gmt":"2022-06-20T19:28:52","slug":"cerlac-40-anniversary-reflections","status":"publish","type":"page","link":"https:\/\/www.yorku.ca\/cerlac\/cerlac-40-anniversary-reflections\/","title":{"rendered":"CERLAC 40th Anniversary Reflection Series"},"content":{"rendered":"\n<figure class=\"wp-block-image size-large\"><img loading=\"lazy\" decoding=\"async\" width=\"1024\" height=\"400\" src=\"https:\/\/www.yorku.ca\/cerlac\/wp-content\/uploads\/sites\/259\/2021\/05\/logo-cropped.jpg\" alt=\"\" class=\"wp-image-5825\" srcset=\"https:\/\/www.yorku.ca\/cerlac\/wp-content\/uploads\/sites\/259\/2021\/05\/logo-cropped.jpg 1024w, https:\/\/www.yorku.ca\/cerlac\/wp-content\/uploads\/sites\/259\/2021\/05\/logo-cropped-300x117.jpg 300w\" sizes=\"auto, (max-width: 1024px) 100vw, 1024px\" \/><figcaption>CERLAC 40 Anniersary Logo<\/figcaption><\/figure>\n\n\n\n<div style=\"height:30px\" aria-hidden=\"true\" class=\"wp-block-spacer\"><\/div>\n\n\n\n<h2 class=\"has-very-dark-gray-color has-text-color wp-block-heading\">About the Series<\/h2>\n\n\n\n<p>CERLAC reaches its fortieth anniversary in November, an occasion to celebrate the achievements and dedication of our members. We recently experienced the loss of our founding director, Louis Lefeber (see <a href=\"https:\/\/www.yorku.ca\/cerlac\/wp-content\/uploads\/sites\/259\/2018\/10\/Louis-Lefeber_CERLAC-Newsletter.pdf\" target=\"_blank\" rel=\"noreferrer noopener\">this profile<\/a> from a 1999 CERLAC Newsletter), but many of the people who shaped CERLAC are active colleagues with excellent memories. We are launching a series of online posts in which members of long standing share brief reflections concerning the centre\u2019s development and its broader contexts in the recent history of Latin America and the Caribbean. Liisa North inaugurates the series with a post about the creation of CERLAC, to be followed on a weekly basis and in rough chronological order by posts from other CERLAC members.<\/p>\n\n\n\n<div style=\"height:30px\" aria-hidden=\"true\" class=\"wp-block-spacer\"><\/div>\n\n\n<style>.kt-accordion-id_298e15-cb .kt-accordion-inner-wrap{column-gap:var(--global-kb-gap-md, 2rem);row-gap:10px;}.kt-accordion-id_298e15-cb .kt-accordion-panel-inner{border-top-width:0px;border-right-width:1px;border-bottom-width:1px;border-left-width:1px;background:#ffffff;padding-top:var(--global-kb-spacing-sm, 1.5rem);padding-right:var(--global-kb-spacing-sm, 1.5rem);padding-bottom:var(--global-kb-spacing-sm, 1.5rem);padding-left:var(--global-kb-spacing-sm, 1.5rem);}.kt-accordion-id_298e15-cb > .kt-accordion-inner-wrap > .wp-block-kadence-pane > .kt-accordion-header-wrap > .kt-blocks-accordion-header{border-top-color:#eeeeee;border-right-color:#eeeeee;border-bottom-color:#eeeeee;border-left-color:#eeeeee;border-top-width:1px;border-right-width:1px;border-bottom-width:1px;border-left-width:2px;border-top-left-radius:0px;border-top-right-radius:0px;border-bottom-right-radius:0px;border-bottom-left-radius:0px;background:#ffffff;font-size:18px;line-height:24px;color:#444444;padding-top:14px;padding-right:16px;padding-bottom:14px;padding-left:16px;}.kt-accordion-id_298e15-cb:not( .kt-accodion-icon-style-basiccircle ):not( .kt-accodion-icon-style-xclosecircle ):not( .kt-accodion-icon-style-arrowcircle )  > .kt-accordion-inner-wrap > .wp-block-kadence-pane > .kt-accordion-header-wrap .kt-blocks-accordion-icon-trigger:after, .kt-accordion-id_298e15-cb:not( .kt-accodion-icon-style-basiccircle ):not( .kt-accodion-icon-style-xclosecircle ):not( .kt-accodion-icon-style-arrowcircle )  > .kt-accordion-inner-wrap > .wp-block-kadence-pane > .kt-accordion-header-wrap .kt-blocks-accordion-icon-trigger:before{background:#444444;}.kt-accordion-id_298e15-cb:not( .kt-accodion-icon-style-basic ):not( .kt-accodion-icon-style-xclose ):not( .kt-accodion-icon-style-arrow ) .kt-blocks-accordion-icon-trigger{background:#444444;}.kt-accordion-id_298e15-cb:not( .kt-accodion-icon-style-basic ):not( .kt-accodion-icon-style-xclose ):not( .kt-accodion-icon-style-arrow ) .kt-blocks-accordion-icon-trigger:after, .kt-accordion-id_298e15-cb:not( .kt-accodion-icon-style-basic ):not( .kt-accodion-icon-style-xclose ):not( .kt-accodion-icon-style-arrow ) .kt-blocks-accordion-icon-trigger:before{background:#ffffff;}.kt-accordion-id_298e15-cb > .kt-accordion-inner-wrap > .wp-block-kadence-pane > .kt-accordion-header-wrap > .kt-blocks-accordion-header:hover, \n\t\t\t\tbody:not(.hide-focus-outline) .kt-accordion-id_298e15-cb .kt-blocks-accordion-header:focus-visible{color:#444444;background:#ffffff;border-top-color:#d4d4d4;border-right-color:#d4d4d4;border-bottom-color:#d4d4d4;border-left-color:#d4d4d4;}.kt-accordion-id_298e15-cb:not( .kt-accodion-icon-style-basiccircle ):not( .kt-accodion-icon-style-xclosecircle ):not( .kt-accodion-icon-style-arrowcircle ) .kt-accordion-header-wrap .kt-blocks-accordion-header:hover .kt-blocks-accordion-icon-trigger:after, .kt-accordion-id_298e15-cb:not( .kt-accodion-icon-style-basiccircle ):not( .kt-accodion-icon-style-xclosecircle ):not( .kt-accodion-icon-style-arrowcircle ) .kt-accordion-header-wrap .kt-blocks-accordion-header:hover .kt-blocks-accordion-icon-trigger:before, body:not(.hide-focus-outline) .kt-accordion-id_298e15-cb:not( .kt-accodion-icon-style-basiccircle ):not( .kt-accodion-icon-style-xclosecircle ):not( .kt-accodion-icon-style-arrowcircle ) .kt-blocks-accordion--visible .kt-blocks-accordion-icon-trigger:after, body:not(.hide-focus-outline) .kt-accordion-id_298e15-cb:not( .kt-accodion-icon-style-basiccircle ):not( .kt-accodion-icon-style-xclosecircle ):not( .kt-accodion-icon-style-arrowcircle ) .kt-blocks-accordion-header:focus-visible .kt-blocks-accordion-icon-trigger:before{background:#444444;}.kt-accordion-id_298e15-cb:not( .kt-accodion-icon-style-basic ):not( .kt-accodion-icon-style-xclose ):not( .kt-accodion-icon-style-arrow ) .kt-accordion-header-wrap .kt-blocks-accordion-header:hover .kt-blocks-accordion-icon-trigger, body:not(.hide-focus-outline) .kt-accordion-id_298e15-cb:not( .kt-accodion-icon-style-basic ):not( .kt-accodion-icon-style-xclose ):not( .kt-accodion-icon-style-arrow ) .kt-accordion-header-wrap .kt-blocks-accordion-header:focus-visible .kt-blocks-accordion-icon-trigger{background:#444444;}.kt-accordion-id_298e15-cb:not( .kt-accodion-icon-style-basic ):not( .kt-accodion-icon-style-xclose ):not( .kt-accodion-icon-style-arrow ) .kt-accordion-header-wrap .kt-blocks-accordion-header:hover .kt-blocks-accordion-icon-trigger:after, .kt-accordion-id_298e15-cb:not( .kt-accodion-icon-style-basic ):not( .kt-accodion-icon-style-xclose ):not( .kt-accodion-icon-style-arrow ) .kt-accordion-header-wrap .kt-blocks-accordion-header:hover .kt-blocks-accordion-icon-trigger:before, body:not(.hide-focus-outline) .kt-accordion-id_298e15-cb:not( .kt-accodion-icon-style-basic ):not( .kt-accodion-icon-style-xclose ):not( .kt-accodion-icon-style-arrow ) .kt-accordion-header-wrap .kt-blocks-accordion-header:focus-visible .kt-blocks-accordion-icon-trigger:after, body:not(.hide-focus-outline) .kt-accordion-id_298e15-cb:not( .kt-accodion-icon-style-basic ):not( .kt-accodion-icon-style-xclose ):not( .kt-accodion-icon-style-arrow ) .kt-accordion-header-wrap .kt-blocks-accordion-header:focus-visible .kt-blocks-accordion-icon-trigger:before{background:#ffffff;}.kt-accordion-id_298e15-cb .kt-accordion-header-wrap .kt-blocks-accordion-header:focus-visible,\n\t\t\t\t.kt-accordion-id_298e15-cb > .kt-accordion-inner-wrap > .wp-block-kadence-pane > .kt-accordion-header-wrap > .kt-blocks-accordion-header.kt-accordion-panel-active{color:#444444;background:#ffffff;border-top-color:#eeeeee;border-right-color:#eeeeee;border-bottom-color:#eeeeee;border-left-color:#0e9cd1;}.kt-accordion-id_298e15-cb:not( .kt-accodion-icon-style-basiccircle ):not( .kt-accodion-icon-style-xclosecircle ):not( .kt-accodion-icon-style-arrowcircle )  > .kt-accordion-inner-wrap > .wp-block-kadence-pane > .kt-accordion-header-wrap > .kt-blocks-accordion-header.kt-accordion-panel-active .kt-blocks-accordion-icon-trigger:after, .kt-accordion-id_298e15-cb:not( .kt-accodion-icon-style-basiccircle ):not( .kt-accodion-icon-style-xclosecircle ):not( .kt-accodion-icon-style-arrowcircle )  > .kt-accordion-inner-wrap > .wp-block-kadence-pane > .kt-accordion-header-wrap > .kt-blocks-accordion-header.kt-accordion-panel-active .kt-blocks-accordion-icon-trigger:before{background:#444444;}.kt-accordion-id_298e15-cb:not( .kt-accodion-icon-style-basic ):not( .kt-accodion-icon-style-xclose ):not( .kt-accodion-icon-style-arrow ) .kt-blocks-accordion-header.kt-accordion-panel-active .kt-blocks-accordion-icon-trigger{background:#444444;}.kt-accordion-id_298e15-cb:not( .kt-accodion-icon-style-basic ):not( .kt-accodion-icon-style-xclose ):not( .kt-accodion-icon-style-arrow ) .kt-blocks-accordion-header.kt-accordion-panel-active .kt-blocks-accordion-icon-trigger:after, .kt-accordion-id_298e15-cb:not( .kt-accodion-icon-style-basic ):not( .kt-accodion-icon-style-xclose ):not( .kt-accodion-icon-style-arrow ) .kt-blocks-accordion-header.kt-accordion-panel-active .kt-blocks-accordion-icon-trigger:before{background:#ffffff;}@media all and (max-width: 767px){.kt-accordion-id_298e15-cb .kt-accordion-inner-wrap{display:block;}.kt-accordion-id_298e15-cb .kt-accordion-inner-wrap .kt-accordion-pane:not(:first-child){margin-top:10px;}}<\/style>\n<div class=\"wp-block-kadence-accordion alignnone\"><div class=\"kt-accordion-wrap kt-accordion-wrap kt-accordion-id_298e15-cb kt-accordion-has-8-panes kt-active-pane-0 kt-accordion-block kt-pane-header-alignment-left kt-accodion-icon-style-arrow kt-accodion-icon-side-right\" style=\"max-width:none\"><div class=\"kt-accordion-inner-wrap\" data-allow-multiple-open=\"false\" data-start-open=\"none\">\n<div class=\"wp-block-kadence-pane kt-accordion-pane kt-accordion-pane-2 kt-pane_6b0e2f-77\"><div class=\"kt-accordion-header-wrap\"><button class=\"kt-blocks-accordion-header kt-acccordion-button-label-show\"><span class=\"kt-blocks-accordion-title-wrap\"><span class=\"kt-blocks-accordion-title\">\"Liisa North on CERLAC's beginnings\"<\/span><\/span><span class=\"kt-blocks-accordion-icon-trigger\"><\/span><\/button><\/div><div class=\"kt-accordion-panel kt-accordion-panel-hidden\"><div class=\"kt-accordion-panel-inner\">\n<div class=\"wp-block-image\"><figure class=\"alignleft size-large is-resized\"><img loading=\"lazy\" decoding=\"async\" src=\"https:\/\/www.yorku.ca\/cerlac\/wp-content\/uploads\/sites\/259\/2018\/10\/Beto-de-Souza.jpg\" alt=\"\" class=\"wp-image-3780\" width=\"287\" height=\"420\" srcset=\"https:\/\/www.yorku.ca\/cerlac\/wp-content\/uploads\/sites\/259\/2018\/10\/Beto-de-Souza.jpg 424w, https:\/\/www.yorku.ca\/cerlac\/wp-content\/uploads\/sites\/259\/2018\/10\/Beto-de-Souza-205x300.jpg 205w\" sizes=\"auto, (max-width: 287px) 100vw, 287px\" \/><figcaption>Betinho de Souza | Photo courtesy of Liisa North<\/figcaption><\/figure><\/div>\n\n\n\n<p>Founded in 1978, the history of the Center for Research on Latin America and the Caribbean (CERLAC) has been inextricably linked to the twists and turns of Latin American and Caribbean politics. Large numbers of exiles from the brutal military dictatorships that took power in Brazil, Chile, Argentina, and Uruguay began to arrive in Canada after the 1973 military coup in Chile, and quite a few of them enrolled in graduate programs at 快播视频.<\/p>\n\n\n\n<p>Among them was Herbet (Betinho) de Souza, one of the many prominent intellectuals among the new arrivals. I first met him in early 1974, in the Founders College Senior Common Room where York\u2019s Latin American and Caribbean Studies-affiliated faculty had organized an informational session for a packed room of about a hundred refugees who wanted to enroll in Ontario universities. Betinho and quite a few others decided on York. He enrolled in the graduate program in Political Science with scholarship support and a free apartment in the Graduate Residence.<\/p>\n\n\n\n<p>Brazil\u2019s military dictatorship had driven Betinho to Chile in 1970 where he joined the presidential advisory team of Socialist President Salvador Allende. Upon his arrival at York, he quickly turned to leading the organization that eventually became the Latin American Research Unit (LARU). With support from the World Council of Churches, and physical space from Founders College, LARU began to publish studies, organize events, edit a journal, create a Documentation Centre, and stimulate the activities of a group of York students and faculty who taught in the Latin American and Caribbean Studies (LACS) undergraduate program that had been established in 1972.<\/p>\n\n\n\n<p>LARU associated graduate students \u2013 Latin Americans and Canadians -- , together with the faculty of the LACS program, were the movers and doers who established CERLAC in 1978. Among them, Betinho, with irrepressible joie de vivre, provided inspiration for teaching and research on the human rights abuses and repression of the Southern Cone dictatorships from which the exiles had fled. While Betinho eventually returned to Brazil, when its military regime fell apart and basic democratic guarantees were ensured, many others went on to complete doctoral degrees, to teach and lead research at various Canadian universities. Among them were Viviana Patroni and Eduardo Canel, who completed their graduate studies at York, were hired by the University, and became CERLAC directors.<\/p>\n\n\n\n<p>As his doctoral program supervisor, I was disappointed that Betinho did not complete his graduate studies at York, and deeply saddened when it became clear that he, a hemophiliac, had contracted AIDS from the then contaminated blood products in Canada. However, I was very pleased when York awarded him an honorary doctorate in 1996, one of the numerous honours that Betinho received for a life dedicated to promoting social justice. He was one of many \u201cstudents\u201d who taught me as much as I could possibly teach him.<\/p>\n\n\n\n<p><strong>Liisa North (Department of Politics) was CERLAC\u2019s Director from 1989 to 1991 and served as Acting or Deputy Director at various points in the 1970s and 1980s.<\/strong><\/p>\n<\/div><\/div><\/div>\n\n\n\n<div class=\"wp-block-kadence-pane kt-accordion-pane kt-accordion-pane-3 kt-pane_5cd26f-a1\"><div class=\"kt-accordion-header-wrap\"><button class=\"kt-blocks-accordion-header kt-acccordion-button-label-show\"><span class=\"kt-blocks-accordion-title-wrap\"><span class=\"kt-blocks-accordion-title\">\"Peter Landstreet on the Chile Project\"<\/span><\/span><span class=\"kt-blocks-accordion-icon-trigger\"><\/span><\/button><\/div><div class=\"kt-accordion-panel kt-accordion-panel-hidden\"><div class=\"kt-accordion-panel-inner\">\n<div class=\"wp-block-image\"><figure class=\"alignleft size-large is-resized\"><img loading=\"lazy\" decoding=\"async\" src=\"https:\/\/www.yorku.ca\/cerlac\/wp-content\/uploads\/sites\/259\/2018\/10\/Chile-Project_Landstreet-1024x685.jpg\" alt=\"\" class=\"wp-image-3808\" width=\"394\" height=\"264\" srcset=\"https:\/\/www.yorku.ca\/cerlac\/wp-content\/uploads\/sites\/259\/2018\/10\/Chile-Project_Landstreet-1024x685.jpg 1024w, https:\/\/www.yorku.ca\/cerlac\/wp-content\/uploads\/sites\/259\/2018\/10\/Chile-Project_Landstreet-300x201.jpg 300w, https:\/\/www.yorku.ca\/cerlac\/wp-content\/uploads\/sites\/259\/2018\/10\/Chile-Project_Landstreet.jpg 1065w\" sizes=\"auto, (max-width: 394px) 100vw, 394px\" \/><figcaption>Photo by Riet Delsing<\/figcaption><\/figure><\/div>\n\n\n\n<p>CERLAC\u2019s Chile Project launched in 1980, two years after CERLAC\u2019s founding. It was one of CERLAC\u2019s responses to the 1960s-1970s wave of military coups referred to in Liisa North\u2019s post and sought to support social research in the country. Chile remained under military rule for 17 years, until 1990.<\/p>\n\n\n\n<p>The Project, at its peak in the mid-1980s, constituted the largest research program on Chile in any university in the world outside of Chile itself. It had about 25 members (Research Associates)\u2014faculty and doctoral students on the Canadian end, mainly but not only at 快播视频. Others participated in specific ways in particular projects (as computer and statistical specialists, for example). And we had <strong>many<\/strong> researcher counterparts we worked with in Chile.<\/p>\n\n\n\n<p>The energy driving the creation of the Project at first came from Chilean graduate students at York who had left in the wake of the coup. The two stand-outs driving the process forward then were Harry (Polo) D\u00edaz and Alejandro Rojas, who later became professors respectively at the Universities of Regina and British Columbia. They convinced me of the importance of creating such a project in CERLAC, and to be willing to be its Director. In that process, I decided I\u2019d need to go live in Chile to get to know the country from the inside. (I\u2019d previously lived in Spain, Mexico, Colombia and Ecuador.)<\/p>\n\n\n\n<p>So I went with wife and son to live and work in Chile for the first half of my 1982-83 sabbatical. (I returned ten times in research contexts.)<\/p>\n\n\n\n<p>Our airplane\u2019s arrival in Santiago indicated what lay ahead. Walking down the steps of the ramp to ground level, we passengers had grim-faced uniformed men with machine guns all the way down both sides of the ramp, their eyes locked on us, making an unspoken but clear statement: \u201cWatch out.\u201d Then after clearing border control (Polic\u00eda Internacional), my unavoidably expanded take-away thought was \u201cWatch out: we know you\u2019re here.\u201d Over time I acquired a lot of ways of dealing with this situation, mainly with the help of my increasingly numerous new Chilean friends, many of whom were ex-professors and ex-students having been expelled from their universities by the military administrators. Without them we wouldn\u2019t have been able to cope. They kept us safe as I came to know what <em>amedrentamiento<\/em> (intimidation, instillation of fear) feels like, and developed ways of adapting to it.<\/p>\n\n\n\n<p>I spent six months finding out about and visiting dissident research centers throughout the country. The evolving Chile Project worked with them, and found ways to help them, over more than ten years, and they helped us.<\/p>\n\n\n\n<p>The Project trickled out in the first half of the 1990s. The ending of the military dictatorship in 1990 removed much of the ethical passion that had fueled it.<\/p>\n\n\n\n<p><strong>Peter Landstreet (Department of Sociology) was CERLAC Deputy Director from 1982 to 1988.<\/strong><\/p>\n<\/div><\/div><\/div>\n\n\n\n<div class=\"wp-block-kadence-pane kt-accordion-pane kt-accordion-pane-4 kt-pane_44e05b-c2\"><div class=\"kt-accordion-header-wrap\"><button class=\"kt-blocks-accordion-header kt-acccordion-button-label-show\"><span class=\"kt-blocks-accordion-title-wrap\"><span class=\"kt-blocks-accordion-title\">\"Alan Simmons on CERLAC's Early Research on Immigrants, Migrants and Refugees\"<\/span><\/span><span class=\"kt-blocks-accordion-icon-trigger\"><\/span><\/button><\/div><div class=\"kt-accordion-panel kt-accordion-panel-hidden\"><div class=\"kt-accordion-panel-inner\">\n<p>In the 1980\u2019s CERLAC began to develop international migration research as a major thrust.<\/p>\n\n\n\n<p>Bloody civil wars in Central America over previous years had generated a flood of displaced people and refugees. As these wars wound down, the refugees wanted to know if they could return home to live in peace. NAFTA, not adopted until 1989, was on the horizon. Concerns were rising about the future impact of trade agreements on the rights of workers and migrants. Unprecedented numbers of undocumented migrants from around the world including the Americas were entering Canada to claim refugee status. Immigrants from the Caribbean and Latin America were calling for measures to address the racism they faced in Canada.<\/p>\n\n\n\n<p>CERLAC fellows, students, and partners in Canada and abroad responded vigorously to these issues. Looking back, here is what stands out for me.<\/p>\n\n\n\n<p>Exciting new studies were developed at CERLAC to examine how international migration\u2014covering broadly flows of immigrants, visa workers and refugees, along with trade, investment, human rights, and anti-racist policies that influence such flows\u2014could be shaped to favor regional well being and democratic development.<\/p>\n\n\n\n<p>The early research done at CERLAC contributed to significant developments in migration systems theory, a perspective that from its emergence in the late 1980s has generated new insights into links between migration, rights and development.<\/p>\n\n\n\n<p>Senior officials at York encouraged CERLAC\u2019s studies in this field to an unexpected degree. I recall that Harry Arthurs, President of 快播视频 at the time, came to listen to visitors speak and panels discuss what we were doing. He and several Vice-presidents and Deans provided encouragement and crucial initial support.<\/p>\n\n\n\n<p>Our exceptional partners were a key to success. I remember particularly the mutual support we developed early on with the Mexican human rights scholar, journalist and activist, Sergio Aguayo. Several individuals like Sergio who were involved early in our programs remain active collaborators and friends.<\/p>\n\n\n\n<p>The research I have described above helped to initiate an important transition in CERLAC\u2019s identity and mission. CERLAC was founded to advance research and knowledge of the Latin American and Caribbean regions. Beginning in the mid 1980s CERLAC added, as a major transformative step, new studies on the impact of Canadian trade, investment, and international migration on these regions and on immigrants and migrants from these regions in Canada. Among the first of many publications reflecting the new transnational mission was Frances Henry\u2019s widely cited book, Caribbean Diaspora in Toronto.<\/p>\n\n\n\n<p>International migration issues have become ever more complex and important over time. New themes\u2014transnational social networks, remittance flows, precarious migrant workers, border controls, and immigrant youth settlement\u2014have been added to CERLAC\u2019s original research agenda. Studies on these and other themes are still unfolding in a world facing new waves of undocumented migrants and troubling threats by wealthy nations to block them with walls and military intervention.<\/p>\n\n\n\n<p><strong>Alan Simmons (Department of Sociology) was CERLAC Director from 1985 to 1989 and Acting Director in 1999-2000.<\/strong><\/p>\n<\/div><\/div><\/div>\n\n\n\n<div class=\"wp-block-kadence-pane kt-accordion-pane kt-accordion-pane-5 kt-pane_53300b-73\"><div class=\"kt-accordion-header-wrap\"><button class=\"kt-blocks-accordion-header kt-acccordion-button-label-show\"><span class=\"kt-blocks-accordion-title-wrap\"><span class=\"kt-blocks-accordion-title\">\"Patrick Taylor on The Beginnings of Caribbean Studies at CERLAC\"<\/span><\/span><span class=\"kt-blocks-accordion-icon-trigger\"><\/span><\/button><\/div><div class=\"kt-accordion-panel kt-accordion-panel-hidden\"><div class=\"kt-accordion-panel-inner\">\n<p>Central Square cafeteria at 快播视频 in the early 1970s was a lively place for the West Indian students who gathered there following lectures to discuss issues of the day. What was going on in the Caribbean? Who were the visiting politicians in town? Which were the best student groups to join? What were the best courses, and who were the best professors? Who was going back home to contribute to building their newly independent nations?<\/p>\n\n\n\n<p>When I arrived at 快播视频 I found myself among first generation West Indian students who often talked about returning to get involved in the politics of the newly independent anglophone Caribbean territories. This was a time of political optimism, when differing socialist policies in Cuba, Guyana, and Jamaica seemed to provide positive options for change. Political perspectives varied, but were most divisive in the case of Guyana, where it was a question of Burnham versus Jagan.<\/p>\n\n\n\n<p>But this was also about Canada. Student groups brought in speakers like Dominica\u2019s Rosie Douglas, who had been jailed in Canada with other black students following the Sir George Williams incident in Montreal. Douglas did not come to speak about Black Power. He came to talk about racism in Canada, about the needs of working class persons of colour whom he had begun to work with and teach while in jail. As a white Barbadian immigrant, I had only heard the Sir George Williams incident described as a \u201criot.\u201d At my own high school in Barbados, opposition leader Tom Adams had come to our mainly black class to tell us that as an independent democratic nation we already had Black Power in Barbados. Adams would later become prime minister of Barbados and help the Americans invade Grenada. Douglas would become prime minister of Dominica.<\/p>\n\n\n\n<p>Interest in Latin America and the Caribbean following the Cuban Revolution and the new wave of immigrants from the region in the 1970s made possible the hiring of faculty at York and introduction of courses and an undergraduate programme in Latin American and Caribbean Studies. This was the basis on which CERLAC could later develop. As a graduate student at York in the late 1970s with an interest in the Caribbean, I heard that students were working with Louis Lefeber and Liisa North to develop a research centre focusing on the region, and by the time I was ready for postdoctoral research, I was pleased to be welcomed at CERLAC as a research associate.<\/p>\n\n\n\n<p>When Alan Simmons was appointed director of CERLAC his mandate included strengthening the Caribbean arm of CERLAC in response to continued pressure by faculty and graduate students. Michael Kaufmann was appointed deputy director, along with Peter Landstreet. Alan\u2019s interest in migration placed a strong emphasis on Caribbean immigrants coming to Canada, while Michael\u2019s interest focused on Jamaica under Manley and popular democracy in the region. With my own interest in contemporary culture, religion and politics in the Caribbean, I was welcomed by them. I recall on a research trip to Jamaica meeting up with Alan and his wife, Jean, who took me on a tour with them through Morant Bay and around to Port Antonio. On that same trip I met Judith Soares, with whom Michael had put me in touch, and she would become a close colleague and friend with whom I still collaborate.<\/p>\n\n\n\n<p>The Caribbean has played an important role in the development of CERLAC initiatives. In addition to major joint research and institutional development projects, the Caribbean component is notable in the Baptista lectures and scholarships, endowed by the Royal Bank and friends of Michael Baptista, a Guyanese-Canadian; the former Jagan lectures, a joint initiative between CERLAC and the Caribbean community; and the more recent Lukkari and Taylor scholarships for graduate students. Graduate students working on the Caribbean have organized study groups and workshops and participated actively in CALACS and other conferences hosted by CERLAC. Notably, one of Alan Simmons\u2019 graduate students, Dwaine Plaza, would become President of the Caribbean Studies Association, whose annual conferences in the Caribbean are attended by many York faculty and graduate students. Another York graduate, my colleague Andrea Davis, would become CERLAC\u2019s first director of Caribbean background and, subsequently, as chair of Humanities, would introduce York\u2019s new certificate in Black Canadian Studies.<\/p>\n\n\n\n<p><strong>Patrick Taylor was deputy director of CERLAC and graduate diploma program coordinator from 1995-1997.<\/strong><\/p>\n<\/div><\/div><\/div>\n\n\n\n<div class=\"wp-block-kadence-pane kt-accordion-pane kt-accordion-pane-6 kt-pane_9012c4-92\"><div class=\"kt-accordion-header-wrap\"><button class=\"kt-blocks-accordion-header kt-acccordion-button-label-show\"><span class=\"kt-blocks-accordion-title-wrap\"><span class=\"kt-blocks-accordion-title\">\"Patrick Taylor on The Jagan Lecture\"<\/span><\/span><span class=\"kt-blocks-accordion-icon-trigger\"><\/span><\/button><\/div><div class=\"kt-accordion-panel kt-accordion-panel-hidden\"><div class=\"kt-accordion-panel-inner\">\n<p>Over the years, 快播视频 has been host to a number of organized lecture series addressing issues of direct relevance to the Caribbean community in Toronto.&nbsp; These included the Caribbean Initiative Conferences organized by George Eaton in the early 1980s and the Elsa Goveia Lectures organized by David Trotman in subsequent years.&nbsp; The Jagan Lecture series was one of CERLAC\u2019s most successful contributions to this dialogue with the Caribbean community in Toronto, and coverage in the media sometimes reverberated back to Guyana and other Caribbean countries.<\/p>\n\n\n\n<div class=\"wp-block-image\"><figure class=\"alignleft\"><img loading=\"lazy\" decoding=\"async\" width=\"174\" height=\"117\" src=\"https:\/\/www.yorku.ca\/cerlac\/wp-content\/uploads\/sites\/259\/2018\/11\/Susan-Mann_Cheddi-Jagan.jpg\" alt=\"\" class=\"wp-image-3838\"\/><\/figure><\/div>\n\n\n\n<p><em>Susan Mann, President of 快播视频 signs exchange agreement with President Cheddi Jagan of Guyana<\/em><\/p>\n\n\n\n<p>For many years Dr. Cheddi Jagan, long-time leader of the People\u2019s Progressive Party in Guyana and one of the key architects of Guyanese independence, found himself no more than opposition leader in Guyana.&nbsp; With the passing of Forbes Burnham and the opening of the electoral system, Jagan was elected President in 1992 and there was growing international interest in Guyana\u2019s future potential and Jagan\u2019s growing profile as an international spokesperson for developing nations. At the time, Frank Birbalsingh was negotiating an exchange agreement between 快播视频 and the University of Guyana. At his recommendation, CERLAC invited Jagan to give the keynote opening address at CALACS\u2019s 27<sup>th<\/sup> Annual Congress, hosted by CERLAC in 1996. &nbsp;Covered widely by the Toronto and Caribbean media, Jagan presented his vision of a new global human order, made possible by debt relief and sustainable development. Jagan\u2019s passing on March 6, 1997 was a major loss to the Caribbean community, and it generated a desire to commemorate his contributions.<\/p>\n\n\n\n<p>Frank Birbalsingh again approached CERLAC and, together with Ramabai Espinet (Seneca College) and Chandra Budhu (George Brown College), proposed a series of lectures in Jagan\u2019s honour.&nbsp; CERLAC embraced the project, as did York International, and a joint committee with representatives of the community, York International and CERLAC was struck to generate speakers and organize the lectures. From the beginning the series was intended to be non-partisan, interdisciplinary and broadly Caribbean in orientation, recognizing the ethnic and geographical complexity of the Caribbean, and acknowledging the strengths and limits of Jagan\u2019s contributions.<\/p>\n\n\n\n<p>The committee felt that it was appropriate to build on the momentum of Jagan\u2019s previous presentations at York by inviting another very high profile speaker to launch the series, and it selected his wife, Janet Jagan, who replaced Jagan as President of Guyana. Co-founder of the People\u2019s Progressive Party, Janet Jagan spoke passionately about her husband\u2019s legacy in the context of Guyanese history and politics to a packed audience at 快播视频 in March 1999.&nbsp; She was followed the next year by Winston Dookeran, Governor, Central Bank of Trinidad and Tobago, whose lecture focused on development challenges for small states.<\/p>\n\n\n\n<p>The organizers did not shy away from controversy and selected as its next speaker the well-known Trinidadian thinker and political activist, Lloyd Best, whose presentation in 2001 was on race, class and ethnicity in the Caribbean. Paying tribute to Jagan\u2019s contribution, Best did not hesitate to critique post-independence Caribbean leadership of all persuasions, including Jagan\u2019s, in a talk spiced with humour, that analyzed the complexities of Caribbean society and politics and called for a new Caribbean-based understanding of the region.<\/p>\n\n\n\n<p>Subsequent speakers in the series included one of the Anglophone Caribbean\u2019s most famous novelists, Barbadian George Lamming, who had friendly relations with Jagan, and whose lecture in 2002 on language, politics and ethnicity in the Caribbean was notable, in part, for the number of Toronto-based Caribbean novelists in attendance. Lamming was followed in 2004 by renowned literary and cultural scholar, J. Michael Dash, who lectured on the Haitian Revolution and Haiti\u2019s enduring symbolic legacy through to the 21st Century.&nbsp; Not to be outdone was Carolyn Cooper, the riotously outspoken feminist scholar of Jamaican popular culture, who presented on the sexual politics of dancehall culture in 2005.&nbsp; Finally, in 2007 historian Walton Look Lai recounted the history and explained the significance of East and South Asian indentureship in the Caribbean.<\/p>\n\n\n\n<p>What was most remarkable about the Jagan lectures was the way in which a vision of a Caribbean lecture series was successfully generated by the Caribbean community for the community with dedicated support from CERLAC and York.&nbsp; Funds for the talks were generously contributed by various bodies across the university, Caribbean embassies and consulates, and airline partners.&nbsp; However, without a lasting endowment the series would eventually come to an end, but not without making its mark on CERLAC and the wider Caribbean and Toronto communities.&nbsp; Other prominent lecture series hosted by CERLAC have now replaced the Jagan Lectures, including the Diana Massiah Lectures (2013-2015) and the ongoing Michael Baptista Lectures, generously endowed by the Royal Bank and the Friends of Michael Baptista.<\/p>\n\n\n\n<p><em>Note:&nbsp; For the full list of Jagan Lectures, many of them with attached pdf files of the lectures, see <\/em><a href=\"https:\/\/cerlac.info.yorku.ca\/news-and-events\/lectures\/\" target=\"_blank\" rel=\"noreferrer noopener\"><em>https:\/\/cerlac.info.yorku.ca\/news-and-events\/lectures\/<\/em><\/a><\/p>\n\n\n\n<p><strong>Patrick Taylor was deputy director of CERLAC and graduate diploma program coordinator from 1995-1997.<\/strong><\/p>\n<\/div><\/div><\/div>\n\n\n\n<div class=\"wp-block-kadence-pane kt-accordion-pane kt-accordion-pane-7 kt-pane_cd318a-1c\"><div class=\"kt-accordion-header-wrap\"><button class=\"kt-blocks-accordion-header kt-acccordion-button-label-show\"><span class=\"kt-blocks-accordion-title-wrap\"><span class=\"kt-blocks-accordion-title\">\"Liisa North on CERLAC's Central American Engagements\"<\/span><\/span><span class=\"kt-blocks-accordion-icon-trigger\"><\/span><\/button><\/div><div class=\"kt-accordion-panel kt-accordion-panel-hidden\"><div class=\"kt-accordion-panel-inner\">\n<p>The revolutionary movements and civil wars of Central America in the 1980s and 1990s attracted attention and intense debate all over Canada, not least among graduate students and faculty at 快播视频. They became immersed in a series of collaborative initiatives organized by CERLAC with Canadian institutions, such as the Canadian Association of Latin American and Caribbean Studies (CALACS), and Latin American institutions like the various campuses of the Latin American Faculty of Social Sciences (FLACSO).<\/p>\n\n\n\n<p>In Canada, CERLAC worked with the Toronto-based Jesuit Centre for Social Faith and Justice in research and advocacy to promote peace negotiations in the region. The Jesuit Centre housed Canada-Caribbean-Central America Policy Alternatives (CAPA), a network of scholars and activists inspired by Basque-Nicaraguan Jesuit Xavier Gorostiaga and sustained by a number of Canadian NGOs, the Latin American Working Group (LAWG) principal among them.<\/p>\n\n\n\n<p>Between 1985 and 1988, with a generous grant from the Canadian Institute for International Peace and Security (CIIPS), CAPA-CERLAC organized three Roundtables for Peace in the halls of parliament in Ottawa. CAPA\u2019s efforts and the personal support of CCIPS\u2019 director, Geoffrey Pearson, drew participants from Canada\u2019s ministry of foreign affairs, parliamentarians from all federal parties, and staff from national development agencies and international organizations, the United Nations and the Organization of American States (OAS) among them; they also attracted scholars and activists invited to form part of the roundtable dialogues from a variety of Canadian, European, United States, and Central American universities and institutions, FLACSO campuses among them.<\/p>\n\n\n\n<p>The published reports, research papers, dissertations, and books that emerged out of the roundtable exchanges over the course of the 1985-1987 events and in the years following them included works by numerous CERLAC-based graduate students and faculty. CAPA\u2019s meeting minutes, reports, and publications can now be found in CERLAC\u2019s Resource Center, along with LAWG\u2019s library of documents and collection of \u2018ephemera\u2019 from Central American human rights agencies, church-based centers, peasant organizations, labor unions, and other institutions. The documentation that was collected by LAWG from its networks in the region and in Canada is unequaled in range and depth.<\/p>\n\n\n\n<p>The York-based Roundtable \u2018aides\u2019 who later completed dissertations and books on Central American issues now teach at the University of Windsor (Tanya Basok), Carleton University (Laura MacDonald), and University of Ottawa (Stephen Baranyi). Others who collaborated in other CAPA activities and publications are now teaching at the University of Guelph (Lisa Kowalchuk), Wilfrid Laurier University (Yasmine Shamsie), the University of New Brunswick (Thom Workman), and Ryerson University (Cecilia Rocha). Still others, who went on to work at various development-promotion and human rights agencies, gained valuable experience through their participation in the organization of the Roundtables and numerous other activities that focused on supporting refugees and the peaceful resolution of the wars that raged in Central America during the 1980s and early 1990s.<\/p>\n\n\n\n<p><strong>Liisa North (Department of Politics) was CERLAC\u2019s Director from 1989 to 1991 and served as Acting or Deputy Director at various points in the 1970s and 1980s.<\/strong><\/p>\n<\/div><\/div><\/div>\n\n\n\n<div class=\"wp-block-kadence-pane kt-accordion-pane kt-accordion-pane-8 kt-pane_326b33-b3\"><div class=\"kt-accordion-header-wrap\"><button class=\"kt-blocks-accordion-header kt-acccordion-button-label-show\"><span class=\"kt-blocks-accordion-title-wrap\"><span class=\"kt-blocks-accordion-title\">\"Harry Smaller on the YORK\/CERLAC-URACCAN Linkage Project\"<\/span><\/span><span class=\"kt-blocks-accordion-icon-trigger\"><\/span><\/button><\/div><div class=\"kt-accordion-panel kt-accordion-panel-hidden\"><div class=\"kt-accordion-panel-inner\">\n<p>There were many reasons for founding the York\/CERLAC-URACCAN linkage project in the mid-1990s. Predominant among them was the affinity which many CERLAC Fellows and students held for this small Central American country \u2013 its geography, its biodiversity, its multi-ethnic population, not to mention its rich pre-colonial and colonial history, and its success in shedding itself of a repressive dictatorship in 1979.&nbsp; All of these factors weighed heavily in the minds (and hearts) of the faculty, students, and staff who came together in 1995 to plan, and advocate for, innovative and meaningful collaboration between York\/CERLAC and the newly-founded University of the Autonomous Regions of the Caribbean Coast of Nicaragua (Spanish acronym URACCAN). Several among them already had strong links in Nicaragua, mainly through the many Canadian-Nicaraguan solidarity organizations that sprung up after 1979 &nbsp;(e.g., Tools for Peace, Canadian Action for Nicaragua, Trucks to Nicaragua, Casa Canadiense).<\/p>\n\n\n\n<p>The Caribbean coastal region of Nicaragua is unique. While it comprises well over half the land mass of the country, it contains only about ten percent of its population. &nbsp;And a diverse region it is, including the largest Afro-descendent population in Central America and several distinct Indigenous groups (Miskitu, Mayagna\/Sumo, Rama), along with a significant \u201cmestizo\u201d component.&nbsp; While Spanish is the dominant language of the Coast, Creole English is spoken by many, while both the Miskitu and Mayagna communities maintain their own strong Indigenous language traditions.<\/p>\n\n\n\n<p>Out of this diversity, and in the aftermath of the successful Sandinista revolution, URACCAN was founded \u2013 the first autonomous post-secondary institution in the region. It was unique in many ways. &nbsp;A truly \u201cgrass roots\u201d organization, all ethnic groups were guaranteed seats on the governing board. &nbsp;Campuses were established in various parts of the region to ensure access to all, Coastal residents were given priority for faculty appointments, curriculum&nbsp; reflected the Coastal context, and a vast majority of students were awarded bursaries to cover their expenses. The university\u2019s goals were clear: to educate and train local residents, so that they might work to promote the cultural, economic, and social development of the region, through poverty alleviation, sustainable development, and community development.<\/p>\n\n\n\n<p>Planning for the CIDA*-funded York\/CERLAC Linkage Project was extensive. In addition to &nbsp;considerable discussion at York,&nbsp; it involved exchange trips between York and URACCAN faculty and administrators to ensure agreement on a truly egalitarian agenda. The project ran for six years and consisted of several major components.&nbsp; Prime among these were the opportunities created for URACCAN faculty members to gain graduate degrees through 快播视频.&nbsp; About 20 participated in a specially-developed Interdisciplinary Studies Masters\u2019 program, with a number of condensed courses offered over three years on the Coast by faculty from York and other Canadian universities whose faculty member also supervised theses. In addition, six URACCAN professors were funded to spend a year at York, pursuing specialized graduate degrees. &nbsp;Other project components included funds for augmenting research capacity and the collections of URACCAN libraries on its various campuses. Support for community-based outreach programs were also offered to residents across the Coast.<\/p>\n\n\n\n<p>With campuses in four municipalities,&nbsp; URACCAN continues to build on \u201cthe Coast\u201d today\u2013 not least because of its strong connections to York and other universities in the hemisphere.<\/p>\n\n\n\n<p>*&nbsp; CIDA, the Canadian International Development Agency, was dissolved in&nbsp; 2013, with development assistance folded into a new ministry of Global Affairs.<\/p>\n\n\n\n<p><strong>Harry Smaller (Faculty of Education) is a CERLAC Emeritus Fellow.<\/strong><\/p>\n<\/div><\/div><\/div>\n<\/div><\/div><\/div>\n\n\n\n<div style=\"height:40px\" aria-hidden=\"true\" class=\"wp-block-spacer\"><\/div>\n\n\n\n<hr class=\"wp-block-separator\"\/>\n\n\n\n<div style=\"height:30px\" aria-hidden=\"true\" class=\"wp-block-spacer\"><\/div>\n\n\n\n<h2 class=\"has-very-dark-gray-color has-text-color wp-block-heading\">Former Students<\/h2>\n\n\n<style>.kt-accordion-id_61c2ca-23 .kt-accordion-inner-wrap{column-gap:var(--global-kb-gap-md, 2rem);row-gap:10px;}.kt-accordion-id_61c2ca-23 .kt-accordion-panel-inner{border-top-width:0px;border-right-width:1px;border-bottom-width:1px;border-left-width:1px;background:#ffffff;padding-top:var(--global-kb-spacing-sm, 1.5rem);padding-right:var(--global-kb-spacing-sm, 1.5rem);padding-bottom:var(--global-kb-spacing-sm, 1.5rem);padding-left:var(--global-kb-spacing-sm, 1.5rem);}.kt-accordion-id_61c2ca-23 > .kt-accordion-inner-wrap > .wp-block-kadence-pane > .kt-accordion-header-wrap > .kt-blocks-accordion-header{border-top-color:#eeeeee;border-right-color:#eeeeee;border-bottom-color:#eeeeee;border-left-color:#eeeeee;border-top-width:1px;border-right-width:1px;border-bottom-width:1px;border-left-width:2px;border-top-left-radius:0px;border-top-right-radius:0px;border-bottom-right-radius:0px;border-bottom-left-radius:0px;background:#ffffff;font-size:18px;line-height:24px;color:#444444;padding-top:14px;padding-right:16px;padding-bottom:14px;padding-left:16px;}.kt-accordion-id_61c2ca-23:not( .kt-accodion-icon-style-basiccircle ):not( .kt-accodion-icon-style-xclosecircle ):not( .kt-accodion-icon-style-arrowcircle )  > .kt-accordion-inner-wrap > .wp-block-kadence-pane > .kt-accordion-header-wrap .kt-blocks-accordion-icon-trigger:after, .kt-accordion-id_61c2ca-23:not( .kt-accodion-icon-style-basiccircle ):not( .kt-accodion-icon-style-xclosecircle ):not( .kt-accodion-icon-style-arrowcircle )  > .kt-accordion-inner-wrap > .wp-block-kadence-pane > .kt-accordion-header-wrap .kt-blocks-accordion-icon-trigger:before{background:#444444;}.kt-accordion-id_61c2ca-23:not( .kt-accodion-icon-style-basic ):not( .kt-accodion-icon-style-xclose ):not( .kt-accodion-icon-style-arrow ) .kt-blocks-accordion-icon-trigger{background:#444444;}.kt-accordion-id_61c2ca-23:not( .kt-accodion-icon-style-basic ):not( .kt-accodion-icon-style-xclose ):not( .kt-accodion-icon-style-arrow ) .kt-blocks-accordion-icon-trigger:after, .kt-accordion-id_61c2ca-23:not( .kt-accodion-icon-style-basic ):not( .kt-accodion-icon-style-xclose ):not( .kt-accodion-icon-style-arrow ) .kt-blocks-accordion-icon-trigger:before{background:#ffffff;}.kt-accordion-id_61c2ca-23 > .kt-accordion-inner-wrap > .wp-block-kadence-pane > .kt-accordion-header-wrap > .kt-blocks-accordion-header:hover, \n\t\t\t\tbody:not(.hide-focus-outline) .kt-accordion-id_61c2ca-23 .kt-blocks-accordion-header:focus-visible{color:#444444;background:#ffffff;border-top-color:#d4d4d4;border-right-color:#d4d4d4;border-bottom-color:#d4d4d4;border-left-color:#d4d4d4;}.kt-accordion-id_61c2ca-23:not( .kt-accodion-icon-style-basiccircle ):not( .kt-accodion-icon-style-xclosecircle ):not( .kt-accodion-icon-style-arrowcircle ) .kt-accordion-header-wrap .kt-blocks-accordion-header:hover .kt-blocks-accordion-icon-trigger:after, .kt-accordion-id_61c2ca-23:not( .kt-accodion-icon-style-basiccircle ):not( .kt-accodion-icon-style-xclosecircle ):not( .kt-accodion-icon-style-arrowcircle ) .kt-accordion-header-wrap .kt-blocks-accordion-header:hover .kt-blocks-accordion-icon-trigger:before, body:not(.hide-focus-outline) .kt-accordion-id_61c2ca-23:not( .kt-accodion-icon-style-basiccircle ):not( .kt-accodion-icon-style-xclosecircle ):not( .kt-accodion-icon-style-arrowcircle ) .kt-blocks-accordion--visible .kt-blocks-accordion-icon-trigger:after, body:not(.hide-focus-outline) .kt-accordion-id_61c2ca-23:not( .kt-accodion-icon-style-basiccircle ):not( .kt-accodion-icon-style-xclosecircle ):not( .kt-accodion-icon-style-arrowcircle ) .kt-blocks-accordion-header:focus-visible .kt-blocks-accordion-icon-trigger:before{background:#444444;}.kt-accordion-id_61c2ca-23:not( .kt-accodion-icon-style-basic ):not( .kt-accodion-icon-style-xclose ):not( .kt-accodion-icon-style-arrow ) .kt-accordion-header-wrap .kt-blocks-accordion-header:hover .kt-blocks-accordion-icon-trigger, body:not(.hide-focus-outline) .kt-accordion-id_61c2ca-23:not( .kt-accodion-icon-style-basic ):not( .kt-accodion-icon-style-xclose ):not( .kt-accodion-icon-style-arrow ) .kt-accordion-header-wrap .kt-blocks-accordion-header:focus-visible .kt-blocks-accordion-icon-trigger{background:#444444;}.kt-accordion-id_61c2ca-23:not( .kt-accodion-icon-style-basic ):not( .kt-accodion-icon-style-xclose ):not( .kt-accodion-icon-style-arrow ) .kt-accordion-header-wrap .kt-blocks-accordion-header:hover .kt-blocks-accordion-icon-trigger:after, .kt-accordion-id_61c2ca-23:not( .kt-accodion-icon-style-basic ):not( .kt-accodion-icon-style-xclose ):not( .kt-accodion-icon-style-arrow ) .kt-accordion-header-wrap .kt-blocks-accordion-header:hover .kt-blocks-accordion-icon-trigger:before, body:not(.hide-focus-outline) .kt-accordion-id_61c2ca-23:not( .kt-accodion-icon-style-basic ):not( .kt-accodion-icon-style-xclose ):not( .kt-accodion-icon-style-arrow ) .kt-accordion-header-wrap .kt-blocks-accordion-header:focus-visible .kt-blocks-accordion-icon-trigger:after, body:not(.hide-focus-outline) .kt-accordion-id_61c2ca-23:not( .kt-accodion-icon-style-basic ):not( .kt-accodion-icon-style-xclose ):not( .kt-accodion-icon-style-arrow ) .kt-accordion-header-wrap .kt-blocks-accordion-header:focus-visible .kt-blocks-accordion-icon-trigger:before{background:#ffffff;}.kt-accordion-id_61c2ca-23 .kt-accordion-header-wrap .kt-blocks-accordion-header:focus-visible,\n\t\t\t\t.kt-accordion-id_61c2ca-23 > .kt-accordion-inner-wrap > .wp-block-kadence-pane > .kt-accordion-header-wrap > .kt-blocks-accordion-header.kt-accordion-panel-active{color:#444444;background:#ffffff;border-top-color:#eeeeee;border-right-color:#eeeeee;border-bottom-color:#eeeeee;border-left-color:#0e9cd1;}.kt-accordion-id_61c2ca-23:not( .kt-accodion-icon-style-basiccircle ):not( .kt-accodion-icon-style-xclosecircle ):not( .kt-accodion-icon-style-arrowcircle )  > .kt-accordion-inner-wrap > .wp-block-kadence-pane > .kt-accordion-header-wrap > .kt-blocks-accordion-header.kt-accordion-panel-active .kt-blocks-accordion-icon-trigger:after, .kt-accordion-id_61c2ca-23:not( .kt-accodion-icon-style-basiccircle ):not( .kt-accodion-icon-style-xclosecircle ):not( .kt-accodion-icon-style-arrowcircle )  > .kt-accordion-inner-wrap > .wp-block-kadence-pane > .kt-accordion-header-wrap > .kt-blocks-accordion-header.kt-accordion-panel-active .kt-blocks-accordion-icon-trigger:before{background:#444444;}.kt-accordion-id_61c2ca-23:not( .kt-accodion-icon-style-basic ):not( .kt-accodion-icon-style-xclose ):not( .kt-accodion-icon-style-arrow ) .kt-blocks-accordion-header.kt-accordion-panel-active .kt-blocks-accordion-icon-trigger{background:#444444;}.kt-accordion-id_61c2ca-23:not( .kt-accodion-icon-style-basic ):not( .kt-accodion-icon-style-xclose ):not( .kt-accodion-icon-style-arrow ) .kt-blocks-accordion-header.kt-accordion-panel-active .kt-blocks-accordion-icon-trigger:after, .kt-accordion-id_61c2ca-23:not( .kt-accodion-icon-style-basic ):not( .kt-accodion-icon-style-xclose ):not( .kt-accodion-icon-style-arrow ) .kt-blocks-accordion-header.kt-accordion-panel-active .kt-blocks-accordion-icon-trigger:before{background:#ffffff;}@media all and (max-width: 767px){.kt-accordion-id_61c2ca-23 .kt-accordion-inner-wrap{display:block;}.kt-accordion-id_61c2ca-23 .kt-accordion-inner-wrap .kt-accordion-pane:not(:first-child){margin-top:10px;}}<\/style>\n<div class=\"wp-block-kadence-accordion alignnone\"><div class=\"kt-accordion-wrap kt-accordion-wrap kt-accordion-id_61c2ca-23 kt-accordion-has-3-panes kt-active-pane-0 kt-accordion-block kt-pane-header-alignment-left kt-accodion-icon-style-arrow kt-accodion-icon-side-right\" style=\"max-width:none\"><div class=\"kt-accordion-inner-wrap\" data-allow-multiple-open=\"false\" data-start-open=\"none\">\n<div class=\"wp-block-kadence-pane kt-accordion-pane kt-accordion-pane-1 kt-pane_02c85d-27\"><div class=\"kt-accordion-header-wrap\"><button class=\"kt-blocks-accordion-header kt-acccordion-button-label-show\"><span class=\"kt-blocks-accordion-title-wrap\"><span class=\"kt-blocks-accordion-title\">\"Pablo Andrade - Hay m\u00e9todo en esta locura\"<\/span><\/span><span class=\"kt-blocks-accordion-icon-trigger\"><\/span><\/button><\/div><div class=\"kt-accordion-panel kt-accordion-panel-hidden\"><div class=\"kt-accordion-panel-inner\">\n<p>Mi conocimiento sobre CERLAC antes de 1993 era b\u00e1sico, y cuando llegu\u00e9 a \u00e9l en 1997, me di cuenta que una buena parte de lo que cre\u00eda saber era un collage hecho por fragmentos de realidad y mi propia fantas\u00eda. En mi cabeza el Centro era una organizaci\u00f3n enorme, con amplios recursos econ\u00f3micos, dedicada a fortalecer el pensamiento cr\u00edtico en Am\u00e9rica Latina. Hab\u00eda llegado a esa conclusi\u00f3n porque como estudiante de la Facultad Latinoamericana de Ciencias Sociales, Ecuador (FLACSO-E) conoc\u00eda de un programa de apoyo de la Universidad de York (canalizado a trav\u00e9s de CERLAC) a FLACSO para fortalecer el desarrollo de una comunidad acad\u00e9mica en ese momento todav\u00eda embrionaria.<\/p>\n\n\n\n<p>Para m\u00ed el Centro estaba asociado a nombres de personajes casi m\u00edticos: Louis Lefeber, Liisa North, Juan Maiguashca, Ricardo Grinspun, Allan Simmons, todos involucrados en la creaci\u00f3n de conocimientos rigurosamente cr\u00edticos de la ortodoxia dominante sobre la democracia y el desarrollo ecuatorianos y latinoamericanos. Han pasado 23 a\u00f1os desde mi primer contacto real con una de esas personas. Liisa North ofreci\u00f3 una charla sobre la econom\u00eda pol\u00edtica del desarrollo en Am\u00e9rica Latina cuya impresi\u00f3n en m\u00ed perdura hasta ahora. Mi admiraci\u00f3n por el Centro, su trabajo y sus miembros, no tard\u00f3 en convertirse en deseo por visitarlo alguna vez, y tal vez hacer mi doctorado en York. Fantas\u00eda que termin\u00f3 realiz\u00e1ndose el a\u00f1o 1997, gracias al patrocinio de Liisa.<\/p>\n\n\n\n<p>Septiembre de 1997, el CERLAC real ciertamente no era que el yo ten\u00eda en mi cabeza; era mejor: una organizaci\u00f3n peque\u00f1a, limitada en recursos monetarios, poblada por personas amables, abiertas, igualitarias en su trato, que lo miraban a uno con curiosidad apenas reprimida. Mi beca me permit\u00eda ser Research Assistant en el peque\u00f1o y denso centro de documentaci\u00f3n, y mi tarea era relativamente simple: continuar una clasificaci\u00f3n que alguien antes hab\u00eda empezado, y registrar los libros y documentos en una base de datos. Descubr\u00ed al recorrer los estrechos pero ordenados pasillos \u2013el centro a pesar de contener ideas incendiarias no pod\u00eda ser una amenaza de fuego para la Universidad- que me adentraba en una serie de debates intelectuales y pol\u00edticos que me eran en gran parte desconocidos. No exagero si digo que la inspiraci\u00f3n fundamental para mi tesis doctoral naci\u00f3 de esas tareas y paseos.<\/p>\n\n\n\n<p>Los tiempos heroicos de la izquierda latinoamericana en el exilio acogida por una universidad \u201croja\u201d hab\u00edan quedado atr\u00e1s; sin embargo, el esp\u00edritu y la acci\u00f3n cr\u00edtica segu\u00edan presentes en las sesiones del almuerzo, en el encuentro cotidiano con otros estudiantes graduados y sus preguntas. Los personajes m\u00edticos \u2013mejor a\u00fan, las personas de carne y hueso- segu\u00edan produciendo conocimientos poco convencionales que revelaban aspectos inc\u00f3modos de la realidad.<\/p>\n\n\n\n<p>La joven tradici\u00f3n de 40 a\u00f1os contin\u00faa; yo he tratado de transmitirla y ampliarla ac\u00e1, en Ecuador. Supongo que no muy objetivamente porque m\u00e1s de uno de mis estudiantes me ha confesado su deseo de ver con sus propios ojos ese rinc\u00f3n del lejano Norte.<\/p>\n\n\n\n<p><strong>Pablo Andrade is a Professor at the Universidad Andina Simon Bolivar in Ecuador<\/strong>.<\/p>\n<\/div><\/div><\/div>\n\n\n\n<div class=\"wp-block-kadence-pane kt-accordion-pane kt-accordion-pane-2 kt-pane_e863a1-b5\"><div class=\"kt-accordion-header-wrap\"><button class=\"kt-blocks-accordion-header kt-acccordion-button-label-show\"><span class=\"kt-blocks-accordion-title-wrap\"><span class=\"kt-blocks-accordion-title\">\"Fernando Mata - CERLAC in the 80's\"<\/span><\/span><span class=\"kt-blocks-accordion-icon-trigger\"><\/span><\/button><\/div><div class=\"kt-accordion-panel kt-accordion-panel-hidden\"><div class=\"kt-accordion-panel-inner\">\n<div class=\"wp-block-image\"><figure class=\"alignleft size-large is-resized\"><img loading=\"lazy\" decoding=\"async\" src=\"https:\/\/www.yorku.ca\/cerlac\/wp-content\/uploads\/sites\/259\/2019\/03\/Fernando-Mata.jpg\" alt=\"\" class=\"wp-image-3964\" width=\"283\" height=\"251\" srcset=\"https:\/\/www.yorku.ca\/cerlac\/wp-content\/uploads\/sites\/259\/2019\/03\/Fernando-Mata.jpg 590w, https:\/\/www.yorku.ca\/cerlac\/wp-content\/uploads\/sites\/259\/2019\/03\/Fernando-Mata-300x266.jpg 300w\" sizes=\"auto, (max-width: 283px) 100vw, 283px\" \/><\/figure><\/div>\n\n\n\n<p>My experience with CERLAC covers the period 1981-88 when it was located in Founder's College. It created an atmosphere that helped me in defining my academic interests and orientation in life. In, particular a better understanding of the \"push\" factors that led many people left their homelands to start a new life in Canada. It is this context where I surmised ideas regarding the four central waves that formed the demographic basis of the community: Eurolatinos, Andeans, Coup-\"fleers\" and Central Americans.<\/p>\n\n\n\n<p>The interaction with professors, staff and colleague students was pivotal in this respect. In those days, Professors Landstreet, Lefeber, Simmons, North and others became inspirational figures for many students who wanted to find a home for their academic goals. Their constant guidance and sometimes \"feverish\" roster of activities kept the flame of Latin American and Caribbean studies alive while creating stronger links with universities around the world.<\/p>\n\n\n\n<p>Liddy Gomez was another person I fondly remember in those days as she always welcomed us with a smile from her desk every time we arrived to used the facilities. In the CERLAC environment of the 80s, every student was regarded as unique and respected as a carrier of knowledge and vocation of service to their countries and communities.<\/p>\n\n\n\n<p>On the occasion of the 40th CERLAC anniversary, I would like to congratulate all professors, students and administrative staff who represent this institution today and wish them from Ottawa great success in their academic and professional journeys.<\/p>\n\n\n\n<p><strong>Fernando Mata is a Professor at the School of Sociological and Anthropological Studies at the University of Ottawa<\/strong><\/p>\n<\/div><\/div><\/div>\n\n\n\n<div class=\"wp-block-kadence-pane kt-accordion-pane kt-accordion-pane-3 kt-pane_c0febe-b1\"><div class=\"kt-accordion-header-wrap\"><button class=\"kt-blocks-accordion-header kt-acccordion-button-label-show\"><span class=\"kt-blocks-accordion-title-wrap\"><span class=\"kt-blocks-accordion-title\">\"Gavin Fridell - CERLAC in the 90's\"<\/span><\/span><span class=\"kt-blocks-accordion-icon-trigger\"><\/span><\/button><\/div><div class=\"kt-accordion-panel kt-accordion-panel-hidden\"><div class=\"kt-accordion-panel-inner\">\n<p>When I think back on CERLAC and my years at York as a graduate student in the late 1990s and early 2000s, what really stands out to me is how so much of what CERLAC did, and continues to do, as a research institution centered around a unique and active sense of solidarity. This occurred on many levels, with CERLAC serving as a vibrant node of activity, with visiting scholars and speakers from Latin America, students presenting their work from faculties across the campus, workshops organized with global scholars across Canada and the Global South (beyond Latin America), and a vibrant sense of both scholarly engagement and pragmatic concerns. As a PhD student from Political Science, CERLAC was really a door to a wider, interdisciplinary world, as well as a launching pad to experience global cooperation and understanding.<\/p>\n\n\n\n<p>What really sticks in my mind, given my own research agenda on fair trade, which was the focus of my PhD Dissertation, was the many ways in which CERLAC spurred debate and activities on corporate social responsibility in a manner which reflects its uniqueness as a centre aimed both at pragmatic action and critical self-reflection. On the one hand, CERLAC engaged cooperatively with many other groups on campus, including the Las Nubes project, the Business and Society Program (BUSO), the International Secretariat for Human Development, and the fair trade campus campaign at the time, to promote fair trade on campus, organize fair trade events and workshops with speakers from Latin America, post fair trade working papers, and offer a venue for many York scholars engaged with fair trade and corporate social responsibility. At the same time, CERLAC also spurred critical debate on the limits of ethical trade, pushing the discussion beyond ethical consumerism and toward regulating corporate behavior, in particular in the mining sector but also as a general trend within CERLAC research and events.<\/p>\n\n\n\n<p>My own supervisor, the exceptional Dr. Liisa North, played this role with my research, always encouraging me to think through the issues around fair trade critically, while still pushing ahead with solidarity campaigns and pursuing social justice initiatives where the openings existed. To this day, in my mind, I still strive to carry on this CERLAC legacy, developing critical ideas and engagements around ethical trade and corporate social responsibility, while at the same time exploring opportunities to work with fair traders in solidarity, and to promote and encourage the best kinds of trade justice projects. CERLAC is really the sort of dynamic and engaged research centre that every university needs.<\/p>\n\n\n\n<p><strong>Gavin Fridell is Canada Research Chair and Associate Professor of International Development Studies at Saint Mary\u2019s University in Halifax<\/strong><\/p>\n<\/div><\/div><\/div>\n<\/div><\/div><\/div>\n\n\n\n<div style=\"height:30px\" aria-hidden=\"true\" class=\"wp-block-spacer\"><\/div>\n\n\n\n<hr class=\"wp-block-separator\"\/>\n\n\n\n<div style=\"height:20px\" aria-hidden=\"true\" class=\"wp-block-spacer\"><\/div>\n\n\n\n<h2 class=\"has-very-dark-gray-color has-text-color wp-block-heading\">Current Students<\/h2>\n\n\n<style>.kt-accordion-id_4ffcb2-6d .kt-accordion-inner-wrap{column-gap:var(--global-kb-gap-md, 2rem);row-gap:8px;}.kt-accordion-id_4ffcb2-6d .kt-accordion-panel-inner{border-top-width:0px;border-right-width:0px;border-bottom-width:0px;border-left-width:0px;background:#ffffff;padding-top:var(--global-kb-spacing-sm, 1.5rem);padding-right:var(--global-kb-spacing-sm, 1.5rem);padding-bottom:var(--global-kb-spacing-sm, 1.5rem);padding-left:var(--global-kb-spacing-sm, 1.5rem);}.kt-accordion-id_4ffcb2-6d > .kt-accordion-inner-wrap > .wp-block-kadence-pane > .kt-accordion-header-wrap > .kt-blocks-accordion-header{border-top-color:#f2f2f2;border-right-color:#f2f2f2;border-bottom-color:#f2f2f2;border-left-color:#f2f2f2;border-top-width:0px;border-right-width:0px;border-bottom-width:4px;border-left-width:0px;border-top-left-radius:0px;border-top-right-radius:0px;border-bottom-right-radius:0px;border-bottom-left-radius:0px;background:#ffffff;font-size:18px;line-height:24px;color:#444444;padding-top:14px;padding-right:10px;padding-bottom:6px;padding-left:16px;}.kt-accordion-id_4ffcb2-6d:not( .kt-accodion-icon-style-basiccircle ):not( .kt-accodion-icon-style-xclosecircle ):not( .kt-accodion-icon-style-arrowcircle )  > .kt-accordion-inner-wrap > .wp-block-kadence-pane > .kt-accordion-header-wrap .kt-blocks-accordion-icon-trigger:after, .kt-accordion-id_4ffcb2-6d:not( .kt-accodion-icon-style-basiccircle ):not( .kt-accodion-icon-style-xclosecircle ):not( .kt-accodion-icon-style-arrowcircle )  > .kt-accordion-inner-wrap > .wp-block-kadence-pane > .kt-accordion-header-wrap .kt-blocks-accordion-icon-trigger:before{background:#444444;}.kt-accordion-id_4ffcb2-6d:not( .kt-accodion-icon-style-basic ):not( .kt-accodion-icon-style-xclose ):not( .kt-accodion-icon-style-arrow ) .kt-blocks-accordion-icon-trigger{background:#444444;}.kt-accordion-id_4ffcb2-6d:not( .kt-accodion-icon-style-basic ):not( .kt-accodion-icon-style-xclose ):not( .kt-accodion-icon-style-arrow ) .kt-blocks-accordion-icon-trigger:after, .kt-accordion-id_4ffcb2-6d:not( .kt-accodion-icon-style-basic ):not( .kt-accodion-icon-style-xclose ):not( .kt-accodion-icon-style-arrow ) .kt-blocks-accordion-icon-trigger:before{background:#ffffff;}.kt-accordion-id_4ffcb2-6d > .kt-accordion-inner-wrap > .wp-block-kadence-pane > .kt-accordion-header-wrap > .kt-blocks-accordion-header:hover, \n\t\t\t\tbody:not(.hide-focus-outline) .kt-accordion-id_4ffcb2-6d .kt-blocks-accordion-header:focus-visible{color:#444444;background:#ffffff;border-top-color:#eeeeee;border-right-color:#eeeeee;border-bottom-color:#eeeeee;border-left-color:#eeeeee;}.kt-accordion-id_4ffcb2-6d:not( .kt-accodion-icon-style-basiccircle ):not( .kt-accodion-icon-style-xclosecircle ):not( .kt-accodion-icon-style-arrowcircle ) .kt-accordion-header-wrap .kt-blocks-accordion-header:hover .kt-blocks-accordion-icon-trigger:after, .kt-accordion-id_4ffcb2-6d:not( .kt-accodion-icon-style-basiccircle ):not( .kt-accodion-icon-style-xclosecircle ):not( .kt-accodion-icon-style-arrowcircle ) .kt-accordion-header-wrap .kt-blocks-accordion-header:hover .kt-blocks-accordion-icon-trigger:before, body:not(.hide-focus-outline) .kt-accordion-id_4ffcb2-6d:not( .kt-accodion-icon-style-basiccircle ):not( .kt-accodion-icon-style-xclosecircle ):not( .kt-accodion-icon-style-arrowcircle ) .kt-blocks-accordion--visible .kt-blocks-accordion-icon-trigger:after, body:not(.hide-focus-outline) .kt-accordion-id_4ffcb2-6d:not( .kt-accodion-icon-style-basiccircle ):not( .kt-accodion-icon-style-xclosecircle ):not( .kt-accodion-icon-style-arrowcircle ) .kt-blocks-accordion-header:focus-visible .kt-blocks-accordion-icon-trigger:before{background:#444444;}.kt-accordion-id_4ffcb2-6d:not( .kt-accodion-icon-style-basic ):not( .kt-accodion-icon-style-xclose ):not( .kt-accodion-icon-style-arrow ) .kt-accordion-header-wrap .kt-blocks-accordion-header:hover .kt-blocks-accordion-icon-trigger, body:not(.hide-focus-outline) .kt-accordion-id_4ffcb2-6d:not( .kt-accodion-icon-style-basic ):not( .kt-accodion-icon-style-xclose ):not( .kt-accodion-icon-style-arrow ) .kt-accordion-header-wrap .kt-blocks-accordion-header:focus-visible .kt-blocks-accordion-icon-trigger{background:#444444;}.kt-accordion-id_4ffcb2-6d:not( .kt-accodion-icon-style-basic ):not( .kt-accodion-icon-style-xclose ):not( .kt-accodion-icon-style-arrow ) .kt-accordion-header-wrap .kt-blocks-accordion-header:hover .kt-blocks-accordion-icon-trigger:after, .kt-accordion-id_4ffcb2-6d:not( .kt-accodion-icon-style-basic ):not( .kt-accodion-icon-style-xclose ):not( .kt-accodion-icon-style-arrow ) .kt-accordion-header-wrap .kt-blocks-accordion-header:hover .kt-blocks-accordion-icon-trigger:before, body:not(.hide-focus-outline) .kt-accordion-id_4ffcb2-6d:not( .kt-accodion-icon-style-basic ):not( .kt-accodion-icon-style-xclose ):not( .kt-accodion-icon-style-arrow ) .kt-accordion-header-wrap .kt-blocks-accordion-header:focus-visible .kt-blocks-accordion-icon-trigger:after, body:not(.hide-focus-outline) .kt-accordion-id_4ffcb2-6d:not( .kt-accodion-icon-style-basic ):not( .kt-accodion-icon-style-xclose ):not( .kt-accodion-icon-style-arrow ) .kt-accordion-header-wrap .kt-blocks-accordion-header:focus-visible .kt-blocks-accordion-icon-trigger:before{background:#ffffff;}.kt-accordion-id_4ffcb2-6d .kt-accordion-header-wrap .kt-blocks-accordion-header:focus-visible,\n\t\t\t\t.kt-accordion-id_4ffcb2-6d > .kt-accordion-inner-wrap > .wp-block-kadence-pane > .kt-accordion-header-wrap > .kt-blocks-accordion-header.kt-accordion-panel-active{color:#333333;background:#ffffff;border-top-color:#0e9cd1;border-right-color:#0e9cd1;border-bottom-color:#0e9cd1;border-left-color:#0e9cd1;}.kt-accordion-id_4ffcb2-6d:not( .kt-accodion-icon-style-basiccircle ):not( .kt-accodion-icon-style-xclosecircle ):not( .kt-accodion-icon-style-arrowcircle )  > .kt-accordion-inner-wrap > .wp-block-kadence-pane > .kt-accordion-header-wrap > .kt-blocks-accordion-header.kt-accordion-panel-active .kt-blocks-accordion-icon-trigger:after, .kt-accordion-id_4ffcb2-6d:not( .kt-accodion-icon-style-basiccircle ):not( .kt-accodion-icon-style-xclosecircle ):not( .kt-accodion-icon-style-arrowcircle )  > .kt-accordion-inner-wrap > .wp-block-kadence-pane > .kt-accordion-header-wrap > .kt-blocks-accordion-header.kt-accordion-panel-active .kt-blocks-accordion-icon-trigger:before{background:#333333;}.kt-accordion-id_4ffcb2-6d:not( .kt-accodion-icon-style-basic ):not( .kt-accodion-icon-style-xclose ):not( .kt-accodion-icon-style-arrow ) .kt-blocks-accordion-header.kt-accordion-panel-active .kt-blocks-accordion-icon-trigger{background:#333333;}.kt-accordion-id_4ffcb2-6d:not( .kt-accodion-icon-style-basic ):not( .kt-accodion-icon-style-xclose ):not( .kt-accodion-icon-style-arrow ) .kt-blocks-accordion-header.kt-accordion-panel-active .kt-blocks-accordion-icon-trigger:after, .kt-accordion-id_4ffcb2-6d:not( .kt-accodion-icon-style-basic ):not( .kt-accodion-icon-style-xclose ):not( .kt-accodion-icon-style-arrow ) .kt-blocks-accordion-header.kt-accordion-panel-active .kt-blocks-accordion-icon-trigger:before{background:#ffffff;}@media all and (max-width: 767px){.kt-accordion-id_4ffcb2-6d .kt-accordion-inner-wrap{display:block;}.kt-accordion-id_4ffcb2-6d .kt-accordion-inner-wrap .kt-accordion-pane:not(:first-child){margin-top:8px;}}<\/style>\n<div class=\"wp-block-kadence-accordion alignnone\"><div class=\"kt-accordion-wrap kt-accordion-wrap kt-accordion-id_4ffcb2-6d kt-accordion-has-2-panes kt-active-pane-0 kt-accordion-block kt-pane-header-alignment-left kt-accodion-icon-style-arrow kt-accodion-icon-side-right\" style=\"max-width:none\"><div class=\"kt-accordion-inner-wrap\" data-allow-multiple-open=\"false\" data-start-open=\"none\">\n<div class=\"wp-block-kadence-pane kt-accordion-pane kt-accordion-pane-1 kt-pane_2dd5e6-c0\"><div class=\"kt-accordion-header-wrap\"><button class=\"kt-blocks-accordion-header kt-acccordion-button-label-show\"><span class=\"kt-blocks-accordion-title-wrap\"><span class=\"kt-blocks-accordion-title\">John Carlaw<\/span><\/span><span class=\"kt-blocks-accordion-icon-trigger\"><\/span><\/button><\/div><div class=\"kt-accordion-panel kt-accordion-panel-hidden\"><div class=\"kt-accordion-panel-inner\">\n<div class=\"wp-block-image\"><figure class=\"alignleft size-large\"><img loading=\"lazy\" decoding=\"async\" width=\"346\" height=\"465\" src=\"https:\/\/www.yorku.ca\/cerlac\/wp-content\/uploads\/sites\/259\/2015\/10\/John-Carlaw.jpg\" alt=\"\" class=\"wp-image-1472\" srcset=\"https:\/\/www.yorku.ca\/cerlac\/wp-content\/uploads\/sites\/259\/2015\/10\/John-Carlaw.jpg 346w, https:\/\/www.yorku.ca\/cerlac\/wp-content\/uploads\/sites\/259\/2015\/10\/John-Carlaw-223x300.jpg 223w\" sizes=\"auto, (max-width: 346px) 100vw, 346px\" \/><figcaption>John Carlaw<\/figcaption><\/figure><\/div>\n\n\n\n<p>CERLAC has been absolutely foundational to my experience at York and, I can only hope, as a human being in general. The centre, its graduate diploma in Latin American and Caribbean studies and the university's progressive political science department were the reasons I came to York for my MA and my immersion into CERLAC has in many ways shaped my career. It is really an honour to look back on time with CERLAC as I near completion of my doctorate.<\/p>\n\n\n\n<p>As a grad student in the CERLAC space I have had the opportunity to meet and worth with inspiring leaders and mentors who are simply too many to list. CERLAC has created and fostered an amazing community of researchers and activists. It represents the very best potential that universities holds for the advancement of committed scholarship and progressive action, as can be seen in the reflections of some of the early figures pivotal to its development already posted in this series. To mention only three names that have supported me, Liisa North was an incredibly attentive MA supervisor while Judy Hellman\u2019s support helped me secure doctoral funding from SSHRC that allowed me to continue my graduate studies. Alan Simmons has been an unfailingly supportive and valuable member of my doctoral committee whose comments at an event in his honour helped lead me towards studying immigration policy for my dissertation. I met all of these luminaries through CERLAC.<\/p>\n\n\n\n<p>Before York eliminated these positions, I was fortunate to be able to work at CERLAC as a unionized Graduate Assistant during my MA where I gained valuable work experience supporting the centre\u2019s activities, as well as faculty contacts and the enjoyed the security of health benefits. Then I worked for one year as Coordinator of the Centre between my MA and doctoral studies. Later I had the privilege of serving on the executive as one of its first graduate student representatives, when we organized CERLAC\u2019s first international graduate student conference and welcomed over 70 presenters from Latin America, Europe, the United States and various Canadian Universities.<\/p>\n\n\n\n<p>My experience with the centre helped me gain national and regional ties by being hired and working for several years until 2016 as the Operations Coordinator for the Canadian Association of Latin American Caribbean Studies (CALACS), which has been very well-hosted and supported at CERLAC- in my time under Eduardo Canel, Carlota McAllister and Alan Durston- and itself marks its fiftieth anniversary this year with a Congress on the York campus.<\/p>\n\n\n\n<p>Perhaps the biggest highlight amongst many from my time with CERLAC was being part of hosting Nora Corti\u00f1as, one of the co-founders of the Mothers of the May Plaza movement from Argentina at York during Viviana Patroni's highly active term as Centre Director. Nora\u2019s 2006 visit was especially timely as that year marked the 30th anniversary of Argentina\u2019s 1976 military coup d\u2019\u00e9tat, which began a seven-year dictatorship during which an estimated 30,000 people were forcibly \u201cdisappeared,\u201d tortured, and murdered. Nora talked about her and the movement\u2019s history and ongoing importance of those struggles against the dictatorship and an unjust neoliberal order in the aftermath of the dictatorship.<\/p>\n\n\n\n<p>As I wrote that year in the CERLAC Review, Nora\u2019s personal story was and is both tragic and inspiring. Shortly after the \u201cdisappearance\u201d of her son Carlos Gustavo\u2014a university student and member of the Peronist Youth Movement\u2014in April, 1977, Nora joined a group of mothers seeking to discover the whereabouts of their children. They held the first of a series of weekly protests in Buenos Aires\u2019 central Plaza de Mayo that continue every Thursday to this day. Nora captivated the audience, telling her own dramatic personal story of grief and activism, recounting the incredible history of the brave and path-breaking Madres, and reaching out with her passionate call to action. She seamlessly linked her own story to systematic human rights abuses and broader struggles for social justice. I still have- and greatly value- the white scarf that Nora gave me on her visit to CERLAC to deliver that Baptista Lecture, a primary symbol of the movement. I greatly hope that CERLAC will have at least another forty years of such incredible events, scholarship, mentorship and memories for future generations of graduate students to be able to benefit from and reflect upon.<\/p>\n<\/div><\/div><\/div>\n<\/div><\/div><\/div>\n\n\n\n<div style=\"height:30px\" aria-hidden=\"true\" class=\"wp-block-spacer\"><\/div>\n\n\n\n<div class=\"wp-block-columns is-layout-flex wp-container-core-columns-is-layout-9d6595d7 wp-block-columns-is-layout-flex\">\n<div class=\"wp-block-column is-layout-flow wp-block-column-is-layout-flow\" style=\"flex-basis:33.33%\"><\/div>\n\n\n\n<div class=\"wp-block-column is-layout-flow wp-block-column-is-layout-flow\" style=\"flex-basis:66.66%\"><\/div>\n<\/div>\n\n\n\n<div class=\"wp-block-columns is-layout-flex wp-container-core-columns-is-layout-9d6595d7 wp-block-columns-is-layout-flex\">\n<div class=\"wp-block-column is-layout-flow wp-block-column-is-layout-flow\" style=\"flex-basis:33.33%\"><\/div>\n\n\n\n<div class=\"wp-block-column is-layout-flow wp-block-column-is-layout-flow\" style=\"flex-basis:66.66%\"><\/div>\n<\/div>\n\n\n\n<div style=\"height:80px\" aria-hidden=\"true\" class=\"wp-block-spacer\"><\/div>\n","protected":false},"excerpt":{"rendered":"<p>About the Series CERLAC reaches its fortieth anniversary in November, an occasion to celebrate the achievements and dedication of our members. We recently experienced the loss of our founding director, Louis Lefeber (see this profile from a 1999 CERLAC Newsletter), but many of the people who shaped CERLAC are active colleagues with excellent memories. We [&hellip;]<\/p>\n","protected":false},"author":7,"featured_media":0,"parent":0,"menu_order":0,"comment_status":"closed","ping_status":"closed","template":"","meta":{"_kad_blocks_custom_css":"","_kad_blocks_head_custom_js":"","_kad_blocks_body_custom_js":"","_kad_blocks_footer_custom_js":"","footnotes":""},"tags":[58,55,60,56,57,54,59],"class_list":["post-3767","page","type-page","status-publish","hentry","tag-caribbean","tag-cerlac","tag-diasporas","tag-latin-america","tag-research","tag-study","tag-university"],"taxonomy_info":{"post_tag":[{"value":58,"label":"Caribbean"},{"value":55,"label":"CERLAC"},{"value":60,"label":"diasporas"},{"value":56,"label":"Latin America"},{"value":57,"label":"research"},{"value":54,"label":"study"},{"value":59,"label":"university"}]},"featured_image_src_large":false,"author_info":{"display_name":"akolade","author_link":"https:\/\/www.yorku.ca\/cerlac\/author\/akolade\/"},"comment_info":"","_links":{"self":[{"href":"https:\/\/www.yorku.ca\/cerlac\/wp-json\/wp\/v2\/pages\/3767","targetHints":{"allow":["GET"]}}],"collection":[{"href":"https:\/\/www.yorku.ca\/cerlac\/wp-json\/wp\/v2\/pages"}],"about":[{"href":"https:\/\/www.yorku.ca\/cerlac\/wp-json\/wp\/v2\/types\/page"}],"author":[{"embeddable":true,"href":"https:\/\/www.yorku.ca\/cerlac\/wp-json\/wp\/v2\/users\/7"}],"replies":[{"embeddable":true,"href":"https:\/\/www.yorku.ca\/cerlac\/wp-json\/wp\/v2\/comments?post=3767"}],"version-history":[{"count":33,"href":"https:\/\/www.yorku.ca\/cerlac\/wp-json\/wp\/v2\/pages\/3767\/revisions"}],"predecessor-version":[{"id":7426,"href":"https:\/\/www.yorku.ca\/cerlac\/wp-json\/wp\/v2\/pages\/3767\/revisions\/7426"}],"wp:attachment":[{"href":"https:\/\/www.yorku.ca\/cerlac\/wp-json\/wp\/v2\/media?parent=3767"}],"wp:term":[{"taxonomy":"post_tag","embeddable":true,"href":"https:\/\/www.yorku.ca\/cerlac\/wp-json\/wp\/v2\/tags?post=3767"}],"curies":[{"name":"wp","href":"https:\/\/api.w.org\/{rel}","templated":true}]}}