  {"id":1249,"date":"2024-08-23T04:51:34","date_gmt":"2024-08-23T08:51:34","guid":{"rendered":"https:\/\/www.yorku.ca\/presidentsreport2024dev\/?page_id=1249"},"modified":"2024-09-27T11:40:34","modified_gmt":"2024-09-27T15:40:34","slug":"le-savoir-pour-lavenir","status":"publish","type":"page","link":"https:\/\/www.yorku.ca\/presidentsreport2024\/fr\/le-savoir-pour-lavenir\/","title":{"rendered":"Le savoir pour l\u2019avenir"},"content":{"rendered":"\n<div style=\"height:40px\" aria-hidden=\"true\" class=\"wp-block-spacer\"><\/div>\n\n\n\n<div class=\"wp-block-group\"><div class=\"wp-block-group__inner-container is-layout-constrained wp-block-group-is-layout-constrained\">\n<p class=\"has-medium-font-size\">Gr\u00e2ce \u00e0 la recherche interdisciplinaire et \u00e0 l\u2019innovation, notre communaut\u00e9 r\u00e9pond \u00e0 des d\u00e9fis mondiaux complexes qui vont de la r\u00e9solution de la crise de la durabilit\u00e9 de l\u2019eau \u00e0 la cr\u00e9ation de technologies \u00e9mergentes responsables, en passant par la r\u00e9duction de la pauvret\u00e9 et des in\u00e9galit\u00e9s sociales. Son programme YSpace soutient les entrepreneures \u00e9mergentes dans des domaines tels que les transports intelligents et l\u2019agroalimentaire. Les demandes retenues par FedDev ont \u00e9galement permis de financer des programmes sp\u00e9cifiques visant \u00e0 appuyer la r\u00e9ussite des entrepreneures de la communaut\u00e9 noire. Cette ann\u00e9e, York a atteint des niveaux records de revenus provenant de la recherche financ\u00e9e par des sources externes, soit plus de 120&nbsp;M$. L\u2019Universit\u00e9 s\u2019engage \u00e0 soutenir une recherche et une innovation cibl\u00e9es, r\u00e9actives et inclusives. Avec son Plan de recherche strat\u00e9gique actuel, ses plans ambitieux pour la strat\u00e9gie de recherche et d\u2019innovation et le cadre de commercialisation, York est pr\u00eate \u00e0 poursuivre sa trajectoire en ayant une incidence significative sur le monde.<\/p>\n\n\n\n<p class=\"has-medium-font-size\"><\/p>\n<\/div><\/div>\n\n\n\n<div style=\"height:120px\" aria-hidden=\"true\" class=\"wp-block-spacer\"><\/div>\n\n\n\n<div class=\"wp-block-group pr24-full-width-group has-background\" style=\"background-color:#f6fbfe\"><div class=\"wp-block-group__inner-container is-layout-constrained wp-block-group-is-layout-constrained\">\n<div style=\"height:40px\" aria-hidden=\"true\" class=\"wp-block-spacer\"><\/div>\n\n\n\n<h2 class=\"wp-block-heading pr24-section-title has-black-border has-text-color has-link-color wp-elements-9d4aac68b75fd3173e2a5b1dbde37355\" style=\"color:#e31837\">Recherche, cr\u00e9ation et bourses d\u2019\u00e9tudes&nbsp;<p class=\"paragraph\" style=\"margin: 0cm; font-size: 12pt; font-family: &quot;Times New Roman&quot;, serif; color: rgb(0, 0, 0); font-weight: 400; white-space-collapse: collapse; vertical-align: baseline;\"><span lang=\"FR-CA\" style=\"font-size: 9pt; font-family: &quot;Segoe UI&quot;, sans-serif;\"><\/span><\/p><\/h2>\n\n\n\n<div style=\"height:60px\" aria-hidden=\"true\" class=\"wp-block-spacer\"><\/div>\n\n\n\n<div class=\"wp-block-columns pr24-count-up-columns is-layout-flex wp-container-core-columns-is-layout-9d6595d7 wp-block-columns-is-layout-flex\">\n<div class=\"wp-block-column is-layout-flow wp-block-column-is-layout-flow\"><style>.kb-count-up-1249_32ba29-32 .kb-count-up-title{font-size:24px;}.kb-count-up-1249_32ba29-32 .kb-count-up-number{color:#e31837;font-size:90px;font-weight:bold;}<\/style>\n<div class=\"wp-block-kadence-countup kb-count-up-1249_32ba29-32 kb-count-up flex-left\" data-start=\"0\" data-end=\"120\" data-prefix=\"+ de \" data-suffix=\" M$\" data-duration=\"2.5\" data-separator=\",\"><div class=\"kb-count-up-process kb-count-up-number\"><\/div><div class=\"kb-count-up-title\"><strong>revenus totaux de la recherche b\u00e9n\u00e9ficiant d\u2019une commandite externe\u00a0<\/strong><span style=\"font-size: medium; white-space-collapse: collapse;\"><\/span><\/div><\/div>\n<\/div>\n\n\n\n<div class=\"wp-block-column is-layout-flow wp-block-column-is-layout-flow\"><style>.kb-count-up-1249_4b1e09-3e .kb-count-up-title{font-size:24px;}.kb-count-up-1249_4b1e09-3e .kb-count-up-number{color:#e31837;font-size:90px;font-weight:bold;}<\/style>\n<div class=\"wp-block-kadence-countup kb-count-up-1249_4b1e09-3e kb-count-up flex-right\" data-start=\"0\" data-end=\"98\" data-prefix=\"+ de \" data-suffix=\" M$\" data-duration=\"2.5\" data-separator=\",\"><div class=\"kb-count-up-process kb-count-up-number\"><\/div><div class=\"kb-count-up-title\"><strong>revenu des trois conseils en 2023\u00a0<\/strong><span style=\"font-size: medium; white-space-collapse: collapse;\"><\/span><\/div><\/div>\n<\/div>\n<\/div>\n\n\n\n<div class=\"wp-block-columns pr24-count-up-columns is-layout-flex wp-container-core-columns-is-layout-9d6595d7 wp-block-columns-is-layout-flex\">\n<div class=\"wp-block-column is-layout-flow wp-block-column-is-layout-flow\"><style>.kb-count-up-1249_b7106c-2d .kb-count-up-title{font-size:24px;}.kb-count-up-1249_b7106c-2d .kb-count-up-number{color:#e31837;font-size:90px;font-weight:bold;}<\/style>\n<div class=\"wp-block-kadence-countup kb-count-up-1249_b7106c-2d kb-count-up flex-left\" data-start=\"0\" data-end=\"31\" data-prefix=\"\" data-suffix=\"\" data-duration=\"2.5\" data-separator=\",\"><div class=\"kb-count-up-process kb-count-up-number\"><\/div><div class=\"kb-count-up-title\"><strong>unit\u00e9s de recherche organis\u00e9es\u00a0<\/strong><span style=\"font-size: medium; white-space-collapse: collapse;\"><\/span><\/div><\/div>\n<\/div>\n\n\n\n<div class=\"wp-block-column is-layout-flow wp-block-column-is-layout-flow\"><style>.kb-count-up-1249_60d9bf-93 .kb-count-up-title{font-size:24px;}.kb-count-up-1249_60d9bf-93 .kb-count-up-number{color:#e31837;font-size:90px;font-weight:bold;}<\/style>\n<div class=\"wp-block-kadence-countup kb-count-up-1249_60d9bf-93 kb-count-up flex-right\" data-start=\"0\" data-end=\"3207\" data-prefix=\"\" data-suffix=\"\" data-duration=\"2.5\" data-separator=\"\"><div class=\"kb-count-up-process kb-count-up-number\"><\/div><div class=\"kb-count-up-title\"><strong>publications scientifiques soumises par les \u00e9quipes de recherche de York\u00a0<\/strong><p class=\"paragraph\" style=\"margin: 0cm 0cm 0cm 36pt; font-size: 12pt; font-family: &quot;Times New Roman&quot;, serif; white-space-collapse: collapse; text-indent: -18pt; vertical-align: baseline;\"><span lang=\"FR-CA\" style=\"font-family: &quot;IBM Plex Sans&quot;, sans-serif;\"><\/span><\/p><\/div><\/div>\n<\/div>\n<\/div>\n\n\n\n<div class=\"wp-block-columns pr24-count-up-columns is-layout-flex wp-container-core-columns-is-layout-9d6595d7 wp-block-columns-is-layout-flex\">\n<div class=\"wp-block-column is-layout-flow wp-block-column-is-layout-flow\"><style>.kb-count-up-1249_8d40f7-32 .kb-count-up-title{font-size:24px;}.kb-count-up-1249_8d40f7-32 .kb-count-up-number{color:#e31837;font-size:90px;font-weight:bold;}<\/style>\n<div class=\"wp-block-kadence-countup kb-count-up-1249_8d40f7-32 kb-count-up flex-left\" data-start=\"0\" data-end=\"32\" data-prefix=\"\" data-suffix=\"\" data-duration=\"2.5\" data-separator=\"\"><div class=\"kb-count-up-process kb-count-up-number\"><\/div><div class=\"kb-count-up-title\"><strong>chaires de recherche du Canada\u00a0<\/strong><span style=\"font-size: medium; white-space-collapse: collapse;\"><\/span><\/div><\/div>\n<\/div>\n\n\n\n<div class=\"wp-block-column is-layout-flow wp-block-column-is-layout-flow\"><\/div>\n<\/div>\n<\/div><\/div>\n\n\n\n<div class=\"wp-block-group pr24-full-width-group has-background\" style=\"background-color:#f6fbfe\"><div class=\"wp-block-group__inner-container is-layout-constrained wp-block-group-is-layout-constrained\">\n<h2 class=\"wp-block-heading pr24-section-title has-black-border has-text-color has-link-color wp-elements-c1a0de130dec6fa439b0e595a5b53760\" style=\"color:#e31837\">Innovation<\/h2>\n\n\n\n<div style=\"height:60px\" aria-hidden=\"true\" class=\"wp-block-spacer\"><\/div>\n\n\n\n<div class=\"wp-block-columns pr24-count-up-columns is-layout-flex wp-container-core-columns-is-layout-9d6595d7 wp-block-columns-is-layout-flex\">\n<div class=\"wp-block-column is-layout-flow wp-block-column-is-layout-flow\"><style>.kb-count-up-1249_9489ae-e7 .kb-count-up-title{font-size:24px;}.kb-count-up-1249_9489ae-e7 .kb-count-up-number{color:#e31837;font-size:90px;font-weight:bold;}<\/style>\n<div class=\"wp-block-kadence-countup kb-count-up-1249_9489ae-e7 kb-count-up flex-left\" data-start=\"0\" data-end=\"327\" data-prefix=\"\" data-suffix=\"\" data-duration=\"2.5\" data-separator=\"\"><div class=\"kb-count-up-process kb-count-up-number\"><\/div><div class=\"kb-count-up-title\"><strong>entreprises soutenues en 2023-2024\u00a0<\/strong><p class=\"paragraph\" style=\"margin: 0cm 0cm 0cm 36pt; font-size: 12pt; font-family: &quot;Times New Roman&quot;, serif; white-space-collapse: collapse; text-indent: -18pt; vertical-align: baseline;\"><span lang=\"FR-CA\" style=\"font-family: &quot;IBM Plex Sans&quot;, sans-serif;\"><\/span><\/p><\/div><\/div>\n<\/div>\n\n\n\n<div class=\"wp-block-column is-layout-flow wp-block-column-is-layout-flow\"><style>.kb-count-up-1249_39f266-be .kb-count-up-title{font-size:24px;}.kb-count-up-1249_39f266-be .kb-count-up-number{color:#e31837;font-size:90px;font-weight:bold;}<\/style>\n<div class=\"wp-block-kadence-countup kb-count-up-1249_39f266-be kb-count-up flex-right\" data-start=\"0\" data-end=\"34.1\" data-prefix=\"\" data-suffix=\"M$\" data-duration=\"2.5\" data-separator=\"\" data-decimal=\",\" data-decimal-spaces=\"1\"><div class=\"kb-count-up-process kb-count-up-number\"><\/div><div class=\"kb-count-up-title\"><strong>revenus g\u00e9n\u00e9r\u00e9s en 2023-2024<\/strong><span style=\"font-size: medium; white-space-collapse: collapse;\"><\/span><\/div><\/div>\n<\/div>\n<\/div>\n\n\n\n<div class=\"wp-block-columns pr24-count-up-columns is-layout-flex wp-container-core-columns-is-layout-9d6595d7 wp-block-columns-is-layout-flex\">\n<div class=\"wp-block-column is-layout-flow wp-block-column-is-layout-flow\"><style>.kb-count-up-1249_2965e0-3c .kb-count-up-title{font-size:24px;}.kb-count-up-1249_2965e0-3c .kb-count-up-number{color:#e31837;font-size:90px;font-weight:bold;}<\/style>\n<div class=\"wp-block-kadence-countup kb-count-up-1249_2965e0-3c kb-count-up flex-left\" data-start=\"0\" data-end=\"592\" data-prefix=\"\" data-suffix=\"\" data-duration=\"2.5\" data-separator=\"\"><div class=\"kb-count-up-process kb-count-up-number\"><\/div><div class=\"kb-count-up-title\"><strong>emplois cr\u00e9\u00e9s en 2023-2024\u00a0<\/strong><p class=\"paragraph\" style=\"margin: 0cm 0cm 0cm 36pt; font-size: 12pt; font-family: &quot;Times New Roman&quot;, serif; white-space-collapse: collapse; vertical-align: baseline;\"><span lang=\"FR-CA\" style=\"font-size: 9pt; font-family: &quot;Segoe UI&quot;, sans-serif;\"><\/span><span style=\"font-size: 9pt; font-family: &quot;Segoe UI&quot;, sans-serif;\"><\/span><\/p><\/div><\/div>\n<\/div>\n\n\n\n<div class=\"wp-block-column is-layout-flow wp-block-column-is-layout-flow\"><style>.kb-count-up-1249_480ff7-cb .kb-count-up-title{font-size:24px;}.kb-count-up-1249_480ff7-cb .kb-count-up-number{color:#e31837;font-size:90px;font-weight:bold;}<\/style>\n<div class=\"wp-block-kadence-countup kb-count-up-1249_480ff7-cb kb-count-up flex-right\" data-start=\"0\" data-end=\"72.4\" data-prefix=\"\" data-suffix=\"M$\" data-duration=\"2.5\" data-separator=\",\" data-decimal=\",\" data-decimal-spaces=\"1\"><div class=\"kb-count-up-process kb-count-up-number\"><\/div><div class=\"kb-count-up-title\"><strong>revenus g\u00e9n\u00e9r\u00e9s par les entreprises en 2023-2024\u00a0<\/strong><span style=\"font-size: medium; white-space-collapse: collapse;\"><\/span><p class=\"paragraph\" style=\"margin: 0cm 0cm 0cm 36pt; font-size: 12pt; font-family: &quot;Times New Roman&quot;, serif; white-space-collapse: collapse; vertical-align: baseline;\"><span style=\"font-size: 9pt; font-family: &quot;Segoe UI&quot;, sans-serif;\"><\/span><\/p><\/div><\/div>\n<\/div>\n<\/div>\n\n\n\n<div style=\"height:40px\" aria-hidden=\"true\" class=\"wp-block-spacer\"><\/div>\n<\/div><\/div>\n\n\n\n<div style=\"height:90px\" aria-hidden=\"true\" class=\"wp-block-spacer\"><\/div>\n\n\n\n<div class=\"wp-block-group pr24-flickity-carousel-wrapper-alt\"><div class=\"wp-block-group__inner-container is-layout-constrained wp-block-group-is-layout-constrained\">\n<div class=\"wp-block-group pr24-flickity-carousel\"><div class=\"wp-block-group__inner-container is-layout-constrained wp-block-group-is-layout-constrained\">\n<div class=\"wp-block-columns are-vertically-aligned-center pr24-quote-columns image-right pr24-flickity-carousel-slide is-layout-flex wp-container-core-columns-is-layout-9d6595d7 wp-block-columns-is-layout-flex\">\n<div class=\"wp-block-column is-vertically-aligned-center is-layout-flow wp-block-column-is-layout-flow\" style=\"flex-basis:66.66%\">\n<blockquote class=\"wp-block-quote is-layout-flow wp-block-quote-is-layout-flow\">\n<i class=\"fas fa-quote-left h1 text-primary\"><\/i>\n\n\n\n<p class=\"has-medium-font-size\">\u00ab&nbsp;Les neurotechnologies, tout en offrant une myriade d\u2019avantages th\u00e9rapeutiques, pr\u00e9sentent \u00e9galement des risques importants, notamment la possibilit\u00e9 d\u2019exproprier des donn\u00e9es c\u00e9r\u00e9brales, de manipuler des processus cognitifs et de compromettre l\u2019identit\u00e9 individuelle. Je souhaite que mes recherches \u00e0 Osgoode et Connected Minds\/Esprits branch\u00e9s contribuent \u00e0 l\u2019\u00e9laboration de r\u00e9glementations et de cadres de gouvernance efficaces pour r\u00e9pondre \u00e0 ces pr\u00e9occupations essentielles pour les Canadiens.&nbsp;\u00bb&nbsp;<\/p>\n\n\n\n<p><strong>Shadi Nasseri, doctorante, \u00c9cole de droit Osgoode Hall et Connected Minds\/Esprits branch\u00e9s<\/strong><span style=\"font-size: medium; white-space-collapse: collapse;\"><\/span><\/p>\n<\/blockquote>\n<\/div>\n\n\n\n<div class=\"wp-block-column is-vertically-aligned-center is-layout-flow wp-block-column-is-layout-flow\" style=\"flex-basis:33.33%\">\n<figure class=\"wp-block-image size-full\"><img loading=\"lazy\" decoding=\"async\" width=\"1667\" height=\"2175\" src=\"https:\/\/www.yorku.ca\/presidentsreport2024\/wp-content\/uploads\/sites\/914\/2024\/09\/Shadi-Nasseri9564_1.jpeg\" alt=\"Shadi Nasseri.\" class=\"wp-image-772\" style=\"aspect-ratio:1;object-fit:cover\" srcset=\"https:\/\/www.yorku.ca\/presidentsreport2024\/wp-content\/uploads\/sites\/914\/2024\/09\/Shadi-Nasseri9564_1.jpeg 1667w, https:\/\/www.yorku.ca\/presidentsreport2024\/wp-content\/uploads\/sites\/914\/2024\/09\/Shadi-Nasseri9564_1-307x400.jpeg 307w, https:\/\/www.yorku.ca\/presidentsreport2024\/wp-content\/uploads\/sites\/914\/2024\/09\/Shadi-Nasseri9564_1-785x1024.jpeg 785w, https:\/\/www.yorku.ca\/presidentsreport2024\/wp-content\/uploads\/sites\/914\/2024\/09\/Shadi-Nasseri9564_1-1177x1536.jpeg 1177w, https:\/\/www.yorku.ca\/presidentsreport2024\/wp-content\/uploads\/sites\/914\/2024\/09\/Shadi-Nasseri9564_1-1570x2048.jpeg 1570w\" sizes=\"auto, (max-width: 1667px) 100vw, 1667px\" \/><\/figure>\n<\/div>\n<\/div>\n\n\n\n<div class=\"wp-block-columns are-vertically-aligned-center pr24-quote-columns image-left pr24-flickity-carousel-slide is-layout-flex wp-container-core-columns-is-layout-9d6595d7 wp-block-columns-is-layout-flex\">\n<div class=\"wp-block-column is-vertically-aligned-center is-layout-flow wp-block-column-is-layout-flow\" style=\"flex-basis:33.33%\">\n<figure class=\"wp-block-image size-full\"><img loading=\"lazy\" decoding=\"async\" width=\"895\" height=\"967\" src=\"https:\/\/www.yorku.ca\/presidentsreport2024\/wp-content\/uploads\/sites\/914\/2024\/09\/Bajwa-Gurleen.jpeg\" alt=\"Gurleen Bajwa.\" class=\"wp-image-776\" style=\"aspect-ratio:1;object-fit:cover\" srcset=\"https:\/\/www.yorku.ca\/presidentsreport2024\/wp-content\/uploads\/sites\/914\/2024\/09\/Bajwa-Gurleen.jpeg 895w, https:\/\/www.yorku.ca\/presidentsreport2024\/wp-content\/uploads\/sites\/914\/2024\/09\/Bajwa-Gurleen-370x400.jpeg 370w\" sizes=\"auto, (max-width: 895px) 100vw, 895px\" \/><\/figure>\n<\/div>\n\n\n\n<div class=\"wp-block-column is-vertically-aligned-center is-layout-flow wp-block-column-is-layout-flow\" style=\"flex-basis:66.66%\">\n<blockquote class=\"wp-block-quote is-layout-flow wp-block-quote-is-layout-flow\">\n<i class=\"fas fa-quote-left h1 text-primary\"><\/i>\n\n\n\n<p class=\"has-medium-font-size\">\u00ab&nbsp;L\u2019Universit\u00e9 York m\u2019a apport\u00e9 les connaissances et la passion n\u00e9cessaires pour lutter contre les in\u00e9galit\u00e9s dans le domaine de la sant\u00e9, ce qui m\u2019a permis d\u2019offrir des produits menstruels innovants avec Aruna Revolution, favorisant ainsi la sant\u00e9 des communaut\u00e9s et la gestion de l\u2019environnement.&nbsp;\u00bb&nbsp;<\/p>\n\n\n\n<p><strong>Gurleen Bajwa, cofondatrice d\u2019Aruna Revolution Health et dipl\u00f4m\u00e9e de la Facult\u00e9 de la sant\u00e9<\/strong><\/p>\n<\/blockquote>\n<\/div>\n<\/div>\n\n\n\n<div class=\"wp-block-columns are-vertically-aligned-center pr24-quote-columns image-right pr24-flickity-carousel-slide is-layout-flex wp-container-core-columns-is-layout-9d6595d7 wp-block-columns-is-layout-flex\">\n<div class=\"wp-block-column is-vertically-aligned-center is-layout-flow wp-block-column-is-layout-flow\" style=\"flex-basis:66.66%\">\n<blockquote class=\"wp-block-quote is-layout-flow wp-block-quote-is-layout-flow\">\n<i class=\"fas fa-quote-left h1 text-primary\"><\/i>\n\n\n\n<p>\u00ab&nbsp;Apr\u00e8s l\u2019obtention de mon dipl\u00f4me universitaire, j\u2019ai pu profiter du mentorat, de programmes entrepreneuriaux et du soutien communautaire offerts par l\u2019Universit\u00e9 York. Ces ressources m\u2019ont aid\u00e9 \u00e0 r\u00e9aliser des avanc\u00e9es durables au sein de Blade Air, une entreprise pionni\u00e8re dans la lutte contre la pollution atmosph\u00e9rique et pour le bien-\u00eatre g\u00e9n\u00e9ral.&nbsp;\u00bb&nbsp;<\/p>\n\n\n\n<p><strong>Giancarlo Sessa, fondateur de Blade Air et dipl\u00f4m\u00e9 de l\u2019\u00c9cole Schulich des hautes \u00e9tudes commerciales<\/strong><\/p>\n<\/blockquote>\n<\/div>\n\n\n\n<div class=\"wp-block-column is-vertically-aligned-center is-layout-flow wp-block-column-is-layout-flow\" style=\"flex-basis:33.33%\">\n<figure class=\"wp-block-image size-full\"><img loading=\"lazy\" decoding=\"async\" width=\"2048\" height=\"2560\" src=\"https:\/\/www.yorku.ca\/presidentsreport2024\/wp-content\/uploads\/sites\/914\/2024\/09\/Giancarlo-Sessa-scaled.jpg\" alt=\"Giancarlo Sessa.\" class=\"wp-image-778\" style=\"aspect-ratio:1;object-fit:cover\" srcset=\"https:\/\/www.yorku.ca\/presidentsreport2024\/wp-content\/uploads\/sites\/914\/2024\/09\/Giancarlo-Sessa-scaled.jpg 2048w, https:\/\/www.yorku.ca\/presidentsreport2024\/wp-content\/uploads\/sites\/914\/2024\/09\/Giancarlo-Sessa-320x400.jpg 320w, https:\/\/www.yorku.ca\/presidentsreport2024\/wp-content\/uploads\/sites\/914\/2024\/09\/Giancarlo-Sessa-819x1024.jpg 819w, https:\/\/www.yorku.ca\/presidentsreport2024\/wp-content\/uploads\/sites\/914\/2024\/09\/Giancarlo-Sessa-1229x1536.jpg 1229w, https:\/\/www.yorku.ca\/presidentsreport2024\/wp-content\/uploads\/sites\/914\/2024\/09\/Giancarlo-Sessa-1638x2048.jpg 1638w\" sizes=\"auto, (max-width: 2048px) 100vw, 2048px\" \/><\/figure>\n<\/div>\n<\/div>\n<\/div><\/div>\n<\/div><\/div>\n\n\n\n<div style=\"height:90px\" aria-hidden=\"true\" class=\"wp-block-spacer\"><\/div>\n\n\n\n<h2 class=\"wp-block-heading pr24-section-title-alt\"><strong>Faits saillants :<\/strong> Le savoir pour l\u2019avenir<\/h2>\n\n\n<div class=\"pr24-priority-impact-stories-section\"><div class=\"pr24-priority-impact-story pr24-full-width-group\" id=\"impact-story-les-nouvelles-chaires-de-recherche-du-canada-crc-font-progresser-les-connaissances-dans-les-domaines-de-la-sante-mondiale-de-la-politique-migratoire-et-de-leducation\"><div class=\"inner wp-block-group__inner-container\"><div class=\"column\"><h3 class=\"pr24-section-title no-border\">Les nouvelles chaires de recherche du Canada (CRC) font progresser les connaissances dans les domaines de la sant\u00e9 mondiale, de la politique migratoire et de l\u2019\u00e9ducation.<\/h3><div class=\"body-text has-medium-font-size\"><p>Le leadership de York en mati\u00e8re de recherche continue d\u2019\u00eatre reconnu par des programmes de financement prestigieux comme le Programme des chaires de recherche du Canada (CRC). Godfred Boateng, professeur adjoint \u00e0 l\u2019\u00c9cole de sant\u00e9 mondiale, directeur du Laboratoire de sant\u00e9 mondiale et environnementale et membre du corps professoral de l\u2019Institut Dahdaleh pour la recherche en sant\u00e9 mondiale, a \u00e9t\u00e9 nomm\u00e9 CRC en sant\u00e9 mondiale et humanitarisme. Dans le cadre de ses recherches, M.\u00a0Boateng s\u2019int\u00e9resse aux priorit\u00e9s en mati\u00e8re de sant\u00e9 mondiale et tente de comprendre les \u00e9pid\u00e9mies synergiques li\u00e9es \u00e0 l\u2019ins\u00e9curit\u00e9 alimentaire, \u00e0 l\u2019ins\u00e9curit\u00e9 hydrique, \u00e0 l\u2019ins\u00e9curit\u00e9 \u00e9nerg\u00e9tique et \u00e0 l\u2019ins\u00e9curit\u00e9 du logement qui affectent la sant\u00e9 des personnes \u00e2g\u00e9es en Afrique subsaharienne et au Canada.<\/p>\n<p>Trois chercheurs ont vu leur chaire renouvel\u00e9e\u00a0: Ethen Tungohan (LA&amp;PS) en tant que CRC de niveau\u00a02 dans le domaine de la politique migratoire canadienne, des impacts et de l\u2019activisme; Isaac Smith (\u00c9cole de g\u00e9nie Lassonde) en tant que CRC de niveau\u00a02 dans le domaine de la science plan\u00e9taire; et Steven Connor (Science) a \u00e9t\u00e9 renouvel\u00e9 comme CRC de niveau 2 dans le domaine de la base synaptique du d\u00e9veloppement neurologique.<\/p>\n<\/div><a class=\"learn-more has-medium-font-size\" href=\"https:\/\/yfile.news.yorku.ca\/2024\/03\/13\/york-researchers-appointed-as-new-renewed-canada-research-chairs\/\">Apprenez-en plus<\/a><\/div><div class=\"column\"><figure class=\"card-thumbnail\"><img loading=\"lazy\" decoding=\"async\" width=\"593\" height=\"535\" src=\"https:\/\/www.yorku.ca\/presidentsreport2024\/wp-content\/uploads\/sites\/914\/2024\/09\/Newly-appointed-Canada-Research-Chairs-CRC-are-advancing-knowledge-in-global-health-migration-policy.jpg\" class=\"attachment-large size-large\" alt=\"Students working in a lab.\" srcset=\"https:\/\/www.yorku.ca\/presidentsreport2024\/wp-content\/uploads\/sites\/914\/2024\/09\/Newly-appointed-Canada-Research-Chairs-CRC-are-advancing-knowledge-in-global-health-migration-policy.jpg 593w, https:\/\/www.yorku.ca\/presidentsreport2024\/wp-content\/uploads\/sites\/914\/2024\/09\/Newly-appointed-Canada-Research-Chairs-CRC-are-advancing-knowledge-in-global-health-migration-policy-400x361.jpg 400w\" sizes=\"auto, (max-width: 593px) 100vw, 593px\" \/><\/figure><ul class=\"story-sdg-list\"><li class=\"story-sdg\"><a href=\" https:\/\/www.yorku.ca\/presidentsreport2024\/fr\/\/stories\/?sdg=52 \" title=\" Voir toutes les histoires marquantes pour l'ODD\"><figure class=\"story-sdg-icon\"><img decoding=\"async\" src=\" https:\/\/www.yorku.ca\/presidentsreport2024\/wp-content\/uploads\/sites\/914\/2024\/09\/F-WEB-Goal-03.png\" alt=\" Les nouvelles chaires de recherche du Canada (CRC) font progresser les connaissances dans les domaines de la sant\u00e9 mondiale, de la politique migratoire et de l\u2019\u00e9ducation. icon\" \/><\/figure><span class=\"story-sdg-title\">3. Bonne sant\u00e9 et bien-\u00eatre<\/span><\/a><\/li><\/ul><\/div><\/div><\/div><div class=\"pr24-priority-impact-story pr24-full-width-group\" id=\"impact-story-linitiative-connected-minds-esprits-branches-fete-son-premier-anniversaire\"><div class=\"inner wp-block-group__inner-container\"><div class=\"column\"><h3 class=\"pr24-section-title no-border\">L\u2019initiative Connected Minds\/Esprits branch\u00e9s f\u00eate son premier anniversaire<\/h3><div class=\"body-text has-medium-font-size\"><p>Un an apr\u00e8s son lancement, <em>Connected Minds: Neural and Machine Systems for a Healthy, Just Society<\/em> (Esprits branch\u00e9s : syst\u00e8mes neuronaux et m\u00e9caniques pour une soci\u00e9t\u00e9 saine et juste) a franchi des \u00e9tapes impressionnantes, y compris l\u2019obtention de 6 nouvelles subventions de d\u00e9marrage et 14 nouvelles embauches li\u00e9es \u00e0 la recherche, et a offert de nombreux \u00e9v\u00e9nements et ateliers de r\u00e9seautage. Connected Minds a \u00e9galement accueilli une nouvelle directrice, Pina D\u2019Agostino, une experte en propri\u00e9t\u00e9 intellectuelle, en droit et en politique de la technologie et de l\u2019innovation; elle est directrice et fondatrice de la Clinique de l\u2019innovation en mati\u00e8re de propri\u00e9t\u00e9 intellectuelle et d\u2019autres initiatives.<\/p>\n<p>Connected Minds\/Esprits branch\u00e9s est la plus importante subvention f\u00e9d\u00e9rale jamais accord\u00e9e \u00e0 York. Men\u00e9 en partenariat avec l\u2019Universit\u00e9 Queen\u2019s, le projet a b\u00e9n\u00e9fici\u00e9 d\u2019un financement total de 318,4\u00a0M$, dont 105,7\u00a0M$ provenant du Fonds d\u2019excellence en recherche Apog\u00e9e Canada. L\u2019initiative vise \u00e0 comprendre l\u2019interaction entre l\u2019humain et les technologies intelligentes afin d\u2019\u00e9clairer la recherche et les politiques visant \u00e0 att\u00e9nuer les risques li\u00e9s aux technologies \u00e9mergentes.<\/p>\n<\/div><a class=\"learn-more has-medium-font-size\" href=\"https:\/\/YFILE.NEWS.YORKU.CA\/2024\/02\/13\/CONNECTED-MINDS-ONE-YEAR-LATER\/\">Apprenez-en plus<\/a><\/div><div class=\"column\"><figure class=\"card-thumbnail\"><img loading=\"lazy\" decoding=\"async\" width=\"1024\" height=\"481\" src=\"https:\/\/www.yorku.ca\/presidentsreport2024\/wp-content\/uploads\/sites\/914\/2024\/09\/Connected-Minds-initiative-celebrates-one-year-1024x481.jpg\" class=\"attachment-large size-large\" alt=\"Photo composition of a woman with an overlay of technical schematics.\" srcset=\"https:\/\/www.yorku.ca\/presidentsreport2024\/wp-content\/uploads\/sites\/914\/2024\/09\/Connected-Minds-initiative-celebrates-one-year-1024x481.jpg 1024w, https:\/\/www.yorku.ca\/presidentsreport2024\/wp-content\/uploads\/sites\/914\/2024\/09\/Connected-Minds-initiative-celebrates-one-year-400x188.jpg 400w, https:\/\/www.yorku.ca\/presidentsreport2024\/wp-content\/uploads\/sites\/914\/2024\/09\/Connected-Minds-initiative-celebrates-one-year.jpg 1400w\" sizes=\"auto, (max-width: 1024px) 100vw, 1024px\" \/><\/figure><ul class=\"story-sdg-list\"><li class=\"story-sdg\"><a href=\" https:\/\/www.yorku.ca\/presidentsreport2024\/fr\/\/stories\/?sdg=52 \" title=\" Voir toutes les histoires marquantes pour l'ODD\"><figure class=\"story-sdg-icon\"><img decoding=\"async\" src=\" https:\/\/www.yorku.ca\/presidentsreport2024\/wp-content\/uploads\/sites\/914\/2024\/09\/F-WEB-Goal-03.png\" alt=\" L\u2019initiative Connected Minds\/Esprits branch\u00e9s f\u00eate son premier anniversaire icon\" \/><\/figure><span class=\"story-sdg-title\">3. Bonne sant\u00e9 et bien-\u00eatre<\/span><\/a><\/li><li class=\"story-sdg\"><a href=\" https:\/\/www.yorku.ca\/presidentsreport2024\/fr\/\/stories\/?sdg=59 \" title=\" Voir toutes les histoires marquantes pour l'ODD\"><figure class=\"story-sdg-icon\"><img decoding=\"async\" src=\" https:\/\/www.yorku.ca\/presidentsreport2024\/wp-content\/uploads\/sites\/914\/2024\/09\/F-WEB-Goal-10.png\" alt=\" L\u2019initiative Connected Minds\/Esprits branch\u00e9s f\u00eate son premier anniversaire icon\" \/><\/figure><span class=\"story-sdg-title\">10. In\u00e9galit\u00e9s r\u00e9duites<\/span><\/a><\/li><\/ul><\/div><\/div><\/div><div class=\"pr24-priority-impact-story pr24-full-width-group\" id=\"impact-story-examiner-les-effets-du-changement-climatique-sur-le-logement-et-la-pauvrete\"><div class=\"inner wp-block-group__inner-container\"><div class=\"column\"><h3 class=\"pr24-section-title no-border\">Examiner les effets du changement climatique sur le logement et la pauvret\u00e9<\/h3><div class=\"body-text has-medium-font-size\"><p>Une initiative d\u2019innovation sociale explore les impacts du changement climatique sur les communaut\u00e9s vuln\u00e9rables au Canada gr\u00e2ce \u00e0 un financement de 1\u00a0M$ de la Fondation Gore Mutal et \u00e0 un partenariat avec Innovation sociale Canada.<\/p>\n<p>Le financement soutient le lancement du laboratoire sur le climat et l\u2019\u00e9quit\u00e9 \u00e0 la Facult\u00e9 de changements environnementaux et urbains (EUC). La recherche est supervis\u00e9e par Niloofar Mohtat, doctorante, qui m\u00e8ne un petit groupe de dipl\u00f4m\u00e9s de l\u2019EUC pour analyser diff\u00e9rents aspects, notamment la pauvret\u00e9, et leur impact sur la r\u00e9silience des communaut\u00e9s vuln\u00e9rables face aux al\u00e9as climatiques, y compris les inondations.<\/p>\n<p>Les recherches de Mme\u00a0Mohtat, sous la supervision de la doyenne Alice J. Hovorka, portent sur la mani\u00e8re dont les politiques municipales en mati\u00e8re de logement int\u00e8grent les consid\u00e9rations climatiques et prennent en compte les vuln\u00e9rabilit\u00e9s intersectionnelles afin d\u2019att\u00e9nuer les disparit\u00e9s climatiques qui affectent les locataires et les propri\u00e9taires \u00e0 faibles revenus.<\/p>\n<\/div><a class=\"learn-more has-medium-font-size\" href=\"https:\/\/www.yorku.ca\/yfile\/2023\/10\/13\/york-to-address-climate-impact-on-vulnerable-communities\/\">Apprenez-en plus<\/a><\/div><div class=\"column\"><figure class=\"card-thumbnail\"><img loading=\"lazy\" decoding=\"async\" width=\"1024\" height=\"683\" src=\"https:\/\/www.yorku.ca\/presidentsreport2024\/wp-content\/uploads\/sites\/914\/2024\/09\/Examining-the-effects-of-climate-change-on-housing-and-poverty-1024x683.jpg\" class=\"attachment-large size-large\" alt=\"Firefighters training for a rescue operation.\" srcset=\"https:\/\/www.yorku.ca\/presidentsreport2024\/wp-content\/uploads\/sites\/914\/2024\/09\/Examining-the-effects-of-climate-change-on-housing-and-poverty-1024x683.jpg 1024w, https:\/\/www.yorku.ca\/presidentsreport2024\/wp-content\/uploads\/sites\/914\/2024\/09\/Examining-the-effects-of-climate-change-on-housing-and-poverty-400x267.jpg 400w, https:\/\/www.yorku.ca\/presidentsreport2024\/wp-content\/uploads\/sites\/914\/2024\/09\/Examining-the-effects-of-climate-change-on-housing-and-poverty-1536x1024.jpg 1536w, https:\/\/www.yorku.ca\/presidentsreport2024\/wp-content\/uploads\/sites\/914\/2024\/09\/Examining-the-effects-of-climate-change-on-housing-and-poverty-2048x1365.jpg 2048w\" sizes=\"auto, (max-width: 1024px) 100vw, 1024px\" \/><\/figure><ul class=\"story-sdg-list\"><li class=\"story-sdg\"><a href=\" https:\/\/www.yorku.ca\/presidentsreport2024\/fr\/\/stories\/?sdg=59 \" title=\" Voir toutes les histoires marquantes pour l'ODD\"><figure class=\"story-sdg-icon\"><img decoding=\"async\" src=\" https:\/\/www.yorku.ca\/presidentsreport2024\/wp-content\/uploads\/sites\/914\/2024\/09\/F-WEB-Goal-10.png\" alt=\" Examiner les effets du changement climatique sur le logement et la pauvret\u00e9 icon\" \/><\/figure><span class=\"story-sdg-title\">10. In\u00e9galit\u00e9s r\u00e9duites<\/span><\/a><\/li><li class=\"story-sdg\"><a href=\" https:\/\/www.yorku.ca\/presidentsreport2024\/fr\/\/stories\/?sdg=62 \" title=\" Voir toutes les histoires marquantes pour l'ODD\"><figure class=\"story-sdg-icon\"><img decoding=\"async\" src=\" https:\/\/www.yorku.ca\/presidentsreport2024\/wp-content\/uploads\/sites\/914\/2024\/09\/F-WEB-Goal-13.png\" alt=\" Examiner les effets du changement climatique sur le logement et la pauvret\u00e9 icon\" \/><\/figure><span class=\"story-sdg-title\">13. Lutte contre les changements climatiques<\/span><\/a><\/li><\/ul><\/div><\/div><\/div><div class=\"pr24-priority-impact-story pr24-full-width-group\" id=\"impact-story-dix-chercheurs-rejoignent-le-programme-des-chaires-de-recherche-de-york\"><div class=\"inner wp-block-group__inner-container\"><div class=\"column\"><h3 class=\"pr24-section-title no-border\">Dix chercheurs rejoignent le programme des chaires de recherche de York<\/h3><div class=\"body-text has-medium-font-size\"><p>Dix nouvelles personnes ont \u00e9t\u00e9 nomm\u00e9es <a href=\"https:\/\/yfile.news.yorku.ca\/2024\/06\/26\/york-university-announces-new-cohort-of-york-research-chairs\/\">chaires de recherche de York<\/a> (YRC), l\u2019\u00e9quivalent interne du programme CRC \u00e0 York. Les YRC m\u00e8nent des recherches dans des domaines comme les neurosciences cognitives, la justice en mati\u00e8re de genre et l\u2019\u00e9cologie mol\u00e9culaire. Parmi les 10\u00a0chaires, cinq sont financ\u00e9es par le VPRI et cinq autres par <em>Connected Minds: Neural and Machine Systems for a Healthy, Just Society<\/em>.<\/p>\n<p>La liste comprend Laura Levin et Jack Liang. Mme\u00a0Levin, professeure agr\u00e9g\u00e9e de th\u00e9\u00e2tre et de performance (AMPD), a \u00e9t\u00e9 nomm\u00e9e titulaire de la chaire de recherche York sur l\u2019art, la technologie et l\u2019activisme mondial. Son programme explore l\u2019utilisation artistique des technologies \u00e9mergentes, comme la r\u00e9alit\u00e9 \u00e9tendue et l\u2019IA, pour r\u00e9pondre \u00e0 la polarisation politique croissante et \u00e0 la d\u00e9sinformation. M.\u00a0Liang, professeur associ\u00e9 \u00e0 l\u2019\u00c9cole de g\u00e9nie Lassonde, a \u00e9t\u00e9 nomm\u00e9 YRC en g\u00e9nie logiciel pour les syst\u00e8mes \u00e0 base de mod\u00e8les de fondation. Ses recherches portent sur le d\u00e9veloppement d\u2019outils et de processus d\u2019ing\u00e9nierie avanc\u00e9s pour construire et am\u00e9liorer la qualit\u00e9 et la fiabilit\u00e9 des syst\u00e8mes d\u2019IA g\u00e9n\u00e9rative.<\/p>\n<\/div><a class=\"learn-more has-medium-font-size\" href=\"https:\/\/yfile.news.yorku.ca\/2024\/06\/26\/york-university-announces-new-cohort-of-york-research-chairs\/\">Apprenez-en plus<\/a><\/div><div class=\"column\"><figure class=\"card-thumbnail\"><img loading=\"lazy\" decoding=\"async\" width=\"800\" height=\"800\" src=\"https:\/\/www.yorku.ca\/presidentsreport2024\/wp-content\/uploads\/sites\/914\/2024\/09\/Ten-researchers-join-the-York-Research-Chairs-program-v2.png\" class=\"attachment-large size-large\" alt=\"Photo collage of York Research Chairs.\" srcset=\"https:\/\/www.yorku.ca\/presidentsreport2024\/wp-content\/uploads\/sites\/914\/2024\/09\/Ten-researchers-join-the-York-Research-Chairs-program-v2.png 800w, https:\/\/www.yorku.ca\/presidentsreport2024\/wp-content\/uploads\/sites\/914\/2024\/09\/Ten-researchers-join-the-York-Research-Chairs-program-v2-400x400.png 400w, https:\/\/www.yorku.ca\/presidentsreport2024\/wp-content\/uploads\/sites\/914\/2024\/09\/Ten-researchers-join-the-York-Research-Chairs-program-v2-150x150.png 150w\" sizes=\"auto, (max-width: 800px) 100vw, 800px\" \/><\/figure><ul class=\"story-sdg-list\"><li class=\"story-sdg\"><a href=\" https:\/\/www.yorku.ca\/presidentsreport2024\/fr\/\/stories\/?sdg=52 \" title=\" Voir toutes les histoires marquantes pour l'ODD\"><figure class=\"story-sdg-icon\"><img decoding=\"async\" src=\" https:\/\/www.yorku.ca\/presidentsreport2024\/wp-content\/uploads\/sites\/914\/2024\/09\/F-WEB-Goal-03.png\" alt=\" Dix chercheurs rejoignent le programme des chaires de recherche de York icon\" \/><\/figure><span class=\"story-sdg-title\">3. Bonne sant\u00e9 et bien-\u00eatre<\/span><\/a><\/li><li class=\"story-sdg\"><a href=\" https:\/\/www.yorku.ca\/presidentsreport2024\/fr\/\/stories\/?sdg=54 \" title=\" Voir toutes les histoires marquantes pour l'ODD\"><figure class=\"story-sdg-icon\"><img decoding=\"async\" src=\" https:\/\/www.yorku.ca\/presidentsreport2024\/wp-content\/uploads\/sites\/914\/2024\/09\/F-WEB-Goal-05.png\" alt=\" Dix chercheurs rejoignent le programme des chaires de recherche de York icon\" \/><\/figure><span class=\"story-sdg-title\">5. \u00c9galit\u00e9 entre les sexes<\/span><\/a><\/li><\/ul><\/div><\/div><\/div><div class=\"pr24-priority-impact-story pr24-full-width-group\" id=\"impact-story-york-atteint-un-niveau-record-de-financement-federal-pour-soutenir-la-recherche-en-matiere-de-sante\"><div class=\"inner wp-block-group__inner-container\"><div class=\"column\"><h3 class=\"pr24-section-title no-border\">York atteint un niveau record de financement f\u00e9d\u00e9ral pour soutenir la recherche en mati\u00e8re de sant\u00e9<\/h3><div class=\"body-text has-medium-font-size\"><p>York a obtenu un succ\u00e8s sans pr\u00e9c\u00e9dent en mati\u00e8re de financement de la recherche dans le domaine de la sant\u00e9, ce qui t\u00e9moigne de son leadership en mati\u00e8re d\u2019excellence dans ce domaine et de son engagement \u00e0 obtenir des r\u00e9sultats positifs en sant\u00e9 pour les communaut\u00e9s. Les Instituts de recherche en sant\u00e9 du Canada (IRSC) ont accord\u00e9 plus de 3\u00a0M$ \u00e0 Mark Bayfield (sciences) et \u00e0 Elham Dolatabadi, Sky Fitzpatrick, Anthony Scim\u00e8 et Jeffre Wardell (sant\u00e9) pour soutenir des initiatives de recherche dans le domaine de la sant\u00e9, \u00e0 partir de la d\u00e9couverte initiale jusqu\u2019\u00e0 l\u2019application pratique.<\/p>\n<p>Par ailleurs, les professeurs Matthias Hoben, Tamara Daly et Liane Ginsburg du ¿ì²¥ÊÓÆµ Centre for Aging Research &amp; Education (YU-CARE) <a href=\"https:\/\/yfile.news.yorku.ca\/2024\/06\/12\/york-u-profs-receive-cihr-funding-for-dementia-care-research\/\">ont re\u00e7u<\/a> 750\u00a0000\u00a0$ du programme de l\u2019Institut du vieillissement des IRSC pour comprendre l\u2019incidence des programmes de jour sur les personnes atteintes de d\u00e9mence et leurs proches aidants.<\/p>\n<\/div><a class=\"learn-more has-medium-font-size\" href=\"https:\/\/yfile.news.yorku.ca\/2024\/02\/29\/five-york-led-research-projects-receive-over-3m-in-new-cihr-funding\/\">Apprenez-en plus<\/a><\/div><div class=\"column\"><figure class=\"card-thumbnail\"><img loading=\"lazy\" decoding=\"async\" width=\"1011\" height=\"1024\" src=\"https:\/\/www.yorku.ca\/presidentsreport2024\/wp-content\/uploads\/sites\/914\/2024\/09\/York-achieves-record-level-federal-funding-to-support-health-research-1011x1024.jpg\" class=\"attachment-large size-large\" alt=\"Photo composition of a stethoscope with overlays of medical iconography.\" srcset=\"https:\/\/www.yorku.ca\/presidentsreport2024\/wp-content\/uploads\/sites\/914\/2024\/09\/York-achieves-record-level-federal-funding-to-support-health-research-1011x1024.jpg 1011w, https:\/\/www.yorku.ca\/presidentsreport2024\/wp-content\/uploads\/sites\/914\/2024\/09\/York-achieves-record-level-federal-funding-to-support-health-research-395x400.jpg 395w, https:\/\/www.yorku.ca\/presidentsreport2024\/wp-content\/uploads\/sites\/914\/2024\/09\/York-achieves-record-level-federal-funding-to-support-health-research.jpg 1432w\" sizes=\"auto, (max-width: 1011px) 100vw, 1011px\" \/><\/figure><ul class=\"story-sdg-list\"><li class=\"story-sdg\"><a href=\" https:\/\/www.yorku.ca\/presidentsreport2024\/fr\/\/stories\/?sdg=52 \" title=\" Voir toutes les histoires marquantes pour l'ODD\"><figure class=\"story-sdg-icon\"><img decoding=\"async\" src=\" https:\/\/www.yorku.ca\/presidentsreport2024\/wp-content\/uploads\/sites\/914\/2024\/09\/F-WEB-Goal-03.png\" alt=\" York atteint un niveau record de financement f\u00e9d\u00e9ral pour soutenir la recherche en mati\u00e8re de sant\u00e9 icon\" \/><\/figure><span class=\"story-sdg-title\">3. Bonne sant\u00e9 et bien-\u00eatre<\/span><\/a><\/li><\/ul><\/div><\/div><\/div><div class=\"pr24-priority-impact-story pr24-full-width-group\" id=\"impact-story-des-chercheurs-et-chercheuses-remportent-des-prix-prestigieux-pour-leurs-contributions-aux-arts-a-la-culture-et-aux-sciences-sociales\"><div class=\"inner wp-block-group__inner-container\"><div class=\"column\"><h3 class=\"pr24-section-title no-border\">Des chercheurs et chercheuses remportent des prix prestigieux pour leurs contributions aux arts, \u00e0 la culture et aux sciences sociales<\/h3><div class=\"body-text has-medium-font-size\"><p>Quatre chercheurs et chercheuses ont \u00e9t\u00e9 \u00e9lus membres de la Soci\u00e9t\u00e9 royale du Canada, l\u2019une des plus hautes distinctions du pays dans le domaine des arts, des sciences sociales et des sciences. Les laur\u00e9ats et laur\u00e9ates sont : le professeur d\u2019histoire Joshua Fogel (LA&amp;PS) pour ses recherches sur les interactions culturelles, politiques et \u00e9conomiques entre la Chine et le Japon; la professeure Sara Horowitz (LA&amp;PS) pour ses recherches sur la litt\u00e9rature de l\u2019Holocauste, les femmes survivantes, la fiction juive am\u00e9ricaine et le cin\u00e9ma isra\u00e9lien; le professeur Ali Kazimi (AMPD) pour son exploration de la race, de la justice sociale, de la migration, de l\u2019histoire et de la m\u00e9moire dans le cin\u00e9ma; et la professeure Debra Pepler (Sant\u00e9) pour ses recherches sur le harc\u00e8lement, l\u2019agression et d\u2019autres formes de violence.<\/p>\n<p>La professeure Janine Marchessault du d\u00e9partement Cin\u00e9ma et arts m\u00e9diatiques (AMPD) a \u00e9t\u00e9 d\u00e9sign\u00e9e parmi cinq laur\u00e9ats du prestigieux prix Killam\u00a02024 en sciences humaines. Ce prix r\u00e9compense son travail dans le domaine des expositions d\u2019art public communautaires et in situ, de la recherche-cr\u00e9ation et de la sensibilisation du public.<\/p>\n<p>&nbsp;<\/p>\n<\/div><a class=\"learn-more has-medium-font-size\" href=\"https:\/\/yfile.news.yorku.ca\/2023\/09\/05\/york-faculty-members-elected-to-royal-society-of-canada\/\">Apprenez-en plus<\/a><\/div><div class=\"column\"><figure class=\"card-thumbnail\"><img loading=\"lazy\" decoding=\"async\" width=\"1024\" height=\"994\" src=\"https:\/\/www.yorku.ca\/presidentsreport2024\/wp-content\/uploads\/sites\/914\/2024\/09\/Researchers-win-prestigious-awards-for-contributions-to-the-arts-culture-and-social-sciences-1024x994.jpg\" class=\"attachment-large size-large\" alt=\"York faculty member.\" srcset=\"https:\/\/www.yorku.ca\/presidentsreport2024\/wp-content\/uploads\/sites\/914\/2024\/09\/Researchers-win-prestigious-awards-for-contributions-to-the-arts-culture-and-social-sciences-1024x994.jpg 1024w, https:\/\/www.yorku.ca\/presidentsreport2024\/wp-content\/uploads\/sites\/914\/2024\/09\/Researchers-win-prestigious-awards-for-contributions-to-the-arts-culture-and-social-sciences-400x388.jpg 400w, https:\/\/www.yorku.ca\/presidentsreport2024\/wp-content\/uploads\/sites\/914\/2024\/09\/Researchers-win-prestigious-awards-for-contributions-to-the-arts-culture-and-social-sciences.jpg 1041w\" sizes=\"auto, (max-width: 1024px) 100vw, 1024px\" \/><\/figure><ul class=\"story-sdg-list\"><li class=\"story-sdg\"><a href=\" https:\/\/www.yorku.ca\/presidentsreport2024\/fr\/\/stories\/?sdg=59 \" title=\" Voir toutes les histoires marquantes pour l'ODD\"><figure class=\"story-sdg-icon\"><img decoding=\"async\" src=\" https:\/\/www.yorku.ca\/presidentsreport2024\/wp-content\/uploads\/sites\/914\/2024\/09\/F-WEB-Goal-10.png\" alt=\" Des chercheurs et chercheuses remportent des prix prestigieux pour leurs contributions aux arts, \u00e0 la culture et aux sciences sociales icon\" \/><\/figure><span class=\"story-sdg-title\">10. In\u00e9galit\u00e9s r\u00e9duites<\/span><\/a><\/li><\/ul><\/div><\/div><\/div><div class=\"pr24-priority-impact-story pr24-full-width-group\" id=\"impact-story-linitiative-de-laboratoire-vivant-favorise-des-technologies-intelligentes-de-transport-durable-pour-lontario\"><div class=\"inner wp-block-group__inner-container\"><div class=\"column\"><h3 class=\"pr24-section-title no-border\">L\u2019initiative de laboratoire vivant favorise des technologies intelligentes de transport durable pour l\u2019Ontario<\/h3><div class=\"body-text has-medium-font-size\"><p>Un r\u00e9cent projet vise \u00e0 accro\u00eetre l\u2019engagement de York dans la r\u00e9alisation des ODD, tout en offrant des options de d\u00e9placement plus \u00e9clair\u00e9es et \u00e9cologiques en Ontario. Le site Smart Mobility Applied Research and Testing \u2013 Toronto (SmartTO) de l\u2019Universit\u00e9 York est le plus r\u00e9cent site r\u00e9gional de d\u00e9veloppement technologique (SRDT). Gr\u00e2ce \u00e0 un financement de 1,5\u00a0M$ du gouvernement de l\u2019Ontario par l\u2019interm\u00e9diaire du R\u00e9seau ontarien d\u2019innovation pour les v\u00e9hicules (ROIV), le tout nouveau SRDT apportera un soutien direct aux entrepreneurs et aux petites et moyennes entreprises (PME). Cette initiative permettra \u00e0 l\u2019Ontario de continuer \u00e0 faire progresser la recherche et l\u2019innovation dans le domaine des technologies li\u00e9es aux v\u00e9hicules \u00e9lectriques, connect\u00e9s et autonomes. SmartTO, qui op\u00e8re en partenariat avec la School of Transportation du Coll\u00e8ge Centennial, collaborera avec le Bureau de la vice-pr\u00e9sidence de la recherche et de l\u2019innovation, l\u2019\u00c9cole de g\u00e9nie Lassonde et YSpace, le centre d\u2019entrepreneuriat et d\u2019innovation de l\u2019Universit\u00e9, afin d\u2019aider les entreprises en d\u00e9marrage et les PME \u00e0 saisir les occasions de d\u00e9veloppement et de commercialisation dans cet espace comp\u00e9titif.<\/p>\n<\/div><a class=\"learn-more has-medium-font-size\" href=\"https:\/\/www.yorku.ca\/news\/2024\/05\/13\/ontario-supports-the-development-of-smarter-more-sustainable-transportation-technologies-with-1-5m-in-funding-to-york-university-through-ovin\/\">Apprenez-en plus<\/a><\/div><div class=\"column\"><figure class=\"card-thumbnail\"><img loading=\"lazy\" decoding=\"async\" width=\"800\" height=\"800\" src=\"https:\/\/www.yorku.ca\/presidentsreport2024\/wp-content\/uploads\/sites\/914\/2024\/09\/Living-lab-initiative-drives-smart-sustainable-transportation-technologies-for-Ontario-v2.png\" class=\"attachment-large size-large\" alt=\"Group of York representatives standing in front of construction machinery.\" srcset=\"https:\/\/www.yorku.ca\/presidentsreport2024\/wp-content\/uploads\/sites\/914\/2024\/09\/Living-lab-initiative-drives-smart-sustainable-transportation-technologies-for-Ontario-v2.png 800w, https:\/\/www.yorku.ca\/presidentsreport2024\/wp-content\/uploads\/sites\/914\/2024\/09\/Living-lab-initiative-drives-smart-sustainable-transportation-technologies-for-Ontario-v2-400x400.png 400w, https:\/\/www.yorku.ca\/presidentsreport2024\/wp-content\/uploads\/sites\/914\/2024\/09\/Living-lab-initiative-drives-smart-sustainable-transportation-technologies-for-Ontario-v2-150x150.png 150w\" sizes=\"auto, (max-width: 800px) 100vw, 800px\" \/><\/figure><ul class=\"story-sdg-list\"><li class=\"story-sdg\"><a href=\" https:\/\/www.yorku.ca\/presidentsreport2024\/fr\/\/stories\/?sdg=52 \" title=\" Voir toutes les histoires marquantes pour l'ODD\"><figure class=\"story-sdg-icon\"><img decoding=\"async\" src=\" https:\/\/www.yorku.ca\/presidentsreport2024\/wp-content\/uploads\/sites\/914\/2024\/09\/F-WEB-Goal-03.png\" alt=\" L\u2019initiative de laboratoire vivant favorise des technologies intelligentes de transport durable pour l\u2019Ontario icon\" \/><\/figure><span class=\"story-sdg-title\">3. Bonne sant\u00e9 et bien-\u00eatre<\/span><\/a><\/li><li class=\"story-sdg\"><a href=\" https:\/\/www.yorku.ca\/presidentsreport2024\/fr\/\/stories\/?sdg=60 \" title=\" Voir toutes les histoires marquantes pour l'ODD\"><figure class=\"story-sdg-icon\"><img decoding=\"async\" src=\" https:\/\/www.yorku.ca\/presidentsreport2024\/wp-content\/uploads\/sites\/914\/2024\/09\/F-WEB-Goal-11.png\" alt=\" L\u2019initiative de laboratoire vivant favorise des technologies intelligentes de transport durable pour l\u2019Ontario icon\" \/><\/figure><span class=\"story-sdg-title\">11. Villes et communaut\u00e9s durables<\/span><\/a><\/li><li class=\"story-sdg\"><a href=\" https:\/\/www.yorku.ca\/presidentsreport2024\/fr\/\/stories\/?sdg=66 \" title=\" Voir toutes les histoires marquantes pour l'ODD\"><figure class=\"story-sdg-icon\"><img decoding=\"async\" src=\" https:\/\/www.yorku.ca\/presidentsreport2024\/wp-content\/uploads\/sites\/914\/2024\/09\/F-WEB-Goal-17.png\" alt=\" L\u2019initiative de laboratoire vivant favorise des technologies intelligentes de transport durable pour l\u2019Ontario icon\" \/><\/figure><span class=\"story-sdg-title\">17. Partenariats pour la r\u00e9alisation des objectifs<\/span><\/a><\/li><\/ul><\/div><\/div><\/div><div class=\"pr24-priority-impact-story pr24-full-width-group\" id=\"impact-story-yspace-ouvre-ses-portes-pour-soutenir-un-eventail-diversifie-de-talents\"><div class=\"inner wp-block-group__inner-container\"><div class=\"column\"><h3 class=\"pr24-section-title no-border\">YSpace ouvre ses portes pour soutenir un \u00e9ventail diversifi\u00e9 de talents<\/h3><div class=\"body-text has-medium-font-size\"><p>YSpace, le centre d\u2019entrepreneuriat de York, continue d\u2019\u00e9liminer les obstacles pour les entrepreneurs et les entreprises en d\u00e9marrage dans divers secteurs et communaut\u00e9s, y compris les technologies \u00e9mergentes, les entreprises agroalimentaires, les initiatives ax\u00e9es sur la diversit\u00e9 et les entreprises dirig\u00e9es par des membres de la communaut\u00e9 noire.<\/p>\n<p>Le cr\u00e9ateur du premier acc\u00e9l\u00e9rateur de produits alimentaires et de boissons, YSpace <a href=\"https:\/\/yfile.news.yorku.ca\/2024\/03\/05\/yspace-program-gets-for-under-represented-founders\/\">a re\u00e7u<\/a> 476\u00a0000\u00a0$ d\u2019Agriculture et Agroalimentaire Canada pour renforcer son soutien au programme d\u2019acc\u00e9l\u00e9rateur et pour soutenir plus de 100\u00a0femmes entrepreneures et chefs d\u2019entreprise racis\u00e9s. Le centre a \u00e9galement <a href=\"https:\/\/yfile.news.yorku.ca\/2024\/04\/12\/yspace-receives-funding-to-support-northern-york-region-entrepreneurs\/\">re\u00e7u un<\/a> financement de 150\u00a0000\u00a0$ du Programme de d\u00e9veloppement \u00e9conomique des collectivit\u00e9s rurales du gouvernement de l\u2019Ontario pour soutenir les petites entreprises bas\u00e9es dans la municipalit\u00e9 r\u00e9gionale York Nord.<\/p>\n<p>Par ailleurs, les dipl\u00f4m\u00e9s Yemi Ifegbuyi et Zainab Williams faisaient partie des trois premiers chefs d\u2019entreprise noirs qui ont <a href=\"https:\/\/yfile.news.yorku.ca\/2024\/02\/15\/york-entrepreneurs-recognized-by-award-prime-minister\/\">remport\u00e9 le concours d\u2019argumentaires<\/a> organis\u00e9 par la Black Entrepreneurship Alliance, en partenariat avec YSpace et le Black Creek Community Health Centre.<\/p>\n<p>En 2023-2024, <a href=\"https:\/\/www.yorku.ca\/yspace\/wp-content\/uploads\/sites\/231\/2020\/03\/YSpace-Annual-Report-23-24-2.pdf\">YSpace a soutenu<\/a> 327\u00a0nouvelles entreprises g\u00e9n\u00e9rant 34,1\u00a0M$ de revenus et cr\u00e9ant 592\u00a0emplois.<\/p>\n<\/div><a class=\"learn-more has-medium-font-size\" href=\"https:\/\/www.yorku.ca\/yspace\/wp-content\/uploads\/sites\/231\/2020\/03\/YSpace-Annual-Report-23-24-2.pdf\">Apprenez-en plus<\/a><\/div><div class=\"column\"><figure class=\"card-thumbnail\"><img loading=\"lazy\" decoding=\"async\" width=\"800\" height=\"800\" src=\"https:\/\/www.yorku.ca\/presidentsreport2024\/wp-content\/uploads\/sites\/914\/2024\/09\/YSpace-opens-doors-to-support-a-diverse-range-of-talented-entrepreneurs-v2.jpg\" class=\"attachment-large size-large\" alt=\"President Rhonda Lenton with Prime Minister Justin Trudeau and a group of students.\" srcset=\"https:\/\/www.yorku.ca\/presidentsreport2024\/wp-content\/uploads\/sites\/914\/2024\/09\/YSpace-opens-doors-to-support-a-diverse-range-of-talented-entrepreneurs-v2.jpg 800w, https:\/\/www.yorku.ca\/presidentsreport2024\/wp-content\/uploads\/sites\/914\/2024\/09\/YSpace-opens-doors-to-support-a-diverse-range-of-talented-entrepreneurs-v2-400x400.jpg 400w, https:\/\/www.yorku.ca\/presidentsreport2024\/wp-content\/uploads\/sites\/914\/2024\/09\/YSpace-opens-doors-to-support-a-diverse-range-of-talented-entrepreneurs-v2-150x150.jpg 150w\" sizes=\"auto, (max-width: 800px) 100vw, 800px\" \/><\/figure><ul class=\"story-sdg-list\"><li class=\"story-sdg\"><a href=\" https:\/\/www.yorku.ca\/presidentsreport2024\/fr\/\/stories\/?sdg=57 \" title=\" Voir toutes les histoires marquantes pour l'ODD\"><figure class=\"story-sdg-icon\"><img decoding=\"async\" src=\" https:\/\/www.yorku.ca\/presidentsreport2024\/wp-content\/uploads\/sites\/914\/2024\/09\/F-WEB-Goal-08.png\" alt=\" YSpace ouvre ses portes pour soutenir un \u00e9ventail diversifi\u00e9 de talents icon\" \/><\/figure><span class=\"story-sdg-title\">8. Travail d\u00e9cent et croissance \u00e9conomique<\/span><\/a><\/li><li class=\"story-sdg\"><a href=\" https:\/\/www.yorku.ca\/presidentsreport2024\/fr\/\/stories\/?sdg=59 \" title=\" Voir toutes les histoires marquantes pour l'ODD\"><figure class=\"story-sdg-icon\"><img decoding=\"async\" src=\" https:\/\/www.yorku.ca\/presidentsreport2024\/wp-content\/uploads\/sites\/914\/2024\/09\/F-WEB-Goal-10.png\" alt=\" YSpace ouvre ses portes pour soutenir un \u00e9ventail diversifi\u00e9 de talents icon\" \/><\/figure><span class=\"story-sdg-title\">10. In\u00e9galit\u00e9s r\u00e9duites<\/span><\/a><\/li><\/ul><\/div><\/div><\/div><\/div>\n\n\n\n<div class=\"wp-block-group pr24-full-width-group pr24-page-nav-group\"><div class=\"wp-block-group__inner-container is-layout-constrained wp-block-group-is-layout-constrained\">\n<div class=\"wp-block-columns pr24-page-nav-columns is-layout-flex wp-container-core-columns-is-layout-9d6595d7 wp-block-columns-is-layout-flex\">\n<div class=\"wp-block-column is-layout-flow wp-block-column-is-layout-flow\">\n<p><a href=\"https:\/\/www.yorku.ca\/presidentsreport2024\/fr\/lapprentissage-pour-le-21e-siecle\/\">&lt; L\u2019apprentissage pour le 21<sup>e<\/sup>&nbsp;si\u00e8cle<\/a><span style=\"font-size: medium; white-space-collapse: collapse;\"><\/span><\/p>\n<\/div>\n\n\n\n<div class=\"wp-block-column is-layout-flow wp-block-column-is-layout-flow\">\n<p class=\"has-text-align-right\"><a href=\"https:\/\/www.yorku.ca\/presidentsreport2024\/fr\/de-lacces-au-succes\/\">De l\u2019acc\u00e8s au succ\u00e8s<\/a><span style=\"font-size: medium; text-align: start; white-space-collapse: collapse;\"><\/span><a href=\"https:\/\/www.yorku.ca\/presidentsreport2024\/from-access-to-success\/\"> &gt;<\/a><\/p>\n<\/div>\n<\/div>\n<\/div><\/div>\n\n\n\n<p><\/p>\n","protected":false},"excerpt":{"rendered":"<p>Gr\u00e2ce \u00e0 la recherche interdisciplinaire et \u00e0 l\u2019innovation, notre communaut\u00e9 r\u00e9pond \u00e0 des d\u00e9fis mondiaux complexes qui vont de la r\u00e9solution de la crise de la durabilit\u00e9 de l\u2019eau \u00e0 la cr\u00e9ation de technologies \u00e9mergentes responsables, en passant par la r\u00e9duction de la pauvret\u00e9 et des in\u00e9galit\u00e9s sociales. Son programme YSpace soutient les entrepreneures \u00e9mergentes [&hellip;]<\/p>\n","protected":false},"author":190,"featured_media":758,"parent":0,"menu_order":0,"comment_status":"closed","ping_status":"closed","template":"secondary-page.php","meta":{"_acf_changed":false,"_kad_blocks_custom_css":"","_kad_blocks_head_custom_js":"","_kad_blocks_body_custom_js":"","_kad_blocks_footer_custom_js":"","footnotes":""},"tags":[],"class_list":["post-1249","page","type-page","status-publish","has-post-thumbnail","hentry"],"acf":[],"yoast_head":"<!-- This site is optimized with the Yoast SEO plugin v27.4 - https:\/\/yoast.com\/product\/yoast-seo-wordpress\/ -->\n<title>Le savoir pour l\u2019avenir - Rapport 2024 de la pr\u00e9sidente - Universit\u00e9 York<\/title>\n<meta name=\"description\" content=\"Gr\u00e2ce \u00e0 la recherche interdisciplinaire et \u00e0 l\u2019innovation, notre communaut\u00e9 r\u00e9pond \u00e0 des d\u00e9fis mondiaux complexes qui vont de la r\u00e9solution de la crise de la durabilit\u00e9 de l\u2019eau \u00e0 la cr\u00e9ation de technologies \u00e9mergentes responsables, en passant par la r\u00e9duction de la pauvret\u00e9 et des in\u00e9galit\u00e9s sociales.\" \/>\n<meta name=\"robots\" content=\"index, follow, max-snippet:-1, max-image-preview:large, max-video-preview:-1\" \/>\n<link rel=\"canonical\" href=\"https:\/\/www.yorku.ca\/presidentsreport2024\/fr\/le-savoir-pour-lavenir\/\" \/>\n<meta property=\"og:locale\" content=\"fr_FR\" \/>\n<meta property=\"og:type\" content=\"article\" \/>\n<meta property=\"og:title\" content=\"Le savoir pour l\u2019avenir - Rapport 2024 de la pr\u00e9sidente - Universit\u00e9 York\" \/>\n<meta property=\"og:description\" content=\"Gr\u00e2ce \u00e0 la recherche interdisciplinaire et \u00e0 l\u2019innovation, notre communaut\u00e9 r\u00e9pond \u00e0 des d\u00e9fis mondiaux complexes qui vont de la r\u00e9solution de la crise de la durabilit\u00e9 de l\u2019eau \u00e0 la cr\u00e9ation de technologies \u00e9mergentes responsables, en passant par la r\u00e9duction de la pauvret\u00e9 et des in\u00e9galit\u00e9s sociales.\" \/>\n<meta property=\"og:url\" content=\"https:\/\/www.yorku.ca\/presidentsreport2024\/fr\/le-savoir-pour-lavenir\/\" \/>\n<meta property=\"og:site_name\" content=\"Rapport 2024 de la pr\u00e9sidente\" \/>\n<meta property=\"article:modified_time\" content=\"2024-09-27T15:40:34+00:00\" \/>\n<meta property=\"og:image\" content=\"https:\/\/www.yorku.ca\/presidentsreport2024\/wp-content\/uploads\/sites\/914\/2024\/09\/Glendon-Creek-with-students-aerial-August-2023-1-scaled.jpeg\" \/>\n\t<meta property=\"og:image:width\" content=\"2560\" \/>\n\t<meta property=\"og:image:height\" content=\"1705\" \/>\n\t<meta property=\"og:image:type\" content=\"image\/jpeg\" \/>\n<meta name=\"twitter:card\" content=\"summary_large_image\" \/>\n<meta name=\"twitter:label1\" content=\"Dur\u00e9e de lecture estim\u00e9e\" \/>\n\t<meta name=\"twitter:data1\" content=\"2 minutes\" \/>\n<script type=\"application\/ld+json\" class=\"yoast-schema-graph\">{\"@context\":\"https:\\\/\\\/schema.org\",\"@graph\":[{\"@type\":\"WebPage\",\"@id\":\"https:\\\/\\\/www.yorku.ca\\\/presidentsreport2024\\\/fr\\\/le-savoir-pour-lavenir\\\/\",\"url\":\"https:\\\/\\\/www.yorku.ca\\\/presidentsreport2024\\\/fr\\\/le-savoir-pour-lavenir\\\/\",\"name\":\"Le savoir pour l\u2019avenir - Rapport 2024 de la pr\u00e9sidente - Universit\u00e9 York\",\"isPartOf\":{\"@id\":\"https:\\\/\\\/www.yorku.ca\\\/presidentsreport2024\\\/fr\\\/#website\"},\"primaryImageOfPage\":{\"@id\":\"https:\\\/\\\/www.yorku.ca\\\/presidentsreport2024\\\/fr\\\/le-savoir-pour-lavenir\\\/#primaryimage\"},\"image\":{\"@id\":\"https:\\\/\\\/www.yorku.ca\\\/presidentsreport2024\\\/fr\\\/le-savoir-pour-lavenir\\\/#primaryimage\"},\"thumbnailUrl\":\"https:\\\/\\\/www.yorku.ca\\\/presidentsreport2024\\\/wp-content\\\/uploads\\\/sites\\\/914\\\/2024\\\/09\\\/Glendon-Creek-with-students-aerial-August-2023-1-scaled.jpeg\",\"datePublished\":\"2024-08-23T08:51:34+00:00\",\"dateModified\":\"2024-09-27T15:40:34+00:00\",\"description\":\"Gr\u00e2ce \u00e0 la recherche interdisciplinaire et \u00e0 l\u2019innovation, notre communaut\u00e9 r\u00e9pond \u00e0 des d\u00e9fis mondiaux complexes qui vont de la r\u00e9solution de la crise de la durabilit\u00e9 de l\u2019eau \u00e0 la cr\u00e9ation de technologies \u00e9mergentes responsables, en passant par la r\u00e9duction de la pauvret\u00e9 et des in\u00e9galit\u00e9s sociales.\",\"breadcrumb\":{\"@id\":\"https:\\\/\\\/www.yorku.ca\\\/presidentsreport2024\\\/fr\\\/le-savoir-pour-lavenir\\\/#breadcrumb\"},\"inLanguage\":\"fr-FR\",\"potentialAction\":[{\"@type\":\"ReadAction\",\"target\":[\"https:\\\/\\\/www.yorku.ca\\\/presidentsreport2024\\\/fr\\\/le-savoir-pour-lavenir\\\/\"]}]},{\"@type\":\"ImageObject\",\"inLanguage\":\"fr-FR\",\"@id\":\"https:\\\/\\\/www.yorku.ca\\\/presidentsreport2024\\\/fr\\\/le-savoir-pour-lavenir\\\/#primaryimage\",\"url\":\"https:\\\/\\\/www.yorku.ca\\\/presidentsreport2024\\\/wp-content\\\/uploads\\\/sites\\\/914\\\/2024\\\/09\\\/Glendon-Creek-with-students-aerial-August-2023-1-scaled.jpeg\",\"contentUrl\":\"https:\\\/\\\/www.yorku.ca\\\/presidentsreport2024\\\/wp-content\\\/uploads\\\/sites\\\/914\\\/2024\\\/09\\\/Glendon-Creek-with-students-aerial-August-2023-1-scaled.jpeg\",\"width\":2560,\"height\":1705,\"caption\":\"Aerial shot of students in Glendon Creek.\"},{\"@type\":\"BreadcrumbList\",\"@id\":\"https:\\\/\\\/www.yorku.ca\\\/presidentsreport2024\\\/fr\\\/le-savoir-pour-lavenir\\\/#breadcrumb\",\"itemListElement\":[{\"@type\":\"ListItem\",\"position\":1,\"name\":\"Home\",\"item\":\"https:\\\/\\\/www.yorku.ca\\\/presidentsreport2024\\\/fr\\\/\"},{\"@type\":\"ListItem\",\"position\":2,\"name\":\"Le savoir pour l\u2019avenir\"}]},{\"@type\":\"WebSite\",\"@id\":\"https:\\\/\\\/www.yorku.ca\\\/presidentsreport2024\\\/fr\\\/#website\",\"url\":\"https:\\\/\\\/www.yorku.ca\\\/presidentsreport2024\\\/fr\\\/\",\"name\":\"President's Report 2024\",\"description\":\"\",\"potentialAction\":[{\"@type\":\"SearchAction\",\"target\":{\"@type\":\"EntryPoint\",\"urlTemplate\":\"https:\\\/\\\/www.yorku.ca\\\/presidentsreport2024\\\/fr\\\/?s={search_term_string}\"},\"query-input\":{\"@type\":\"PropertyValueSpecification\",\"valueRequired\":true,\"valueName\":\"search_term_string\"}}],\"inLanguage\":\"fr-FR\"}]}<\/script>\n<!-- \/ Yoast SEO plugin. -->","yoast_head_json":{"title":"Le savoir pour l\u2019avenir - Rapport 2024 de la pr\u00e9sidente - Universit\u00e9 York","description":"Gr\u00e2ce \u00e0 la recherche interdisciplinaire et \u00e0 l\u2019innovation, notre communaut\u00e9 r\u00e9pond \u00e0 des d\u00e9fis mondiaux complexes qui vont de la r\u00e9solution de la crise de la durabilit\u00e9 de l\u2019eau \u00e0 la cr\u00e9ation de technologies \u00e9mergentes responsables, en passant par la r\u00e9duction de la pauvret\u00e9 et des in\u00e9galit\u00e9s sociales.","robots":{"index":"index","follow":"follow","max-snippet":"max-snippet:-1","max-image-preview":"max-image-preview:large","max-video-preview":"max-video-preview:-1"},"canonical":"https:\/\/www.yorku.ca\/presidentsreport2024\/fr\/le-savoir-pour-lavenir\/","og_locale":"fr_FR","og_type":"article","og_title":"Le savoir pour l\u2019avenir - Rapport 2024 de la pr\u00e9sidente - Universit\u00e9 York","og_description":"Gr\u00e2ce \u00e0 la recherche interdisciplinaire et \u00e0 l\u2019innovation, notre communaut\u00e9 r\u00e9pond \u00e0 des d\u00e9fis mondiaux complexes qui vont de la r\u00e9solution de la crise de la durabilit\u00e9 de l\u2019eau \u00e0 la cr\u00e9ation de technologies \u00e9mergentes responsables, en passant par la r\u00e9duction de la pauvret\u00e9 et des in\u00e9galit\u00e9s sociales.","og_url":"https:\/\/www.yorku.ca\/presidentsreport2024\/fr\/le-savoir-pour-lavenir\/","og_site_name":"Rapport 2024 de la pr\u00e9sidente","article_modified_time":"2024-09-27T15:40:34+00:00","og_image":[{"width":2560,"height":1705,"url":"https:\/\/www.yorku.ca\/presidentsreport2024\/wp-content\/uploads\/sites\/914\/2024\/09\/Glendon-Creek-with-students-aerial-August-2023-1-scaled.jpeg","type":"image\/jpeg"}],"twitter_card":"summary_large_image","twitter_misc":{"Dur\u00e9e de lecture estim\u00e9e":"2 minutes"},"schema":{"@context":"https:\/\/schema.org","@graph":[{"@type":"WebPage","@id":"https:\/\/www.yorku.ca\/presidentsreport2024\/fr\/le-savoir-pour-lavenir\/","url":"https:\/\/www.yorku.ca\/presidentsreport2024\/fr\/le-savoir-pour-lavenir\/","name":"Le savoir pour l\u2019avenir - Rapport 2024 de la pr\u00e9sidente - Universit\u00e9 York","isPartOf":{"@id":"https:\/\/www.yorku.ca\/presidentsreport2024\/fr\/#website"},"primaryImageOfPage":{"@id":"https:\/\/www.yorku.ca\/presidentsreport2024\/fr\/le-savoir-pour-lavenir\/#primaryimage"},"image":{"@id":"https:\/\/www.yorku.ca\/presidentsreport2024\/fr\/le-savoir-pour-lavenir\/#primaryimage"},"thumbnailUrl":"https:\/\/www.yorku.ca\/presidentsreport2024\/wp-content\/uploads\/sites\/914\/2024\/09\/Glendon-Creek-with-students-aerial-August-2023-1-scaled.jpeg","datePublished":"2024-08-23T08:51:34+00:00","dateModified":"2024-09-27T15:40:34+00:00","description":"Gr\u00e2ce \u00e0 la recherche interdisciplinaire et \u00e0 l\u2019innovation, notre communaut\u00e9 r\u00e9pond \u00e0 des d\u00e9fis mondiaux complexes qui vont de la r\u00e9solution de la crise de la durabilit\u00e9 de l\u2019eau \u00e0 la cr\u00e9ation de technologies \u00e9mergentes responsables, en passant par la r\u00e9duction de la pauvret\u00e9 et des in\u00e9galit\u00e9s sociales.","breadcrumb":{"@id":"https:\/\/www.yorku.ca\/presidentsreport2024\/fr\/le-savoir-pour-lavenir\/#breadcrumb"},"inLanguage":"fr-FR","potentialAction":[{"@type":"ReadAction","target":["https:\/\/www.yorku.ca\/presidentsreport2024\/fr\/le-savoir-pour-lavenir\/"]}]},{"@type":"ImageObject","inLanguage":"fr-FR","@id":"https:\/\/www.yorku.ca\/presidentsreport2024\/fr\/le-savoir-pour-lavenir\/#primaryimage","url":"https:\/\/www.yorku.ca\/presidentsreport2024\/wp-content\/uploads\/sites\/914\/2024\/09\/Glendon-Creek-with-students-aerial-August-2023-1-scaled.jpeg","contentUrl":"https:\/\/www.yorku.ca\/presidentsreport2024\/wp-content\/uploads\/sites\/914\/2024\/09\/Glendon-Creek-with-students-aerial-August-2023-1-scaled.jpeg","width":2560,"height":1705,"caption":"Aerial shot of students in Glendon Creek."},{"@type":"BreadcrumbList","@id":"https:\/\/www.yorku.ca\/presidentsreport2024\/fr\/le-savoir-pour-lavenir\/#breadcrumb","itemListElement":[{"@type":"ListItem","position":1,"name":"Home","item":"https:\/\/www.yorku.ca\/presidentsreport2024\/fr\/"},{"@type":"ListItem","position":2,"name":"Le savoir pour l\u2019avenir"}]},{"@type":"WebSite","@id":"https:\/\/www.yorku.ca\/presidentsreport2024\/fr\/#website","url":"https:\/\/www.yorku.ca\/presidentsreport2024\/fr\/","name":"President's Report 2024","description":"","potentialAction":[{"@type":"SearchAction","target":{"@type":"EntryPoint","urlTemplate":"https:\/\/www.yorku.ca\/presidentsreport2024\/fr\/?s={search_term_string}"},"query-input":{"@type":"PropertyValueSpecification","valueRequired":true,"valueName":"search_term_string"}}],"inLanguage":"fr-FR"}]}},"taxonomy_info":[],"featured_image_src_large":["https:\/\/www.yorku.ca\/presidentsreport2024\/wp-content\/uploads\/sites\/914\/2024\/09\/Glendon-Creek-with-students-aerial-August-2023-1-1024x682.jpeg",1024,682,true],"author_info":{"display_name":"rythera","author_link":"https:\/\/www.yorku.ca\/presidentsreport2024\/fr\/author\/rythera\/"},"comment_info":"","_links":{"self":[{"href":"https:\/\/www.yorku.ca\/presidentsreport2024\/fr\/wp-json\/wp\/v2\/pages\/1249","targetHints":{"allow":["GET"]}}],"collection":[{"href":"https:\/\/www.yorku.ca\/presidentsreport2024\/fr\/wp-json\/wp\/v2\/pages"}],"about":[{"href":"https:\/\/www.yorku.ca\/presidentsreport2024\/fr\/wp-json\/wp\/v2\/types\/page"}],"author":[{"embeddable":true,"href":"https:\/\/www.yorku.ca\/presidentsreport2024\/fr\/wp-json\/wp\/v2\/users\/190"}],"replies":[{"embeddable":true,"href":"https:\/\/www.yorku.ca\/presidentsreport2024\/fr\/wp-json\/wp\/v2\/comments?post=1249"}],"version-history":[{"count":14,"href":"https:\/\/www.yorku.ca\/presidentsreport2024\/fr\/wp-json\/wp\/v2\/pages\/1249\/revisions"}],"predecessor-version":[{"id":1437,"href":"https:\/\/www.yorku.ca\/presidentsreport2024\/fr\/wp-json\/wp\/v2\/pages\/1249\/revisions\/1437"}],"wp:featuredmedia":[{"embeddable":true,"href":"https:\/\/www.yorku.ca\/presidentsreport2024\/fr\/wp-json\/wp\/v2\/media\/758"}],"wp:attachment":[{"href":"https:\/\/www.yorku.ca\/presidentsreport2024\/fr\/wp-json\/wp\/v2\/media?parent=1249"}],"wp:term":[{"taxonomy":"post_tag","embeddable":true,"href":"https:\/\/www.yorku.ca\/presidentsreport2024\/fr\/wp-json\/wp\/v2\/tags?post=1249"}],"curies":[{"name":"wp","href":"https:\/\/api.w.org\/{rel}","templated":true}]}}