  {"id":975,"date":"2020-12-17T16:24:51","date_gmt":"2020-12-17T16:24:51","guid":{"rendered":"https:\/\/www.yorku.ca\/uap2020-25\/batir-un-avenir-meilleur\/"},"modified":"2021-10-29T15:42:19","modified_gmt":"2021-10-29T15:42:19","slug":"batir-un-avenir-meilleur","status":"publish","type":"page","link":"https:\/\/www.yorku.ca\/uap2020-25\/fr\/batir-un-avenir-meilleur\/","title":{"rendered":"B\u00e2tir un avenir meilleur"},"content":{"rendered":"\n<div class=\"wp-block-group\"><div class=\"wp-block-group__inner-container is-layout-flow wp-block-group-is-layout-flow\">\n<div class=\"wp-block-cover has-background-dim yu__top-banner\"><img loading=\"lazy\" decoding=\"async\" width=\"2000\" height=\"1181\" class=\"wp-block-cover__image-background wp-image-979\" alt=\"\" src=\"https:\/\/www.yorku.ca\/uap2020-25\/wp-content\/uploads\/sites\/194\/2020\/10\/building-iStock-1175768439.jpg\" data-object-fit=\"cover\" srcset=\"https:\/\/www.yorku.ca\/uap2020-25\/wp-content\/uploads\/sites\/194\/2020\/10\/building-iStock-1175768439.jpg 2000w, https:\/\/www.yorku.ca\/uap2020-25\/wp-content\/uploads\/sites\/194\/2020\/10\/building-iStock-1175768439-300x177.jpg 300w, https:\/\/www.yorku.ca\/uap2020-25\/wp-content\/uploads\/sites\/194\/2020\/10\/building-iStock-1175768439-1024x605.jpg 1024w, https:\/\/www.yorku.ca\/uap2020-25\/wp-content\/uploads\/sites\/194\/2020\/10\/building-iStock-1175768439-768x454.jpg 768w, https:\/\/www.yorku.ca\/uap2020-25\/wp-content\/uploads\/sites\/194\/2020\/10\/building-iStock-1175768439-1536x907.jpg 1536w\" sizes=\"auto, (max-width: 2000px) 100vw, 2000px\" \/><div class=\"wp-block-cover__inner-container is-layout-flow wp-block-cover-is-layout-flow\">\n<p class=\"yu__body-intro\">Plan acad\u00e9mique 2020-2025 de l\u2019Universit\u00e9 York<\/p>\n\n\n\n<div class=\"wp-block-columns yu__two-columns row is-layout-flex wp-container-core-columns-is-layout-9d6595d7 wp-block-columns-is-layout-flex\">\n<div class=\"wp-block-column yu__tb_header col-12 col-lg-12 col-xl-6 ml-0 is-layout-flow wp-block-column-is-layout-flow\">\n<h1 class=\"yu__header1 wp-block-heading\">B\u00e2tir un avenir meilleur<\/h1>\n\n\n\n<p><\/p>\n<\/div>\n\n\n\n<div class=\"wp-block-column yu__tb_text col-12 col-lg-12 col-xl-6 ml-0 is-layout-flow wp-block-column-is-layout-flow\">\n<figure class=\"wp-block-image size-large yu__spinning-wheel rotate-lower-right-corner\"><img loading=\"lazy\" decoding=\"async\" width=\"1024\" height=\"1024\" src=\"https:\/\/www.yorku.ca\/uap2020-25\/wp-content\/uploads\/sites\/194\/2020\/10\/spinning-wheel-1024x1024.png\" alt=\"Spinning Wheel\" class=\"wp-image-957\" srcset=\"https:\/\/www.yorku.ca\/uap2020-25\/wp-content\/uploads\/sites\/194\/2020\/10\/spinning-wheel-1024x1024.png 1024w, https:\/\/www.yorku.ca\/uap2020-25\/wp-content\/uploads\/sites\/194\/2020\/10\/spinning-wheel-300x300.png 300w, https:\/\/www.yorku.ca\/uap2020-25\/wp-content\/uploads\/sites\/194\/2020\/10\/spinning-wheel-150x150.png 150w, https:\/\/www.yorku.ca\/uap2020-25\/wp-content\/uploads\/sites\/194\/2020\/10\/spinning-wheel-768x768.png 768w, https:\/\/www.yorku.ca\/uap2020-25\/wp-content\/uploads\/sites\/194\/2020\/10\/spinning-wheel-1536x1536.png 1536w, https:\/\/www.yorku.ca\/uap2020-25\/wp-content\/uploads\/sites\/194\/2020\/10\/spinning-wheel.png 2001w\" sizes=\"auto, (max-width: 1024px) 100vw, 1024px\" \/><\/figure>\n\n\n\n<p><\/p>\n<\/div>\n<\/div>\n\n\n\n<p><\/p>\n<\/div><\/div>\n<\/div><\/div>\n\n\n\n<div class=\"wp-block-group yu__paragraph container\"><div class=\"wp-block-group__inner-container is-layout-flow wp-block-group-is-layout-flow\">\n<p class=\"mb-4\">Le Plan acad\u00e9mique 2020-2025 de l\u2019Universit\u00e9 (PAU) est un appel \u00e0 une concertation en faveur de changements positifs pour notre population \u00e9tudiante, nos campus et nos communaut\u00e9s locales et mondiales.<\/p>\n\n\n\n<p class=\"mb-4\">Le lancement du PAU se produit \u00e0 un moment critique sans pr\u00e9c\u00e9dent pour la sant\u00e9, la s\u00e9curit\u00e9, le bien-\u00eatre et la compr\u00e9hension des \u00eatres humains et de la plan\u00e8te. En pleine pand\u00e9mie mondiale et \u00e0 une \u00e9poque de mobilisation internationale contre le racisme anti-Noirs, notre communaut\u00e9 de l\u2019Universit\u00e9 York fait preuve d\u2019une cr\u00e9ativit\u00e9, d\u2019une solidarit\u00e9 et d\u2019un d\u00e9vouement extraordinaires pour servir le bien public tout en veillant au bien-\u00eatre de tous et de toutes, y compris des plus marginalis\u00e9s et vuln\u00e9rables. G\u00e9n\u00e9ratrice importante de connaissances et mod\u00e8le de responsabilit\u00e9 sociale, l\u2019Universit\u00e9 York s\u2019efforce d\u2019apporter son savoir-faire pluridisciplinaire \u00e0 l\u2019\u00e9laboration de nouveaux outils et de nouvelles strat\u00e9gies pour faire face aux multiples dimensions de ces crises historiques. Malgr\u00e9 les contraintes impos\u00e9es par la distanciation physique, nous nous rassemblons r\u00e9ellement en tant que communaut\u00e9 r\u00e9siliente. Ce faisant, nous d\u00e9montrons de nouveau notre engagement en faveur d\u2019un ensemble constant et distinct de valeurs fondamentales :<\/p>\n\n\n\n<ul class=\"mb-4 wp-block-list\"><li>Nous visons l\u2019<strong>excellence<\/strong> dans l\u2019accomplissement de tous les aspects de notre mission.<\/li><li>Nous sommes <strong>progressistes,<\/strong> nous encourageons l\u2019ouverture d\u2019esprit, les approches innovantes et les solutions tourn\u00e9es vers l\u2019avenir.<\/li><li>Nous d\u00e9fendons la <strong>diversit\u00e9 et l\u2019inclusion<\/strong>, en accueillant des perspectives, des personnes et des modes de connaissance diff\u00e9rents, et en encourageant des savoirs mondiaux et des connaissances interculturelles.<\/li><li>Nous sommes passionn\u00e9s par la promotion de la <strong>justice sociale<\/strong> et de l\u2019<strong>\u00e9quit\u00e9<\/strong> gr\u00e2ce \u00e0 une vision critique, une r\u00e9solution cr\u00e9ative des probl\u00e8mes et une action socialement responsable.<\/li><li>Nous appuyons la <strong>durabilit\u00e9<\/strong> environnementale, sociale et fiscale \u2014 en tant que boussole essentielle orientant les d\u00e9cisions et les initiatives.<\/li><\/ul>\n\n\n\n<p class=\"mb-4\">Ces valeurs sont int\u00e9gr\u00e9es aux \u00e9nonc\u00e9s de mission et de vision de l\u2019Universit\u00e9 York.<\/p>\n\n\n\n<h3 class=\"wp-block-heading\"><strong>Mission<\/strong><\/h3>\n\n\n\n<p class=\"mb-4\">L\u2019Universit\u00e9 York a pour mandat d\u2019accro\u00eetre, de pr\u00e9server et de diffuser le savoir. Nous nous engageons \u00e0 ce que la recherche et l\u2019enseignement, qu\u2019ils soient purs, appliqu\u00e9s ou professionnels, se placent \u00e0 un degr\u00e9 d\u2019excellence \u00e9lev\u00e9. Nous repoussons les limites et les structures du savoir. Nous cultivons le sens critique. L\u2019Universit\u00e9 York partage avec la m\u00e9tropole de Toronto&nbsp;son caract\u00e8re dynamique et multiculturel. L\u2019Universit\u00e9 York partage avec le Canada&nbsp;son encouragement aux \u00e9tudes bilingues, son attachement \u00e0 la diversit\u00e9. L\u2019Universit\u00e9 York s\u2019ouvre sur le monde&nbsp;et s\u2019interroge sur les grandes pr\u00e9occupations internationales. Compos\u00e9e de professeurs, d\u2019\u00e9tudiants, de membres du personnel, de dipl\u00f4m\u00e9s et de personnes b\u00e9n\u00e9voles d\u00e9vou\u00e9s \u00e0 la cause de la libert\u00e9, de la justice sociale, du libre acc\u00e8s \u00e0 l\u2019enseignement et de la direction d\u00e9mocratique, l\u2019Universit\u00e9 York fait de l\u2019innovation une tradition. <em>Tentanda Via&nbsp;<\/em>: Ouvrir des voies nouvelles.<\/p>\n\n\n\n<h3 class=\"wp-block-heading\"><strong>Vision<\/strong><\/h3>\n\n\n\n<p class=\"mb-4\">L\u2019Universit\u00e9 York vise \u00e0 offrir \u00e0 une population \u00e9tudiante d\u2019une grande diversit\u00e9 sociod\u00e9mographique un acc\u00e8s \u00e0 une formation de qualit\u00e9 dans une universit\u00e9 ax\u00e9e sur la recherche qui s\u2019engage \u00e0 am\u00e9liorer le bien-\u00eatre des communaut\u00e9s qu\u2019elle sert.<\/p>\n\n\n\n<figure class=\"wp-block-image size-large yu__info-image container\"><img loading=\"lazy\" decoding=\"async\" width=\"1024\" height=\"442\" src=\"https:\/\/www.yorku.ca\/uap2020-25\/wp-content\/uploads\/sites\/194\/2020\/10\/building-LAPS_meeting-1024x442.jpg\" alt=\"People vote in a meeting.\" class=\"wp-image-977\" srcset=\"https:\/\/www.yorku.ca\/uap2020-25\/wp-content\/uploads\/sites\/194\/2020\/10\/building-LAPS_meeting-1024x442.jpg 1024w, https:\/\/www.yorku.ca\/uap2020-25\/wp-content\/uploads\/sites\/194\/2020\/10\/building-LAPS_meeting-300x129.jpg 300w, https:\/\/www.yorku.ca\/uap2020-25\/wp-content\/uploads\/sites\/194\/2020\/10\/building-LAPS_meeting-768x331.jpg 768w, https:\/\/www.yorku.ca\/uap2020-25\/wp-content\/uploads\/sites\/194\/2020\/10\/building-LAPS_meeting-1536x663.jpg 1536w, https:\/\/www.yorku.ca\/uap2020-25\/wp-content\/uploads\/sites\/194\/2020\/10\/building-LAPS_meeting.jpg 2000w\" sizes=\"auto, (max-width: 1024px) 100vw, 1024px\" \/><\/figure>\n\n\n\n<div style=\"height:30px\" aria-hidden=\"true\" class=\"wp-block-spacer\"><\/div>\n\n\n\n<h2 class=\"mb-4 wp-block-heading\"><\/h2>\n\n\n\n<h2 class=\"wp-block-heading\"><strong>La route vers 2020<\/strong><\/h2>\n\n\n\n<p class=\"mb-4\">Apr\u00e8s une d\u00e9cennie de d\u00e9veloppement rapide, York a atteint un statut d\u2019universit\u00e9 urbaine compl\u00e8te ax\u00e9e sur la recherche avec plusieurs campus. Nous r\u00e9unissons une \u00e9rudition, des d\u00e9couvertes et des cr\u00e9ations artistiques exceptionnelles avec des atouts reconnus en mati\u00e8re de recherches \u00e0 engagement communautaire en partenariat avec l\u2019industrie pour un impact social et \u00e9conomique maximal.<\/p>\n\n\n\n<p class=\"mb-4\">Nous sommes une universit\u00e9 compl\u00e8te, de plus en plus reconnue pour son excellence dans les domaines de la sant\u00e9, de l\u2019ing\u00e9nierie et des sciences, tout en restant \u00e0 la pointe des arts lib\u00e9raux, des activit\u00e9s cr\u00e9atives, des arts de la sc\u00e8ne et des \u00e9tudes professionnelles. Les nombreux atouts du campus de Keele sont rehauss\u00e9s par notre campus bilingue de Glendon, nos sites d\u2019apprentissage professionnel du centre-ville consacr\u00e9s au droit et aux affaires, notre campus d\u2019enseignement de la gestion \u00e0 Hyderabad, en Inde, et notre \u00e9cocampus \u00e0 Las Nubes, au Costa Rica.<\/p>\n\n\n\n<p class=\"mb-4\">L\u2019Universit\u00e9 York peut se vanter d\u2019avoir l\u2019un des corps \u00e9tudiants de premier et de deuxi\u00e8me cycles les plus importants et les plus diversifi\u00e9s du Canada : pr\u00e8s de 18 % d\u2019entre eux sont des \u00e9tudiantes et \u00e9tudiants internationaux. Gr\u00e2ce \u00e0 l\u2019ing\u00e9niosit\u00e9 de notre corps professoral, nous avons consid\u00e9rablement augment\u00e9 les possibilit\u00e9s pour les \u00e9tudiants et \u00e9tudiantes d\u2019acc\u00e9der \u00e0 nos programmes \u00e0 distance \u00e0 partir de n\u2019importe o\u00f9 dans le monde ainsi qu\u2019\u00e0 un apprentissage par l\u2019exp\u00e9rience gr\u00e2ce \u00e0 des stages en milieu communautaire, \u00e0 des projets int\u00e9grateurs et \u00e0 des stages de recherche. Nos \u00e9tudiants et nos \u00e9tudiantes s\u2019ouvrent \u00e0 de nouveaux programmes dans des domaines \u00e9mergents comme la sant\u00e9 mondiale, les \u00e9tudes autochtones, les m\u00e9dias num\u00e9riques et la gestion de l\u2019intelligence artificielle. Notre \u00c9cole de formation continue est vite devenue l\u2019une des plus grandes et des plus prosp\u00e8res en Am\u00e9rique du Nord, offrant des voies d\u2019acc\u00e8s flexibles et innovantes \u00e0 des \u00e9tudes aux adultes qui d\u00e9sirent r\u00e9orienter leur carri\u00e8re.<\/p>\n\n\n\n<p class=\"mb-4\">La croissance d\u2019Innovation York a fait de nous un centre r\u00e9gional florissant pour l\u2019entrepreneuriat et la mobilisation des connaissances. Nous valorisons nos liens \u00e9troits avec nos partenaires locaux et internationaux qui collaborent avec nous pour contribuer au bien-\u00eatre des gens et des communaut\u00e9s. L\u2019Universit\u00e9 York jouit d\u2019un r\u00e9seau mondial de quelque 325\u2009000 dipl\u00f4m\u00e9s dans plus de 170 pays. Nos dipl\u00f4m\u00e9s ont un impact positif sur leurs communaut\u00e9s et excellent dans tous les champs d\u2019activit\u00e9 humaine.<\/p>\n\n\n\n<div style=\"height:30px\" aria-hidden=\"true\" class=\"wp-block-spacer\"><\/div>\n\n\n\n<h2 class=\"mb-4 wp-block-heading\"><strong>Notre prochain chapitre<\/strong><\/h2>\n\n\n\n<p class=\"mb-4\">L\u2019Universit\u00e9 York entreprend une nouvelle phase d\u2019expansion raisonn\u00e9e dans des directions qui anticipent les besoins des futurs apprenants, tant au niveau local que mondial, ainsi que l\u2019\u00e9volution de la soci\u00e9t\u00e9. Nous r\u00e9affirmons notre engagement fondamental envers les arts, les sciences humaines et les sciences sociales, non seulement en tant que champs d\u2019investigation, mais aussi en tant que modes d\u2019appr\u00e9hension de l\u2019existence humaine \u00e0 ce moment d\u00e9cisif. Nous allons ouvrir un nouveau campus \u00e0 Markham ax\u00e9 sur la technologie et l\u2019entrepreneuriat. Nous allons d\u00e9velopper une zone de sant\u00e9 int\u00e9gr\u00e9e avec des partenaires \u00e0 Vaughan. Nous allons prendre des mesures pour r\u00e9aliser le potentiel des Terres d\u2019apprentissage sur notre campus phare de Keele. Nous renforcerons nos partenariats internationaux et notre profil, ainsi que la connectivit\u00e9 mondiale de nos recherches et de nos dipl\u00f4m\u00e9s. Pour r\u00e9aliser cette vision tourn\u00e9e vers l\u2019avenir, nous investirons dans un d\u00e9veloppement professionnel solide pour notre personnel enseignant ainsi que dans le renouvellement important de notre infrastructure de recherche et d\u2019enseignement, tant physique que virtuelle.<\/p>\n\n\n\n<p class=\"mb-4\">L\u2019Universit\u00e9 York a renforc\u00e9 son enseignement, sa recherche et son innovation dans le domaine de la sant\u00e9, en se fondant sur une vision d\u2019une population en meilleure sant\u00e9 avec une meilleure esp\u00e9rance de vie. Nous sommes bien plac\u00e9s pour cr\u00e9er, au fil du temps, une \u00e9cole de m\u00e9decine conforme \u00e0 cette vision pour servir l\u2019une des r\u00e9gions les plus diversifi\u00e9es et \u00e0 la croissance la plus rapide du Canada, gr\u00e2ce \u00e0 un mod\u00e8le de soins de proximit\u00e9 qui int\u00e8gre les m\u00e9decins dans des \u00e9quipes g\u00e9n\u00e9rales de promotion de la sant\u00e9 et du bien-\u00eatre.<\/p>\n\n\n\n<p class=\"mb-4\">Au cours des cinq prochaines ann\u00e9es, notre PAU tracera la voie d\u2019un changement positif par rapport aux six priorit\u00e9s qui sont \u00e0 la base de la mission, de la vision et de l\u2019identit\u00e9 de l\u2019Universit\u00e9 York. Il explique pour chaque priorit\u00e9 pourquoi il est imp\u00e9ratif d\u2019agir ainsi que les principaux objectifs qui nous guideront. La <em>concertation<\/em> est le th\u00e8me sous-jacent de ces six priorit\u00e9s, tant comme condition pr\u00e9alable que comme r\u00e9sultat de la r\u00e9alisation du Plan. Un avenir meilleur doit \u00eatre ancr\u00e9 dans des relations solides&nbsp;: entre les membres de notre propre \u00e9tablissement et de nos multiples campus, avec nos voisins les plus proches et les communaut\u00e9s autochtones, et avec nos r\u00e9seaux en croissance de partenaires proches et distants.<\/p>\n<\/div><\/div>\n\n\n\n<h4 class=\"yu__text-in-red-frame yu__out-border wp-block-heading\"><strong>Faire progresser les objectifs de d\u00e9veloppement durable<\/strong>\n\nDans un esprit de concertation, la communaut\u00e9 de York a exprim\u00e9 un vif d\u00e9sir de mobiliser nos capacit\u00e9s uniques pour nous attaquer \u00e0 certains des d\u00e9fis les plus urgents de la plan\u00e8te comme le changement climatique, les in\u00e9galit\u00e9s, la v\u00e9rit\u00e9 et la r\u00e9conciliation et les migrations forc\u00e9es, pour n\u2019en nommer que quelques-uns. Au cours des cinq prochaines ann\u00e9es, nous nous mettrons au d\u00e9fi, en tant qu\u2019universit\u00e9, d\u2019approfondir nos contributions collectives aux 17 objectifs de d\u00e9veloppement durable (ODD) des Nations Unies. Le d\u00e9fi ODD de l\u2019Universit\u00e9 York sollicitera la participation de tous les membres int\u00e9ress\u00e9s de notre communaut\u00e9. Nous sommes reconnus dans le monde entier pour l\u2019excellence de nos recherches, notre \u00e9ducation, nos innovations et notre action civique en faveur des ODD. Le d\u00e9fi ODD renforcera notre engagement et mettra en avant notre \u00e9thique distinctive en tant que communaut\u00e9 de cr\u00e9ateurs de changement.\nVous trouverez des d\u00e9tails suppl\u00e9mentaires \u00e0 la derni\u00e8re section du Plan.<\/h4>\n\n\n\n<div class=\"wp-block-group yu__paragraph container\"><div class=\"wp-block-group__inner-container is-layout-flow wp-block-group-is-layout-flow\">\n<h2 class=\"mb-4 wp-block-heading\"><strong>L\u2019\u00e9cosyst\u00e8me de planification de l\u2019Universit\u00e9 York<\/strong><\/h2>\n\n\n\n<p class=\"mb-4\">Tout en s\u2019appuyant sur le travail de transformation d\u00e9j\u00e0 en cours dans notre institution, le PAU 2020-2025 constitue un nouveau d\u00e9part. Il est con\u00e7u pour servir de m\u00e9tadocument reliant nos initiatives et plans universitaires existants pour former un ensemble coh\u00e9rent. Il int\u00e8gre et affirme le plan de recherche strat\u00e9gique de l\u2019Universit\u00e9, le cadre strat\u00e9gique autochtone, la strat\u00e9gie de durabilit\u00e9 et une nouvelle strat\u00e9gie d\u2019internationalisation et d\u2019engagement mondial, entre autres. Ces strat\u00e9gies cibl\u00e9es sont consid\u00e9r\u00e9es comme des \u00e9l\u00e9ments de planification essentiels qui compl\u00e8tent le PAU en tant que m\u00e9tadocument global, qui d\u00e9finit notre orientation pour les cinq prochaines ann\u00e9es.<\/p>\n\n\n\n<p class=\"mb-4\">Le PAU influence \u00e9galement nos plans op\u00e9rationnels et budg\u00e9taires. L\u2019Universit\u00e9 York a une r\u00e9putation de leader en mati\u00e8re de planification int\u00e9gr\u00e9e des ressources (PIR), ce qui garantit que nos strat\u00e9gies de haut niveau ne ramassent pas la poussi\u00e8re sur une tablette, mais se traduisent par des plans de mise en \u0153uvre concrets. Chaque facult\u00e9 et unit\u00e9 administrative dispose d\u2019un PIR qui d\u00e9finit les actions sp\u00e9cifiques qu\u2019elle prend pour adopter et mettre en \u0153uvre le PAU, avec des calendriers et des rapports d\u2019avancement r\u00e9guliers, de sorte que notre personnel et nos ressources financi\u00e8res sont continuellement align\u00e9s pour soutenir nos priorit\u00e9s et objectifs universitaires.<\/p>\n<\/div><\/div>\n\n\n\n<figure class=\"wp-block-image size-large yu__info-image container\"><img loading=\"lazy\" decoding=\"async\" width=\"763\" height=\"550\" src=\"https:\/\/www.yorku.ca\/uap2020-25\/wp-content\/uploads\/sites\/194\/2020\/12\/Intro-planning-ecosystem-FR-3.png\" alt=\"Intro planning ecosystem.\" class=\"wp-image-946\" srcset=\"https:\/\/www.yorku.ca\/uap2020-25\/wp-content\/uploads\/sites\/194\/2020\/12\/Intro-planning-ecosystem-FR-3.png 763w, https:\/\/www.yorku.ca\/uap2020-25\/wp-content\/uploads\/sites\/194\/2020\/12\/Intro-planning-ecosystem-FR-3-300x216.png 300w\" sizes=\"auto, (max-width: 763px) 100vw, 763px\" \/><\/figure>\n\n\n\n<div class=\"wp-block-group yu__paragraph container\"><div class=\"wp-block-group__inner-container is-layout-flow wp-block-group-is-layout-flow\">\n<h2 class=\"mb-4 wp-block-heading\"><strong>Six priorit\u00e9s d\u2019intervention<\/strong><\/h2>\n\n\n\n<p class=\"mb-4\">L\u2019Universit\u00e9 York s\u2019est depuis longtemps engag\u00e9e dans le questionnement critique et la qu\u00eate de la connaissance provenant de nombreux points de vue et modes de compr\u00e9hension. En tant que communaut\u00e9 d\u2019apprentissage, nous croyons au pouvoir de la recherche, de l\u2019\u00e9rudition, de la cr\u00e9ativit\u00e9, de l\u2019\u00e9ducation et du dialogue pour nous am\u00e9liorer et am\u00e9liorer le monde qui nous entoure. Nous sommes convaincus qu\u2019une universit\u00e9 doit \u00eatre au service de la collectivit\u00e9 et de son avenir.\n\n<\/p>\n\n\n\n<p class=\"mb-4\">Notre nouveau PAU est con\u00e7u pour d\u00e9fendre les valeurs fondamentales de l\u2019Universit\u00e9, \u00e0 un moment o\u00f9 nous faisons \u00e9voluer nos r\u00f4les et notre port\u00e9e afin d\u2019assurer que nos dipl\u00f4m\u00e9es et dipl\u00f4m\u00e9s sont pr\u00e9par\u00e9s \u00e0 un avenir marqu\u00e9 par des changements spectaculaires.<\/p>\n\n\n\n<ul class=\"wp-block-list\"><li>Les changements climatiques et environnementaux soul\u00e8vent des questions urgentes dans pratiquement tous les domaines et exigent des solutions innovantes.<\/li><li>L\u2019interconnectivit\u00e9 num\u00e9rique et la mobilit\u00e9 physique des personnes g\u00e9n\u00e8rent non seulement des complexit\u00e9s, mais aussi d\u2019immenses possibilit\u00e9s pour acc\u00e9l\u00e9rer la collaboration et la r\u00e9solution des probl\u00e8mes.<\/li><li>La technologie permet, am\u00e9liore et perturbe simultan\u00e9ment toutes les sph\u00e8res de la vie et du travail, tout en r\u00e9volutionnant notre fa\u00e7on d\u2019apprendre, de penser et de cr\u00e9er.<\/li><li>L\u2019\u00e9volution des grandes puissances et des gouvernements engendre des tensions et des in\u00e9galit\u00e9s \u00e0 l\u2019\u00e9chelle locale, d\u2019o\u00f9 la n\u00e9cessit\u00e9 d\u2019\u00e9laborer des strat\u00e9gies efficaces pour renforcer la coop\u00e9ration internationale, l\u2019inclusion \u00e9conomique et la coh\u00e9sion sociale.<\/li><li>Les imp\u00e9ratifs \u00e9thiques et moraux des mouvements sociaux \u2014 tels que #MeToo, #BlackLivesMatter, entre autres \u2014 doivent \u00e9clairer nos politiques et notre orientation en tant que communaut\u00e9 universitaire et en tant que force pour le bien dans le monde.<\/li><\/ul>\n<\/div><\/div>\n\n\n\n<div class=\"wp-block-group yu__info-block-with-arrow yu__gray\"><div class=\"wp-block-group__inner-container is-layout-flow wp-block-group-is-layout-flow\">\n<div class=\"wp-block-columns container is-layout-flex wp-container-core-columns-is-layout-9d6595d7 wp-block-columns-is-layout-flex\">\n<div class=\"wp-block-column yu__h3-block col-12 col-sm-12 col-md-6 is-layout-flow wp-block-column-is-layout-flow\">\n<p class=\"yu__info-label\">Apprenez-en plus sur<\/p>\n\n\n\n<h3 class=\"wp-block-heading\"><a href=\"https:\/\/www.yorku.ca\/uap2020-25\/fr\/six-priorites-dintervention\/\"> Nos six priorit\u00e9s d\u2019action<\/a><\/h3>\n\n\n\n<p><\/p>\n<\/div>\n\n\n\n<div class=\"wp-block-column col-12 col-sm-12 col-md-6 is-layout-flow wp-block-column-is-layout-flow\">\n<figure class=\"wp-block-image size-large\"><img loading=\"lazy\" decoding=\"async\" width=\"214\" height=\"188\" src=\"https:\/\/www.yorku.ca\/uap2020-25\/wp-content\/uploads\/sites\/194\/2020\/09\/red-arrow.png\" alt=\"Red Arrow\" class=\"wp-image-961\"\/><\/figure>\n\n\n\n<p><\/p>\n<\/div>\n<\/div>\n<\/div><\/div>\n\n\n\n<div class=\"wp-block-group yu__paragraph container\"><div class=\"wp-block-group__inner-container is-layout-flow wp-block-group-is-layout-flow\">\n<h2 class=\"mb-4 wp-block-heading\"><strong>R\u00e9pondre \u00e0 l\u2019appel : un d\u00e9fi \u00e0 l\u2019\u00e9chelle de l\u2019Universit\u00e9 pour contribuer aux objectifs de d\u00e9veloppement durable des Nations Unies<\/strong><\/h2>\n\n\n\n<p>En plus des six priorit\u00e9s fondamentales pr\u00e9c\u00e9dentes, les membres de la communaut\u00e9 de l\u2019Universit\u00e9 York ont exprim\u00e9 un vif d\u00e9sir de s\u2019attaquer aux questions pressantes de notre \u00e9poque. Les membres de la communaut\u00e9 ont mis en \u00e9vidence une s\u00e9rie d\u2019enjeux soci\u00e9taux complexes auxquels l\u2019Universit\u00e9 peut id\u00e9alement contribuer, compte tenu de notre engagement en mati\u00e8re de responsabilit\u00e9 sociale, de notre vaste r\u00e9seau de partenariats et de l\u2019excellence de notre r\u00e9flexion interdisciplinaire. Il est frappant de constater que la plupart des questions soulev\u00e9es dans ces conversations refl\u00e8tent les objectifs de d\u00e9veloppement durable (ODD) des Nations Unies, un cadre de r\u00e9f\u00e9rence qui invite les pays membres \u00e0 prendre des mesures urgentes dans 17 domaines essentiels pour assurer la paix et la prosp\u00e9rit\u00e9 des personnes et de la plan\u00e8te. L\u2019impact de la pand\u00e9mie COVID-19 souligne l\u2019urgence de ce programme.<\/p>\n<\/div><\/div>\n\n\n\n<div class=\"wp-block-group yu__info-block-with-arrow yu__gray\"><div class=\"wp-block-group__inner-container is-layout-flow wp-block-group-is-layout-flow\">\n<div class=\"wp-block-columns container is-layout-flex wp-container-core-columns-is-layout-9d6595d7 wp-block-columns-is-layout-flex\">\n<div class=\"wp-block-column yu__h3-block col-12 col-sm-12 col-md-6 is-layout-flow wp-block-column-is-layout-flow\">\n<p class=\"yu__info-label\">Apprenez-en plus sur<\/p>\n\n\n\n<h3 class=\"wp-block-heading\"><a href=\"https:\/\/www.yorku.ca\/uap2020-25\/fr\/repondre-a-lappel\/\">Contribution de York aux objectifs de d\u00e9veloppement durable de l\u2019ONU<\/a><\/h3>\n\n\n\n<p><\/p>\n<\/div>\n\n\n\n<div class=\"wp-block-column col-12 col-sm-12 col-md-6 is-layout-flow wp-block-column-is-layout-flow\">\n<figure class=\"wp-block-image size-large\"><img loading=\"lazy\" decoding=\"async\" width=\"214\" height=\"188\" src=\"https:\/\/www.yorku.ca\/uap2020-25\/wp-content\/uploads\/sites\/194\/2020\/09\/red-arrow.png\" alt=\"Red Arrow\" class=\"wp-image-961\"\/><\/figure>\n\n\n\n<p><\/p>\n<\/div>\n<\/div>\n<\/div><\/div>\n\n\n\n<div class=\"wp-block-group yu__paragraph container\"><div class=\"wp-block-group__inner-container is-layout-flow wp-block-group-is-layout-flow\">\n<h2 class=\"wp-block-heading\" id=\"mb-4\"><strong>Relever les d\u00e9fis de demain<\/strong><\/h2>\n\n\n\n<p>\u00c0 l\u2019Universit\u00e9 York, nous sommes r\u00e9put\u00e9s pour les possibilit\u00e9s que nous offrons aux \u00e9tudiants et \u00e9tudiantes de tous les horizons, pour nos perspectives progressistes et nos r\u00e9alisations r\u00e9volutionnaires, et pour notre capacit\u00e9 \u00e0 r\u00e9inventer le possible. Au cours des derniers mois, nourris par notre passion pour le service, nous avons fait preuve d\u2019une force d\u2019\u00e2me extraordinaire en nous rassemblant, en innovant et en nous adaptant. Nous en ressortirons plus forts et plus r\u00e9sistants que jamais. Alors que nous entamons notre prochain chapitre, notre PAU nous servira de boussole inspirante qui guidera nos choix et nos actions. Notre espoir est de permettre \u00e0 chaque membre de notre communaut\u00e9 de r\u00e9aliser son potentiel et de d\u00e9ployer ses talents pendant que nous cr\u00e9ons des changements positifs, au niveau local et mondial, pour notre corps \u00e9tudiant, les communaut\u00e9s que nous servons et le monde qui nous entoure.<\/p>\n\n\n\n<p><\/p>\n<\/div><\/div>\n","protected":false},"excerpt":{"rendered":"<p>Le Plan acad\u00e9mique 2020-2025 de l\u2019Universit\u00e9 (PAU) est un appel \u00e0 une concertation en faveur de changements positifs pour notre population \u00e9tudiante, nos campus et nos communaut\u00e9s locales et mondiales. Le lancement du PAU se produit \u00e0 un moment critique sans pr\u00e9c\u00e9dent pour la sant\u00e9, la s\u00e9curit\u00e9, le bien-\u00eatre et la compr\u00e9hension des \u00eatres humains [&hellip;]<\/p>\n","protected":false},"author":1,"featured_media":0,"parent":0,"menu_order":0,"comment_status":"closed","ping_status":"closed","template":"","meta":{"_kad_blocks_custom_css":"","_kad_blocks_head_custom_js":"","_kad_blocks_body_custom_js":"","_kad_blocks_footer_custom_js":"","footnotes":""},"class_list":["post-975","page","type-page","status-publish","hentry"],"taxonomy_info":[],"featured_image_src_large":false,"author_info":{"display_name":"rodp","author_link":"https:\/\/www.yorku.ca\/uap2020-25\/fr\/author\/rodp\/"},"comment_info":0,"_links":{"self":[{"href":"https:\/\/www.yorku.ca\/uap2020-25\/fr\/wp-json\/wp\/v2\/pages\/975","targetHints":{"allow":["GET"]}}],"collection":[{"href":"https:\/\/www.yorku.ca\/uap2020-25\/fr\/wp-json\/wp\/v2\/pages"}],"about":[{"href":"https:\/\/www.yorku.ca\/uap2020-25\/fr\/wp-json\/wp\/v2\/types\/page"}],"author":[{"embeddable":true,"href":"https:\/\/www.yorku.ca\/uap2020-25\/fr\/wp-json\/wp\/v2\/users\/1"}],"replies":[{"embeddable":true,"href":"https:\/\/www.yorku.ca\/uap2020-25\/fr\/wp-json\/wp\/v2\/comments?post=975"}],"version-history":[{"count":11,"href":"https:\/\/www.yorku.ca\/uap2020-25\/fr\/wp-json\/wp\/v2\/pages\/975\/revisions"}],"predecessor-version":[{"id":2584,"href":"https:\/\/www.yorku.ca\/uap2020-25\/fr\/wp-json\/wp\/v2\/pages\/975\/revisions\/2584"}],"wp:attachment":[{"href":"https:\/\/www.yorku.ca\/uap2020-25\/fr\/wp-json\/wp\/v2\/media?parent=975"}],"curies":[{"name":"wp","href":"https:\/\/api.w.org\/{rel}","templated":true}]}}