  {"id":5255,"date":"2025-03-12T12:32:27","date_gmt":"2025-03-12T16:32:27","guid":{"rendered":"https:\/\/www.yorku.ca\/well-being\/?page_id=5255"},"modified":"2025-03-12T12:47:08","modified_gmt":"2025-03-12T16:47:08","slug":"semaine-hivernale-du-bien-etre","status":"publish","type":"page","link":"https:\/\/www.yorku.ca\/well-being\/fr\/semaine-hivernale-du-bien-etre\/","title":{"rendered":"Semaine hivernale du bien-\u00eatre"},"content":{"rendered":"\n<h2 class=\"wp-block-heading\"><strong>Prendre en compte toutes les dimensions du bien-\u00eatre<\/strong><\/h2>\n\n\n\n<div class=\"wp-block-columns is-layout-flex wp-container-core-columns-is-layout-9d6595d7 wp-block-columns-is-layout-flex\">\n<div class=\"wp-block-column is-layout-flow wp-block-column-is-layout-flow\" style=\"flex-basis:66.66%\"><\/div>\n\n\n\n<div class=\"wp-block-column is-layout-flow wp-block-column-is-layout-flow\" style=\"flex-basis:33.33%\">\n<h2 class=\"wp-block-heading text-uppercase h5\">Liens Rapides<\/h2>\n\n\n\n<ul class=\"wp-block-list list-unstyled\">\n<li><a href=\"https:\/\/www.yorku.ca\"><a href=\"https:\/\/www.yorku.ca\/well-being\/fr\/la-strategie\/historique\/\" target=\"_blank\" rel=\"noreferrer noopener\">Historique du bien-\u00eatre \u00e0 York<\/a><\/a><\/li>\n\n\n\n<li><a href=\"https:\/\/www.yorku.ca\"><a href=\"https:\/\/www.yorku.ca\/well-being\/fr\/ressources\/etudiants-et-etudiantes\/\" target=\"_blank\" rel=\"noreferrer noopener\">Ressources pour la population \u00e9tudiante<\/a><\/a><\/li>\n\n\n\n<li><a href=\"https:\/\/www.yorku.ca\"><a href=\"https:\/\/www.yorku.ca\/well-being\/fr\/ressources\/corps-professoral-et-personnel\/\" target=\"_blank\" rel=\"noreferrer noopener\">Ressources pour le corps professoral et le personnel<\/a><\/a><\/li>\n\n\n\n<li><a href=\"https:\/\/www.yorku.ca\"><a href=\"https:\/\/counselling.students.yorku.ca\/\" target=\"_blank\" rel=\"noreferrer noopener\">Services de sant\u00e9, de counseling et de bien-\u00eatre \u00e9tudiant<\/a><\/a><\/li>\n<\/ul>\n<\/div>\n<\/div>\n\n\n\n<h4 class=\"wp-block-heading\"><strong>24 au 28\u00a0mars 2025<\/strong><\/h4>\n\n\n\n<p>Soyez des n\u00f4tres pour une semaine d\u2019activit\u00e9s, d\u2019exp\u00e9riences d\u2019apprentissage et d\u2019ateliers int\u00e9ressants et interactifs visant \u00e0 aider la population \u00e9tudiante, le personnel et les corps professoral et enseignant \u00e0 acc\u00e9der aux services et aux ressources qui leur permettront de s\u2019\u00e9panouir dans le cadre de leurs \u00e9tudes et de leur travail. Cours de mise en forme, ateliers de cuisine et d\u2019art, activit\u00e9s de bien-\u00eatre, de pleine conscience et de r\u00e9silience, les occasions de privil\u00e9gier votre bien-\u00eatre ne manqueront pas.<\/p>\n\n\n\n<p>Le th\u00e8me <strong>Prendre en compte toutes les dimensions du bien-\u00eatre<\/strong> refl\u00e8te l\u2019approche globale de York et met en lumi\u00e8re les diff\u00e9rents aspects et formes du bien-\u00eatre.<\/p>\n\n\n\n<p><em>La Semaine du bien-\u00eatre est parrain\u00e9e par la Fondation William et Nona Heaslip.<\/em><em><\/em><\/p>\n\n\n\n<h2 class=\"wp-block-heading\"><strong>Programme<\/strong><\/h2>\n\n\n\n<p>D\u00e9couvrez tous les \u00e9v\u00e9nements offerts\u00a0: s\u00e9minaires de d\u00e9veloppement des comp\u00e9tences, ressources de soutien sur les campus et ressources d\u2019autoassistance, activit\u00e9s cr\u00e9atives de soins personnels et bien plus. Tous ces \u00e9v\u00e9nements sont gratuits; certains sont offerts virtuellement et d\u2019autres en pr\u00e9sentiel.<\/p>\n\n\n<p><script type=\"text\/javascript\" src=\"https:\/\/events.yorku.ca\/mecExternalScript?id=25945&t=calendar\"><\/script><\/p>\n","protected":false},"excerpt":{"rendered":"<p>Prendre en compte toutes les dimensions du bien-\u00eatre Liens Rapides 24 au 28\u00a0mars 2025 Soyez des n\u00f4tres pour une semaine d\u2019activit\u00e9s, d\u2019exp\u00e9riences d\u2019apprentissage et d\u2019ateliers int\u00e9ressants et interactifs visant \u00e0 aider la population \u00e9tudiante, le personnel et les corps professoral et enseignant \u00e0 acc\u00e9der aux services et aux ressources qui leur permettront de s\u2019\u00e9panouir dans [&hellip;]<\/p>\n","protected":false},"author":2146,"featured_media":0,"parent":0,"menu_order":0,"comment_status":"closed","ping_status":"closed","template":"","meta":{"_kad_blocks_custom_css":"","_kad_blocks_head_custom_js":"","_kad_blocks_body_custom_js":"","_kad_blocks_footer_custom_js":"","footnotes":""},"tags":[],"class_list":["post-5255","page","type-page","status-publish","hentry"],"yoast_head":"<!-- This site is optimized with the Yoast SEO plugin v27.4 - https:\/\/yoast.com\/product\/yoast-seo-wordpress\/ -->\n<title>Semaine hivernale du bien-\u00eatre - Bien-\u00eatre<\/title>\n<meta name=\"robots\" content=\"index, follow, max-snippet:-1, max-image-preview:large, max-video-preview:-1\" \/>\n<link rel=\"canonical\" href=\"https:\/\/www.yorku.ca\/well-being\/fr\/semaine-hivernale-du-bien-etre\/\" \/>\n<meta property=\"og:locale\" content=\"fr_FR\" \/>\n<meta property=\"og:type\" content=\"article\" \/>\n<meta property=\"og:title\" content=\"Semaine hivernale du bien-\u00eatre - Bien-\u00eatre\" \/>\n<meta property=\"og:description\" content=\"Prendre en compte toutes les dimensions du bien-\u00eatre Liens Rapides 24 au 28\u00a0mars 2025 Soyez des n\u00f4tres pour une semaine d\u2019activit\u00e9s, d\u2019exp\u00e9riences d\u2019apprentissage et d\u2019ateliers int\u00e9ressants et interactifs visant \u00e0 aider la population \u00e9tudiante, le personnel et les corps professoral et enseignant \u00e0 acc\u00e9der aux services et aux ressources qui leur permettront de s\u2019\u00e9panouir dans [&hellip;]\" \/>\n<meta property=\"og:url\" content=\"https:\/\/www.yorku.ca\/well-being\/fr\/semaine-hivernale-du-bien-etre\/\" \/>\n<meta property=\"og:site_name\" content=\"Bien-\u00eatre\" \/>\n<meta property=\"article:modified_time\" content=\"2025-03-12T16:47:08+00:00\" \/>\n<meta name=\"twitter:card\" content=\"summary_large_image\" \/>\n<meta name=\"twitter:label1\" content=\"Dur\u00e9e de lecture estim\u00e9e\" \/>\n\t<meta name=\"twitter:data1\" content=\"1 minute\" \/>\n<script type=\"application\/ld+json\" class=\"yoast-schema-graph\">{\"@context\":\"https:\\\/\\\/schema.org\",\"@graph\":[{\"@type\":\"WebPage\",\"@id\":\"https:\\\/\\\/www.yorku.ca\\\/well-being\\\/fr\\\/semaine-hivernale-du-bien-etre\\\/\",\"url\":\"https:\\\/\\\/www.yorku.ca\\\/well-being\\\/fr\\\/semaine-hivernale-du-bien-etre\\\/\",\"name\":\"Semaine hivernale du bien-\u00eatre - Bien-\u00eatre\",\"isPartOf\":{\"@id\":\"https:\\\/\\\/www.yorku.ca\\\/well-being\\\/#website\"},\"datePublished\":\"2025-03-12T16:32:27+00:00\",\"dateModified\":\"2025-03-12T16:47:08+00:00\",\"breadcrumb\":{\"@id\":\"https:\\\/\\\/www.yorku.ca\\\/well-being\\\/fr\\\/semaine-hivernale-du-bien-etre\\\/#breadcrumb\"},\"inLanguage\":\"fr-FR\",\"potentialAction\":[{\"@type\":\"ReadAction\",\"target\":[\"https:\\\/\\\/www.yorku.ca\\\/well-being\\\/fr\\\/semaine-hivernale-du-bien-etre\\\/\"]}]},{\"@type\":\"BreadcrumbList\",\"@id\":\"https:\\\/\\\/www.yorku.ca\\\/well-being\\\/fr\\\/semaine-hivernale-du-bien-etre\\\/#breadcrumb\",\"itemListElement\":[{\"@type\":\"ListItem\",\"position\":1,\"name\":\"Home\",\"item\":\"https:\\\/\\\/www.yorku.ca\\\/well-being\\\/fr\\\/\"},{\"@type\":\"ListItem\",\"position\":2,\"name\":\"Semaine hivernale du bien-\u00eatre\"}]},{\"@type\":\"WebSite\",\"@id\":\"https:\\\/\\\/www.yorku.ca\\\/well-being\\\/#website\",\"url\":\"https:\\\/\\\/www.yorku.ca\\\/well-being\\\/\",\"name\":\"Bien-\u00eatre\",\"description\":\"\",\"potentialAction\":[{\"@type\":\"SearchAction\",\"target\":{\"@type\":\"EntryPoint\",\"urlTemplate\":\"https:\\\/\\\/www.yorku.ca\\\/well-being\\\/?s={search_term_string}\"},\"query-input\":{\"@type\":\"PropertyValueSpecification\",\"valueRequired\":true,\"valueName\":\"search_term_string\"}}],\"inLanguage\":\"fr-FR\"}]}<\/script>\n<!-- \/ Yoast SEO plugin. -->","yoast_head_json":{"title":"Semaine hivernale du bien-\u00eatre - Bien-\u00eatre","robots":{"index":"index","follow":"follow","max-snippet":"max-snippet:-1","max-image-preview":"max-image-preview:large","max-video-preview":"max-video-preview:-1"},"canonical":"https:\/\/www.yorku.ca\/well-being\/fr\/semaine-hivernale-du-bien-etre\/","og_locale":"fr_FR","og_type":"article","og_title":"Semaine hivernale du bien-\u00eatre - Bien-\u00eatre","og_description":"Prendre en compte toutes les dimensions du bien-\u00eatre Liens Rapides 24 au 28\u00a0mars 2025 Soyez des n\u00f4tres pour une semaine d\u2019activit\u00e9s, d\u2019exp\u00e9riences d\u2019apprentissage et d\u2019ateliers int\u00e9ressants et interactifs visant \u00e0 aider la population \u00e9tudiante, le personnel et les corps professoral et enseignant \u00e0 acc\u00e9der aux services et aux ressources qui leur permettront de s\u2019\u00e9panouir dans [&hellip;]","og_url":"https:\/\/www.yorku.ca\/well-being\/fr\/semaine-hivernale-du-bien-etre\/","og_site_name":"Bien-\u00eatre","article_modified_time":"2025-03-12T16:47:08+00:00","twitter_card":"summary_large_image","twitter_misc":{"Dur\u00e9e de lecture estim\u00e9e":"1 minute"},"schema":{"@context":"https:\/\/schema.org","@graph":[{"@type":"WebPage","@id":"https:\/\/www.yorku.ca\/well-being\/fr\/semaine-hivernale-du-bien-etre\/","url":"https:\/\/www.yorku.ca\/well-being\/fr\/semaine-hivernale-du-bien-etre\/","name":"Semaine hivernale du bien-\u00eatre - Bien-\u00eatre","isPartOf":{"@id":"https:\/\/www.yorku.ca\/well-being\/#website"},"datePublished":"2025-03-12T16:32:27+00:00","dateModified":"2025-03-12T16:47:08+00:00","breadcrumb":{"@id":"https:\/\/www.yorku.ca\/well-being\/fr\/semaine-hivernale-du-bien-etre\/#breadcrumb"},"inLanguage":"fr-FR","potentialAction":[{"@type":"ReadAction","target":["https:\/\/www.yorku.ca\/well-being\/fr\/semaine-hivernale-du-bien-etre\/"]}]},{"@type":"BreadcrumbList","@id":"https:\/\/www.yorku.ca\/well-being\/fr\/semaine-hivernale-du-bien-etre\/#breadcrumb","itemListElement":[{"@type":"ListItem","position":1,"name":"Home","item":"https:\/\/www.yorku.ca\/well-being\/fr\/"},{"@type":"ListItem","position":2,"name":"Semaine hivernale du bien-\u00eatre"}]},{"@type":"WebSite","@id":"https:\/\/www.yorku.ca\/well-being\/#website","url":"https:\/\/www.yorku.ca\/well-being\/","name":"Bien-\u00eatre","description":"","potentialAction":[{"@type":"SearchAction","target":{"@type":"EntryPoint","urlTemplate":"https:\/\/www.yorku.ca\/well-being\/?s={search_term_string}"},"query-input":{"@type":"PropertyValueSpecification","valueRequired":true,"valueName":"search_term_string"}}],"inLanguage":"fr-FR"}]}},"taxonomy_info":[],"featured_image_src_large":false,"author_info":{"display_name":"bindub","author_link":"https:\/\/www.yorku.ca\/well-being\/fr\/author\/bindub\/"},"comment_info":"","_links":{"self":[{"href":"https:\/\/www.yorku.ca\/well-being\/fr\/wp-json\/wp\/v2\/pages\/5255","targetHints":{"allow":["GET"]}}],"collection":[{"href":"https:\/\/www.yorku.ca\/well-being\/fr\/wp-json\/wp\/v2\/pages"}],"about":[{"href":"https:\/\/www.yorku.ca\/well-being\/fr\/wp-json\/wp\/v2\/types\/page"}],"author":[{"embeddable":true,"href":"https:\/\/www.yorku.ca\/well-being\/fr\/wp-json\/wp\/v2\/users\/2146"}],"replies":[{"embeddable":true,"href":"https:\/\/www.yorku.ca\/well-being\/fr\/wp-json\/wp\/v2\/comments?post=5255"}],"version-history":[{"count":5,"href":"https:\/\/www.yorku.ca\/well-being\/fr\/wp-json\/wp\/v2\/pages\/5255\/revisions"}],"predecessor-version":[{"id":5265,"href":"https:\/\/www.yorku.ca\/well-being\/fr\/wp-json\/wp\/v2\/pages\/5255\/revisions\/5265"}],"wp:attachment":[{"href":"https:\/\/www.yorku.ca\/well-being\/fr\/wp-json\/wp\/v2\/media?parent=5255"}],"wp:term":[{"taxonomy":"post_tag","embeddable":true,"href":"https:\/\/www.yorku.ca\/well-being\/fr\/wp-json\/wp\/v2\/tags?post=5255"}],"curies":[{"name":"wp","href":"https:\/\/api.w.org\/{rel}","templated":true}]}}