  {"version":"1.0","provider_name":"YFile","provider_url":"https:\/\/www.yorku.ca\/yfile","author_name":"alexhuls","author_url":"https:\/\/www.yorku.ca\/yfile\/author\/alexhuls\/","title":"Annonce du calendrier des f\u00eates \u00e0 York - YFile","type":"rich","width":600,"height":338,"html":"<blockquote class=\"wp-embedded-content\" data-secret=\"wpZGgv1k6K\"><a href=\"https:\/\/www.yorku.ca\/yfile\/2024\/09\/10\/annonce-du-calendrier-des-fetes-a-york\/\">Annonce du calendrier des f\u00eates \u00e0 York<\/a><\/blockquote><iframe sandbox=\"allow-scripts\" security=\"restricted\" src=\"https:\/\/www.yorku.ca\/yfile\/2024\/09\/10\/annonce-du-calendrier-des-fetes-a-york\/embed\/#?secret=wpZGgv1k6K\" width=\"600\" height=\"338\" title=\"&#8220;Annonce du calendrier des f\u00eates \u00e0 York&#8221; &#8212; YFile\" data-secret=\"wpZGgv1k6K\" frameborder=\"0\" marginwidth=\"0\" marginheight=\"0\" scrolling=\"no\" class=\"wp-embedded-content\"><\/iframe><script type=\"text\/javascript\">\n\/* <![CDATA[ *\/\n\/*! This file is auto-generated *\/\n!function(d,l){\"use strict\";l.querySelector&&d.addEventListener&&\"undefined\"!=typeof URL&&(d.wp=d.wp||{},d.wp.receiveEmbedMessage||(d.wp.receiveEmbedMessage=function(e){var t=e.data;if((t||t.secret||t.message||t.value)&&!\/[^a-zA-Z0-9]\/.test(t.secret)){for(var s,r,n,a=l.querySelectorAll('iframe[data-secret=\"'+t.secret+'\"]'),o=l.querySelectorAll('blockquote[data-secret=\"'+t.secret+'\"]'),c=new RegExp(\"^https?:$\",\"i\"),i=0;i<o.length;i++)o[i].style.display=\"none\";for(i=0;i<a.length;i++)s=a[i],e.source===s.contentWindow&&(s.removeAttribute(\"style\"),\"height\"===t.message?(1e3<(r=parseInt(t.value,10))?r=1e3:~~r<200&&(r=200),s.height=r):\"link\"===t.message&&(r=new URL(s.getAttribute(\"src\")),n=new URL(t.value),c.test(n.protocol))&&n.host===r.host&&l.activeElement===s&&(d.top.location.href=t.value))}},d.addEventListener(\"message\",d.wp.receiveEmbedMessage,!1),l.addEventListener(\"DOMContentLoaded\",function(){for(var e,t,s=l.querySelectorAll(\"iframe.wp-embedded-content\"),r=0;r<s.length;r++)(t=(e=s[r]).getAttribute(\"data-secret\"))||(t=Math.random().toString(36).substring(2,12),e.src+=\"#?secret=\"+t,e.setAttribute(\"data-secret\",t)),e.contentWindow.postMessage({message:\"ready\",secret:t},\"*\")},!1)))}(window,document);\n\/\/# sourceURL=https:\/\/www.yorku.ca\/yfile\/wp-includes\/js\/wp-embed.min.js\n\/* ]]> *\/\n<\/script>\n","thumbnail_url":"https:\/\/www.yorku.ca\/yfile\/wp-content\/uploads\/sites\/889\/2023\/10\/pexels-ketut-subiyanto-4559983-scaled-e1696968124829.jpg","thumbnail_width":2560,"thumbnail_height":857,"description":"Chers coll\u00e8gues, ch\u00e8res coll\u00e8gues, L\u2019Universit\u00e9 a approuv\u00e9 r\u00e9cemment l\u2019horaire des f\u00eates&nbsp;2024. Vous pouvez le consulter ici. Horaire des f\u00eates&nbsp;2024 \u00e0 York Jour de cong\u00e9 pay\u00e9 Veille de No\u00ebl Jour de cong\u00e9 pay\u00e9 Jour de No\u00ebl Jour de cong\u00e9 pay\u00e9 Lendemain de No\u00ebl Jour de cong\u00e9 accord\u00e9 Jour de cong\u00e9 accord\u00e9 Jour de cong\u00e9 accord\u00e9 Jour [&hellip;]"}