  {"version":"1.0","provider_name":"YFile","provider_url":"https:\/\/www.yorku.ca\/yfile","author_name":"ashleygc","author_url":"https:\/\/www.yorku.ca\/yfile\/author\/ashleygc\/","title":"Nomination de la nouvelle secr\u00e9taire de l\u2019Universit\u00e9 - YFile","type":"rich","width":600,"height":338,"html":"<blockquote class=\"wp-embedded-content\" data-secret=\"Vc7yihDtk2\"><a href=\"https:\/\/www.yorku.ca\/yfile\/2025\/05\/07\/nomination-de-la-nouvelle-secretaire-de-luniversite\/\">Nomination de la nouvelle secr\u00e9taire de l\u2019Universit\u00e9<\/a><\/blockquote><iframe sandbox=\"allow-scripts\" security=\"restricted\" src=\"https:\/\/www.yorku.ca\/yfile\/2025\/05\/07\/nomination-de-la-nouvelle-secretaire-de-luniversite\/embed\/#?secret=Vc7yihDtk2\" width=\"600\" height=\"338\" title=\"&#8220;Nomination de la nouvelle secr\u00e9taire de l\u2019Universit\u00e9&#8221; &#8212; YFile\" data-secret=\"Vc7yihDtk2\" frameborder=\"0\" marginwidth=\"0\" marginheight=\"0\" scrolling=\"no\" class=\"wp-embedded-content\"><\/iframe><script type=\"text\/javascript\">\n\/* <![CDATA[ *\/\n\/*! This file is auto-generated *\/\n!function(d,l){\"use strict\";l.querySelector&&d.addEventListener&&\"undefined\"!=typeof URL&&(d.wp=d.wp||{},d.wp.receiveEmbedMessage||(d.wp.receiveEmbedMessage=function(e){var t=e.data;if((t||t.secret||t.message||t.value)&&!\/[^a-zA-Z0-9]\/.test(t.secret)){for(var s,r,n,a=l.querySelectorAll('iframe[data-secret=\"'+t.secret+'\"]'),o=l.querySelectorAll('blockquote[data-secret=\"'+t.secret+'\"]'),c=new RegExp(\"^https?:$\",\"i\"),i=0;i<o.length;i++)o[i].style.display=\"none\";for(i=0;i<a.length;i++)s=a[i],e.source===s.contentWindow&&(s.removeAttribute(\"style\"),\"height\"===t.message?(1e3<(r=parseInt(t.value,10))?r=1e3:~~r<200&&(r=200),s.height=r):\"link\"===t.message&&(r=new URL(s.getAttribute(\"src\")),n=new URL(t.value),c.test(n.protocol))&&n.host===r.host&&l.activeElement===s&&(d.top.location.href=t.value))}},d.addEventListener(\"message\",d.wp.receiveEmbedMessage,!1),l.addEventListener(\"DOMContentLoaded\",function(){for(var e,t,s=l.querySelectorAll(\"iframe.wp-embedded-content\"),r=0;r<s.length;r++)(t=(e=s[r]).getAttribute(\"data-secret\"))||(t=Math.random().toString(36).substring(2,12),e.src+=\"#?secret=\"+t,e.setAttribute(\"data-secret\",t)),e.contentWindow.postMessage({message:\"ready\",secret:t},\"*\")},!1)))}(window,document);\n\/\/# sourceURL=https:\/\/www.yorku.ca\/yfile\/wp-includes\/js\/wp-embed.min.js\n\/* ]]> *\/\n<\/script>\n","thumbnail_url":"https:\/\/www.yorku.ca\/yfile\/wp-content\/uploads\/sites\/889\/2023\/08\/aerial_ross-east.jpg","thumbnail_width":1152,"thumbnail_height":384,"description":"Chers coll\u00e8gues, ch\u00e8res coll\u00e8gues, Pour faire suite \u00e0 mon annonce de d\u00e9cembre 2024 au sujet du d\u00e9part de Pascal Robichaud, j\u2019ai le plaisir d\u2019annoncer qu\u2019apr\u00e8s une recherche exhaustive et comp\u00e9titive, Sarah Willey-Thomas se joindra \u00e0 nous en tant que secr\u00e9taire de l\u2019Universit\u00e9 York, \u00e0 compter du 12&nbsp;mai 2025. Sarah Willey-Thomas est une professionnelle de la [&hellip;]"}